{"id":10076,"date":"2025-12-12T10:35:24","date_gmt":"2025-12-12T13:35:24","guid":{"rendered":"https:\/\/amplitudmodulada.com.ar\/?page_id=10076"},"modified":"2025-12-12T10:46:40","modified_gmt":"2025-12-12T13:46:40","slug":"noticia14061","status":"publish","type":"page","link":"https:\/\/amplitudmodulada.com.ar\/index.php\/noticia14061\/","title":{"rendered":"LRA18 Radio Nacional R\u00edo Turbio form\u00f3 parte de la primera emisi\u00f3n de &#8220;Aire Nacional&#8221;"},"content":{"rendered":"\n<figure class=\"wp-block-image size-full\"><img loading=\"lazy\" decoding=\"async\" width=\"110\" height=\"110\" src=\"http:\/\/amplitudmodulada.com.ar\/wp-content\/uploads\/2024\/10\/LRA-e1728000015658.jpg\" alt=\"\" class=\"wp-image-4179\"\/><\/figure>\n\n\n\n<p>LRA18 Radio Nacional R\u00edo Turbio tuvo una participaci\u00f3n especial en la primera emisi\u00f3n de esta nueva temporada del programa &#8220;Aire Nacional&#8221;, que se emite en d\u00faplex por la Televisi\u00f3n P\u00fablica y Radio Nacional.<\/p>\n\n\n\n<p>Durante el mismo se puso en valor el patrimonio natural y cultural de la Cuenca Carbon\u00edfera.<\/p>\n\n\n\n<p>La intervenci\u00f3n de la emisora p\u00fablica de R\u00edo Turbio gir\u00f3 en torno a uno de los acontecimientos ambientales m\u00e1s resonantes de los \u00faltimos d\u00edas: la liberaci\u00f3n del j\u00f3ven c\u00f3ndor Walaq en la localidad de 28 de Noviembre, un hecho que tuvo repercusi\u00f3n nacional e internacional.<\/p>\n\n\n\n<p>Durante la transmisi\u00f3n, Fabiana P\u00e9rez, periodista y locutora de Radio Nacional R\u00edo Turbio, y Sebasti\u00e1n Basalo, conductor de &#8220;Aire Nacional&#8221;, dialogaron con Franco Paz, especialista en trekking y orn\u00edtolog\u00eda y presidente de Somos Huellas Patag\u00f3nicas, quien comparti\u00f3 detalles del reciente trabajo de censo de aves realizado en la regi\u00f3n.<\/p>\n\n\n\n<p>La participaci\u00f3n de Radio Nacional R\u00edo Turbio permiti\u00f3 mostrar a todo el pa\u00eds la riqueza natural, la identidad y el trabajo comunitario que caracterizan a la Cuenca Carbon\u00edfera.<\/p>\n\n\n\n<p>El programa &#8220;Aire Nacional&#8221; se emite de lunes a viernes de 9.00 a 10.00 horas.<\/p>\n\n\n\n<p>Fuente: <a href=\"http:\/\/www.diarioelcondor.com.ar\" data-type=\"link\" data-id=\"www.diarioelcondor.com.ar\" target=\"_blank\" rel=\"noreferrer noopener\">www.diarioelcondor.com.ar<\/a> | R\u00edo Turbio &#8211; Santa Cruz | 01.12.25<\/p>\n","protected":false},"excerpt":{"rendered":"<p>LRA18 Radio Nacional R\u00edo Turbio tuvo una participaci\u00f3n especial en la primera emisi\u00f3n de esta nueva temporada del programa &#8220;Aire Nacional&#8221;, que se emite en d\u00faplex por la Televisi\u00f3n P\u00fablica y Radio Nacional. Durante el mismo se puso en valor el patrimonio natural y cultural de la Cuenca Carbon\u00edfera. La intervenci\u00f3n de la emisora p\u00fablica &hellip; <a href=\"https:\/\/amplitudmodulada.com.ar\/index.php\/noticia14061\/\" class=\"more-link\">Continu\u00e1 leyendo <span class=\"screen-reader-text\">LRA18 Radio Nacional R\u00edo Turbio form\u00f3 parte de la primera emisi\u00f3n de &#8220;Aire Nacional&#8221;<\/span><\/a><\/p>\n","protected":false},"author":1,"featured_media":0,"parent":0,"menu_order":0,"comment_status":"closed","ping_status":"closed","template":"","meta":{"footnotes":""},"class_list":["post-10076","page","type-page","status-publish","hentry"],"_links":{"self":[{"href":"https:\/\/amplitudmodulada.com.ar\/index.php\/wp-json\/wp\/v2\/pages\/10076","targetHints":{"allow":["GET"]}}],"collection":[{"href":"https:\/\/amplitudmodulada.com.ar\/index.php\/wp-json\/wp\/v2\/pages"}],"about":[{"href":"https:\/\/amplitudmodulada.com.ar\/index.php\/wp-json\/wp\/v2\/types\/page"}],"author":[{"embeddable":true,"href":"https:\/\/amplitudmodulada.com.ar\/index.php\/wp-json\/wp\/v2\/users\/1"}],"replies":[{"embeddable":true,"href":"https:\/\/amplitudmodulada.com.ar\/index.php\/wp-json\/wp\/v2\/comments?post=10076"}],"version-history":[{"count":4,"href":"https:\/\/amplitudmodulada.com.ar\/index.php\/wp-json\/wp\/v2\/pages\/10076\/revisions"}],"predecessor-version":[{"id":10083,"href":"https:\/\/amplitudmodulada.com.ar\/index.php\/wp-json\/wp\/v2\/pages\/10076\/revisions\/10083"}],"wp:attachment":[{"href":"https:\/\/amplitudmodulada.com.ar\/index.php\/wp-json\/wp\/v2\/media?parent=10076"}],"curies":[{"name":"wp","href":"https:\/\/api.w.org\/{rel}","templated":true}]}}