{"id":10241,"date":"2025-12-20T15:52:11","date_gmt":"2025-12-20T18:52:11","guid":{"rendered":"https:\/\/amplitudmodulada.com.ar\/?page_id=10241"},"modified":"2025-12-20T16:29:28","modified_gmt":"2025-12-20T19:29:28","slug":"noticia14079","status":"publish","type":"page","link":"https:\/\/amplitudmodulada.com.ar\/index.php\/noticia14079\/","title":{"rendered":"LU20 Radio Chubut lanza su programaci\u00f3n de verano"},"content":{"rendered":"\n<figure class=\"wp-block-image size-full\"><img loading=\"lazy\" decoding=\"async\" width=\"110\" height=\"110\" src=\"http:\/\/amplitudmodulada.com.ar\/wp-content\/uploads\/2025\/01\/LU20-e1737994192499.jpg\" alt=\"\" class=\"wp-image-5795\"\/><\/figure>\n\n\n\n<p>LU20 Radio Chubut pone al aire este lunes 15 de diciembre su Programaci\u00f3n de Verano 2025\/2026, con ajustes horarios, nuevas propuestas y la apuesta de atravesar la temporada estival con informaci\u00f3n y entretenimiento.<\/p>\n\n\n\n<p>De lunes a viernes &#8220;Redacci\u00f3n 20&#8221; ajustar\u00e1 su duraci\u00f3n y se emitir\u00e1 de 6.00 a 9.00 horas, con la conducci\u00f3n de Federico S\u00e1nchez hasta el 23 de enero.<\/p>\n\n\n\n<p>A partir del lunes 26 de enero, Carlos Di Filippo retomar\u00e1 la conducci\u00f3n habitual.<\/p>\n\n\n\n<p>Desde las 9.00 y hasta las 13.00 horas llegar\u00e1 &#8220;Ma\u00f1ana por Delante&#8221;, con Mat\u00edas Garc\u00eda y Gonzalo Quiroz.<\/p>\n\n\n\n<p>Luego del &#8220;Mensajero al Poblador Rural&#8221; ser\u00e1 el momento de &#8220;Compacto de Noticias&#8221; y, desde las 13.30 horas, de &#8220;El Bazar&#8221;.<\/p>\n\n\n\n<p>De 14.00 a 16.30 horas se emitir\u00e1 &#8220;Todo lo que Est\u00e1 Bien&#8221;, con Oscar Leiva y, luego del &#8220;Mensajero al Poblador Rural&#8221; de las 16.30, hasta las 18.00 horas se reubicar\u00e1n los espacios tradicionales: &#8220;La Nueva Tierra&#8221;, los lunes, &#8220;Arreando Majadas&#8221;, los martes y jueves, &#8220;R\u00edo Testigo&#8221;, los mi\u00e9rcoles, y &#8220;La Hora Galesa&#8221;, los viernes.<\/p>\n\n\n\n<p>Fuente: <a href=\"http:\/\/www.radiochubut.com\" data-type=\"link\" data-id=\"www.radiochubut.com\" target=\"_blank\" rel=\"noreferrer noopener\">www.radiochubut.com<\/a> | Trelew &#8211; Chubut | 15.12.25<\/p>\n","protected":false},"excerpt":{"rendered":"<p>LU20 Radio Chubut pone al aire este lunes 15 de diciembre su Programaci\u00f3n de Verano 2025\/2026, con ajustes horarios, nuevas propuestas y la apuesta de atravesar la temporada estival con informaci\u00f3n y entretenimiento. De lunes a viernes &#8220;Redacci\u00f3n 20&#8221; ajustar\u00e1 su duraci\u00f3n y se emitir\u00e1 de 6.00 a 9.00 horas, con la conducci\u00f3n de Federico &hellip; <a href=\"https:\/\/amplitudmodulada.com.ar\/index.php\/noticia14079\/\" class=\"more-link\">Continu\u00e1 leyendo <span class=\"screen-reader-text\">LU20 Radio Chubut lanza su programaci\u00f3n de verano<\/span><\/a><\/p>\n","protected":false},"author":1,"featured_media":0,"parent":0,"menu_order":0,"comment_status":"closed","ping_status":"closed","template":"","meta":{"footnotes":""},"class_list":["post-10241","page","type-page","status-publish","hentry"],"_links":{"self":[{"href":"https:\/\/amplitudmodulada.com.ar\/index.php\/wp-json\/wp\/v2\/pages\/10241","targetHints":{"allow":["GET"]}}],"collection":[{"href":"https:\/\/amplitudmodulada.com.ar\/index.php\/wp-json\/wp\/v2\/pages"}],"about":[{"href":"https:\/\/amplitudmodulada.com.ar\/index.php\/wp-json\/wp\/v2\/types\/page"}],"author":[{"embeddable":true,"href":"https:\/\/amplitudmodulada.com.ar\/index.php\/wp-json\/wp\/v2\/users\/1"}],"replies":[{"embeddable":true,"href":"https:\/\/amplitudmodulada.com.ar\/index.php\/wp-json\/wp\/v2\/comments?post=10241"}],"version-history":[{"count":3,"href":"https:\/\/amplitudmodulada.com.ar\/index.php\/wp-json\/wp\/v2\/pages\/10241\/revisions"}],"predecessor-version":[{"id":10246,"href":"https:\/\/amplitudmodulada.com.ar\/index.php\/wp-json\/wp\/v2\/pages\/10241\/revisions\/10246"}],"wp:attachment":[{"href":"https:\/\/amplitudmodulada.com.ar\/index.php\/wp-json\/wp\/v2\/media?parent=10241"}],"curies":[{"name":"wp","href":"https:\/\/api.w.org\/{rel}","templated":true}]}}