{"id":10589,"date":"2026-01-18T13:04:23","date_gmt":"2026-01-18T16:04:23","guid":{"rendered":"https:\/\/amplitudmodulada.com.ar\/?page_id=10589"},"modified":"2026-01-18T13:17:54","modified_gmt":"2026-01-18T16:17:54","slug":"noticia14125","status":"publish","type":"page","link":"https:\/\/amplitudmodulada.com.ar\/index.php\/noticia14125\/","title":{"rendered":"LT7 Radio Provincia de Corrientes estar\u00e1 presente en el Festival Nacional del Chamam\u00e9"},"content":{"rendered":"\n<figure class=\"wp-block-image size-full\"><img loading=\"lazy\" decoding=\"async\" width=\"160\" height=\"80\" src=\"http:\/\/amplitudmodulada.com.ar\/wp-content\/uploads\/2024\/04\/LT7-e1713914355626.png\" alt=\"\" class=\"wp-image-1723\"\/><\/figure>\n\n\n\n<p>LT7 Radio Nacional de Corrientes estar\u00e1 presente en la 35\u00ba edici\u00f3n de la Fiesta Nacional del Chamam\u00e9, que comenzar\u00e1 este viernes 16 de enero, y transmitir\u00e1 por primera vez este a\u00f1o tambi\u00e9n a trav\u00e9s de su canal de YouTube.<\/p>\n\n\n\n<p>Esta novedad permitir\u00e1 que audiencias de todo el pa\u00eds y el exterior sigan en vivo las diez noches del festival desde el Anfiteatro Mario del Tr\u00e1nsito Cocomarola.<\/p>\n\n\n\n<p>La edici\u00f3n 2026 de este tradicional festival se llevar\u00e1 a cabo en la ciudad de Corrientes a partir de este viernes y hasta el domingo 25 de enero, con una programaci\u00f3n que celebra la m\u00fasica, la danza y las ra\u00edces culturales del litoral argentino.<\/p>\n\n\n\n<p>El evento re\u00fane a destacados artistas folcl\u00f3ricos, agrupaciones tradicionales y delegaciones del Mercosur, con espect\u00e1culos en vivo, ballets folcl\u00f3ricos, homenajes a referentes del g\u00e9nero y actividades para toda la familia.<\/p>\n\n\n\n<p>La iniciativa de Radio Provincia de Corrientes de transmitir tambi\u00e9n por YouTube responde a la creciente demanda de contenidos digitales y expande la difusi\u00f3n del festival m\u00e1s all\u00e1 de la cobertura convencional en radio y televisi\u00f3n abierta.<\/p>\n\n\n\n<p>Fuente: <a href=\"http:\/\/www.lt7noticias.com\" data-type=\"link\" data-id=\"www.lt7noticias.com\" target=\"_blank\" rel=\"noreferrer noopener\">www.lt7noticias.com<\/a> | Corrientes &#8211; Corrientes | 16.01.26<\/p>\n\n\n\n<p><\/p>\n","protected":false},"excerpt":{"rendered":"<p>LT7 Radio Nacional de Corrientes estar\u00e1 presente en la 35\u00ba edici\u00f3n de la Fiesta Nacional del Chamam\u00e9, que comenzar\u00e1 este viernes 16 de enero, y transmitir\u00e1 por primera vez este a\u00f1o tambi\u00e9n a trav\u00e9s de su canal de YouTube. Esta novedad permitir\u00e1 que audiencias de todo el pa\u00eds y el exterior sigan en vivo las &hellip; <a href=\"https:\/\/amplitudmodulada.com.ar\/index.php\/noticia14125\/\" class=\"more-link\">Continu\u00e1 leyendo <span class=\"screen-reader-text\">LT7 Radio Provincia de Corrientes estar\u00e1 presente en el Festival Nacional del Chamam\u00e9<\/span><\/a><\/p>\n","protected":false},"author":1,"featured_media":0,"parent":0,"menu_order":0,"comment_status":"closed","ping_status":"closed","template":"","meta":{"footnotes":""},"class_list":["post-10589","page","type-page","status-publish","hentry"],"_links":{"self":[{"href":"https:\/\/amplitudmodulada.com.ar\/index.php\/wp-json\/wp\/v2\/pages\/10589","targetHints":{"allow":["GET"]}}],"collection":[{"href":"https:\/\/amplitudmodulada.com.ar\/index.php\/wp-json\/wp\/v2\/pages"}],"about":[{"href":"https:\/\/amplitudmodulada.com.ar\/index.php\/wp-json\/wp\/v2\/types\/page"}],"author":[{"embeddable":true,"href":"https:\/\/amplitudmodulada.com.ar\/index.php\/wp-json\/wp\/v2\/users\/1"}],"replies":[{"embeddable":true,"href":"https:\/\/amplitudmodulada.com.ar\/index.php\/wp-json\/wp\/v2\/comments?post=10589"}],"version-history":[{"count":3,"href":"https:\/\/amplitudmodulada.com.ar\/index.php\/wp-json\/wp\/v2\/pages\/10589\/revisions"}],"predecessor-version":[{"id":10595,"href":"https:\/\/amplitudmodulada.com.ar\/index.php\/wp-json\/wp\/v2\/pages\/10589\/revisions\/10595"}],"wp:attachment":[{"href":"https:\/\/amplitudmodulada.com.ar\/index.php\/wp-json\/wp\/v2\/media?parent=10589"}],"curies":[{"name":"wp","href":"https:\/\/api.w.org\/{rel}","templated":true}]}}