{"id":10651,"date":"2026-01-21T21:23:50","date_gmt":"2026-01-22T00:23:50","guid":{"rendered":"https:\/\/amplitudmodulada.com.ar\/?page_id=10651"},"modified":"2026-01-21T21:31:52","modified_gmt":"2026-01-22T00:31:52","slug":"noticia14132","status":"publish","type":"page","link":"https:\/\/amplitudmodulada.com.ar\/index.php\/noticia14132\/","title":{"rendered":"Pablo Duggan debut\u00f3 en las ma\u00f1anas de Radio 10"},"content":{"rendered":"\n<figure class=\"wp-block-image size-full\"><img loading=\"lazy\" decoding=\"async\" width=\"126\" height=\"80\" src=\"http:\/\/amplitudmodulada.com.ar\/wp-content\/uploads\/2024\/01\/710-e1704587121920.png\" alt=\"\" class=\"wp-image-122\"\/><\/figure>\n\n\n\n<p>Tras la salida de Jorge Rial de la denominada segunda ma\u00f1ana de LRL202 Radio 10, el periodista Pablo Duggan se hizo cargo desde la semana pasada de esa franja horaria, de lunes a viernes de 10.00 a 13.00 horas.<\/p>\n\n\n\n<p>En &#8220;Todo es Posible&#8221;, Pablo Duggan est\u00e1 acompa\u00f1ado por los periodistas Rosario Ayerdi, Lola Cordero, Rosal\u00eda Constantino y Diego Arvily.<\/p>\n\n\n\n<p>En tanto, el lunes 9 de febrero el periodista Juan Amor\u00edn comenzar\u00e1 a conducir en Radio 10 &#8220;Un D\u00eda Perfecto&#8221; de lunes a viernes de 18.00 a 20.00 horas.<\/p>\n\n\n\n<p>El equipo de &#8220;Un D\u00eda Perfecto&#8221; estar\u00e1 integrado por Flor Guti\u00e9rrez, Pablo Ib\u00e1\u00f1ez, Mauro Federico, Diego Arvily y Patricia P\u00e9rez.<\/p>\n\n\n\n<p>Fuente: <a href=\"http:\/\/www.lanacion.com.ar\" data-type=\"link\" data-id=\"www.lanacion.com.ar\" target=\"_blank\" rel=\"noreferrer noopener\">www.lanacion.com.ar<\/a> | Ciudad Aut\u00f3noma de Buenos Aires | 20.01.26 <\/p>\n\n\n\n<p><\/p>\n","protected":false},"excerpt":{"rendered":"<p>Tras la salida de Jorge Rial de la denominada segunda ma\u00f1ana de LRL202 Radio 10, el periodista Pablo Duggan se hizo cargo desde la semana pasada de esa franja horaria, de lunes a viernes de 10.00 a 13.00 horas. En &#8220;Todo es Posible&#8221;, Pablo Duggan est\u00e1 acompa\u00f1ado por los periodistas Rosario Ayerdi, Lola Cordero, Rosal\u00eda &hellip; <a href=\"https:\/\/amplitudmodulada.com.ar\/index.php\/noticia14132\/\" class=\"more-link\">Continu\u00e1 leyendo <span class=\"screen-reader-text\">Pablo Duggan debut\u00f3 en las ma\u00f1anas de Radio 10<\/span><\/a><\/p>\n","protected":false},"author":1,"featured_media":0,"parent":0,"menu_order":0,"comment_status":"closed","ping_status":"closed","template":"","meta":{"footnotes":""},"class_list":["post-10651","page","type-page","status-publish","hentry"],"_links":{"self":[{"href":"https:\/\/amplitudmodulada.com.ar\/index.php\/wp-json\/wp\/v2\/pages\/10651","targetHints":{"allow":["GET"]}}],"collection":[{"href":"https:\/\/amplitudmodulada.com.ar\/index.php\/wp-json\/wp\/v2\/pages"}],"about":[{"href":"https:\/\/amplitudmodulada.com.ar\/index.php\/wp-json\/wp\/v2\/types\/page"}],"author":[{"embeddable":true,"href":"https:\/\/amplitudmodulada.com.ar\/index.php\/wp-json\/wp\/v2\/users\/1"}],"replies":[{"embeddable":true,"href":"https:\/\/amplitudmodulada.com.ar\/index.php\/wp-json\/wp\/v2\/comments?post=10651"}],"version-history":[{"count":3,"href":"https:\/\/amplitudmodulada.com.ar\/index.php\/wp-json\/wp\/v2\/pages\/10651\/revisions"}],"predecessor-version":[{"id":10656,"href":"https:\/\/amplitudmodulada.com.ar\/index.php\/wp-json\/wp\/v2\/pages\/10651\/revisions\/10656"}],"wp:attachment":[{"href":"https:\/\/amplitudmodulada.com.ar\/index.php\/wp-json\/wp\/v2\/media?parent=10651"}],"curies":[{"name":"wp","href":"https:\/\/api.w.org\/{rel}","templated":true}]}}