{"id":10659,"date":"2026-01-22T09:46:55","date_gmt":"2026-01-22T12:46:55","guid":{"rendered":"https:\/\/amplitudmodulada.com.ar\/?page_id=10659"},"modified":"2026-01-22T09:55:35","modified_gmt":"2026-01-22T12:55:35","slug":"noticia14133","status":"publish","type":"page","link":"https:\/\/amplitudmodulada.com.ar\/index.php\/noticia14133\/","title":{"rendered":"Juan Carlos Toti Pasman estar\u00e1 en las ma\u00f1anas de Radio La Red"},"content":{"rendered":"\n<figure class=\"wp-block-image size-full\"><img loading=\"lazy\" decoding=\"async\" width=\"174\" height=\"70\" src=\"http:\/\/amplitudmodulada.com.ar\/wp-content\/uploads\/2024\/07\/910-e1721926290452.png\" alt=\"\" class=\"wp-image-2752\"\/><\/figure>\n\n\n\n<p>Seg\u00fan destaca este martes el diario La Naci\u00f3n, el periodista Juan Carlos Toti Pasman estar\u00e1 en LR5 Radio La Red en la denominada segunda ma\u00f1ana, de lunes a viernes de 9.00 a 12.00 horas, con su ciclo &#8220;Pasman 910&#8221;.<\/p>\n\n\n\n<p>El debut de &#8220;Pasman 910&#8221; est\u00e1 previsto para el lunes 9 o 16 de febrero.<\/p>\n\n\n\n<p>Con la llegada de Juan Carlos Toti Pasman a las ma\u00f1anas de Radio La Red, el programa &#8220;L\u00f3pez 910&#8221;, que conduce Gustavo L\u00f3pez, se emitir\u00e1 de lunes a viernes de 12.00 a 14.00 horas.<\/p>\n\n\n\n<p>En tanto, el programa &#8220;F\u00fatbol 910&#8221;, que conduc\u00eda Juan Carlos Toti Pasman de lunes a viernes de 21.00 a 24.00 horas, estar\u00e1 a cargo de Hugo Balasone.<\/p>\n\n\n\n<p>Fuente: <a href=\"http:\/\/www.lanacion.com.ar\" data-type=\"link\" data-id=\"www.lanacion.com.ar\" target=\"_blank\" rel=\"noreferrer noopener\">www.lanacion.com.ar<\/a> | Ciudad Aut\u00f3noma de Buenos Aires | 20.01.26<\/p>\n\n\n\n<p> <\/p>\n\n\n\n<p><\/p>\n","protected":false},"excerpt":{"rendered":"<p>Seg\u00fan destaca este martes el diario La Naci\u00f3n, el periodista Juan Carlos Toti Pasman estar\u00e1 en LR5 Radio La Red en la denominada segunda ma\u00f1ana, de lunes a viernes de 9.00 a 12.00 horas, con su ciclo &#8220;Pasman 910&#8221;. El debut de &#8220;Pasman 910&#8221; est\u00e1 previsto para el lunes 9 o 16 de febrero. Con &hellip; <a href=\"https:\/\/amplitudmodulada.com.ar\/index.php\/noticia14133\/\" class=\"more-link\">Continu\u00e1 leyendo <span class=\"screen-reader-text\">Juan Carlos Toti Pasman estar\u00e1 en las ma\u00f1anas de Radio La Red<\/span><\/a><\/p>\n","protected":false},"author":1,"featured_media":0,"parent":0,"menu_order":0,"comment_status":"closed","ping_status":"closed","template":"","meta":{"footnotes":""},"class_list":["post-10659","page","type-page","status-publish","hentry"],"_links":{"self":[{"href":"https:\/\/amplitudmodulada.com.ar\/index.php\/wp-json\/wp\/v2\/pages\/10659","targetHints":{"allow":["GET"]}}],"collection":[{"href":"https:\/\/amplitudmodulada.com.ar\/index.php\/wp-json\/wp\/v2\/pages"}],"about":[{"href":"https:\/\/amplitudmodulada.com.ar\/index.php\/wp-json\/wp\/v2\/types\/page"}],"author":[{"embeddable":true,"href":"https:\/\/amplitudmodulada.com.ar\/index.php\/wp-json\/wp\/v2\/users\/1"}],"replies":[{"embeddable":true,"href":"https:\/\/amplitudmodulada.com.ar\/index.php\/wp-json\/wp\/v2\/comments?post=10659"}],"version-history":[{"count":2,"href":"https:\/\/amplitudmodulada.com.ar\/index.php\/wp-json\/wp\/v2\/pages\/10659\/revisions"}],"predecessor-version":[{"id":10662,"href":"https:\/\/amplitudmodulada.com.ar\/index.php\/wp-json\/wp\/v2\/pages\/10659\/revisions\/10662"}],"wp:attachment":[{"href":"https:\/\/amplitudmodulada.com.ar\/index.php\/wp-json\/wp\/v2\/media?parent=10659"}],"curies":[{"name":"wp","href":"https:\/\/api.w.org\/{rel}","templated":true}]}}