{"id":10666,"date":"2026-01-22T10:58:20","date_gmt":"2026-01-22T13:58:20","guid":{"rendered":"https:\/\/amplitudmodulada.com.ar\/?page_id=10666"},"modified":"2026-01-22T11:21:49","modified_gmt":"2026-01-22T14:21:49","slug":"noticia14135","status":"publish","type":"page","link":"https:\/\/amplitudmodulada.com.ar\/index.php\/noticia14135\/","title":{"rendered":"Ariel Tarico se suma a las ma\u00f1anas de Radio Mitre"},"content":{"rendered":"\n<figure class=\"wp-block-image size-large is-resized\"><img loading=\"lazy\" decoding=\"async\" width=\"1024\" height=\"532\" src=\"http:\/\/amplitudmodulada.com.ar\/wp-content\/uploads\/2024\/01\/790-1024x532.png\" alt=\"\" class=\"wp-image-268\" style=\"width:134px;height:auto\"\/><\/figure>\n\n\n\n<p>El humorista Ariel Tarico se suma a las ma\u00f1anas de LR6 Radio Mitre. Estar\u00e1 a partir del lunes 2 de febrero en el pase entre los programas que conducen Eduardo Feinmann y Marcelo Bonelli en esa emisora.<\/p>\n\n\n\n<p>Ariel Tarico fue presentado este mi\u00e9rcoles por Mar\u00eda Isabel S\u00e1nchez en el programa &#8220;Encendidos en la Tarde&#8221;, quien confirm\u00f3 que el humorista formar\u00e1 parte del pase entre los ciclos &#8220;Alguien Tiene que Decirlo&#8221; y &#8220;Nuestra Ma\u00f1ana&#8221;.<\/p>\n\n\n\n<p>La conductora de &#8220;Encendidos en la Tarde&#8221; anunci\u00f3 que &#8220;a las diez menos diez de la ma\u00f1ana el pase va a tener nada m\u00e1s ni nada menos que al se\u00f1or Tarico&#8221;<\/p>\n\n\n\n<p> &#8220;Estoy con mucha emoci\u00f3n. La verdad que linda noticia&#8221;, respondi\u00f3, visiblemente emocionado, el humorista.<\/p>\n\n\n\n<p>En ese sentido, al referirse a su admiraci\u00f3n por Rolo Villar a\u00f1adi\u00f3 que &#8220;esto es un sue\u00f1o de la vida de compartir un estudio con mi gran maestro&#8221; y asegur\u00f3 que &#8220;para m\u00ed esto es un sue\u00f1o cumplido&#8221;.<\/p>\n\n\n\n<p>Fuente: <a href=\"http:\/\/www.radiomitre.com.ar\" data-type=\"link\" data-id=\"www.radiomitre.com.ar\" target=\"_blank\" rel=\"noreferrer noopener\">www.radiomitre.com.ar<\/a> | Ciudad Aut\u00f3noma de Buenos Aires | 21.01.26<\/p>\n\n\n\n<p><\/p>\n","protected":false},"excerpt":{"rendered":"<p>El humorista Ariel Tarico se suma a las ma\u00f1anas de LR6 Radio Mitre. Estar\u00e1 a partir del lunes 2 de febrero en el pase entre los programas que conducen Eduardo Feinmann y Marcelo Bonelli en esa emisora. Ariel Tarico fue presentado este mi\u00e9rcoles por Mar\u00eda Isabel S\u00e1nchez en el programa &#8220;Encendidos en la Tarde&#8221;, quien &hellip; <a href=\"https:\/\/amplitudmodulada.com.ar\/index.php\/noticia14135\/\" class=\"more-link\">Continu\u00e1 leyendo <span class=\"screen-reader-text\">Ariel Tarico se suma a las ma\u00f1anas de Radio Mitre<\/span><\/a><\/p>\n","protected":false},"author":1,"featured_media":0,"parent":0,"menu_order":0,"comment_status":"closed","ping_status":"closed","template":"","meta":{"footnotes":""},"class_list":["post-10666","page","type-page","status-publish","hentry"],"_links":{"self":[{"href":"https:\/\/amplitudmodulada.com.ar\/index.php\/wp-json\/wp\/v2\/pages\/10666","targetHints":{"allow":["GET"]}}],"collection":[{"href":"https:\/\/amplitudmodulada.com.ar\/index.php\/wp-json\/wp\/v2\/pages"}],"about":[{"href":"https:\/\/amplitudmodulada.com.ar\/index.php\/wp-json\/wp\/v2\/types\/page"}],"author":[{"embeddable":true,"href":"https:\/\/amplitudmodulada.com.ar\/index.php\/wp-json\/wp\/v2\/users\/1"}],"replies":[{"embeddable":true,"href":"https:\/\/amplitudmodulada.com.ar\/index.php\/wp-json\/wp\/v2\/comments?post=10666"}],"version-history":[{"count":4,"href":"https:\/\/amplitudmodulada.com.ar\/index.php\/wp-json\/wp\/v2\/pages\/10666\/revisions"}],"predecessor-version":[{"id":10674,"href":"https:\/\/amplitudmodulada.com.ar\/index.php\/wp-json\/wp\/v2\/pages\/10666\/revisions\/10674"}],"wp:attachment":[{"href":"https:\/\/amplitudmodulada.com.ar\/index.php\/wp-json\/wp\/v2\/media?parent=10666"}],"curies":[{"name":"wp","href":"https:\/\/api.w.org\/{rel}","templated":true}]}}