{"id":10690,"date":"2026-01-22T21:13:01","date_gmt":"2026-01-23T00:13:01","guid":{"rendered":"https:\/\/amplitudmodulada.com.ar\/?page_id=10690"},"modified":"2026-01-22T21:20:52","modified_gmt":"2026-01-23T00:20:52","slug":"noticia14137","status":"publish","type":"page","link":"https:\/\/amplitudmodulada.com.ar\/index.php\/noticia14137\/","title":{"rendered":"LV11 Radio Santiago del Estero estar\u00e1 presente en el debut de Central C\u00f3rdoba"},"content":{"rendered":"\n<figure class=\"wp-block-image size-full\"><img loading=\"lazy\" decoding=\"async\" width=\"171\" height=\"100\" src=\"http:\/\/amplitudmodulada.com.ar\/wp-content\/uploads\/2024\/05\/LV11-e1714598560483.png\" alt=\"\" class=\"wp-image-1835\"\/><\/figure>\n\n\n\n<p>LV11 Radio Santiago del Estero estar\u00e1 presente este jueves 22 de enero en el debut de Central C\u00f3rdoba en la Liga Profesional 2026, que se concretar\u00e1 esta noche ante Gimnasia y Esgrima de Mendoza.<\/p>\n\n\n\n<p>Con los relatos de Alfonso D\u00edaz y los comentarios de Iv\u00e1n Arias, los oyentes de Radio Santiago del Estero podr\u00e1n seguir las alternativas del partido a trav\u00e9s de las dos se\u00f1ales de la emisora, 890 Khz. y 88.1 Mhz.<\/p>\n\n\n\n<p>El partido podr\u00e1 seguirse, adem\u00e1s, a trav\u00e9s del portal de Radio Santiago del Estero, <a href=\"http:\/\/www.lv11.com.ar\" data-type=\"link\" data-id=\"www.lv11.com.ar\" target=\"_blank\" rel=\"noreferrer noopener\">www.lv11.com.ar<\/a>.<\/p>\n\n\n\n<p>Fundada el 29 de marzo de 1970, Radio Santiago del Estero es la \u00fanica emisora privada de Amplitud Modulada de la provincia.<\/p>\n\n\n\n<p>Fuente: <a href=\"http:\/\/www.nuevodiarioweb.com.ar\" data-type=\"link\" data-id=\"www.nuevodiarioweb.com.ar\" target=\"_blank\" rel=\"noreferrer noopener\">www.nuevodiarioweb.com.ar<\/a> | Santiago del Estero &#8211; Santiago del Estero | 22.01.26<\/p>\n\n\n\n<p><\/p>\n","protected":false},"excerpt":{"rendered":"<p>LV11 Radio Santiago del Estero estar\u00e1 presente este jueves 22 de enero en el debut de Central C\u00f3rdoba en la Liga Profesional 2026, que se concretar\u00e1 esta noche ante Gimnasia y Esgrima de Mendoza. Con los relatos de Alfonso D\u00edaz y los comentarios de Iv\u00e1n Arias, los oyentes de Radio Santiago del Estero podr\u00e1n seguir &hellip; <a href=\"https:\/\/amplitudmodulada.com.ar\/index.php\/noticia14137\/\" class=\"more-link\">Continu\u00e1 leyendo <span class=\"screen-reader-text\">LV11 Radio Santiago del Estero estar\u00e1 presente en el debut de Central C\u00f3rdoba<\/span><\/a><\/p>\n","protected":false},"author":1,"featured_media":0,"parent":0,"menu_order":0,"comment_status":"closed","ping_status":"closed","template":"","meta":{"footnotes":""},"class_list":["post-10690","page","type-page","status-publish","hentry"],"_links":{"self":[{"href":"https:\/\/amplitudmodulada.com.ar\/index.php\/wp-json\/wp\/v2\/pages\/10690","targetHints":{"allow":["GET"]}}],"collection":[{"href":"https:\/\/amplitudmodulada.com.ar\/index.php\/wp-json\/wp\/v2\/pages"}],"about":[{"href":"https:\/\/amplitudmodulada.com.ar\/index.php\/wp-json\/wp\/v2\/types\/page"}],"author":[{"embeddable":true,"href":"https:\/\/amplitudmodulada.com.ar\/index.php\/wp-json\/wp\/v2\/users\/1"}],"replies":[{"embeddable":true,"href":"https:\/\/amplitudmodulada.com.ar\/index.php\/wp-json\/wp\/v2\/comments?post=10690"}],"version-history":[{"count":3,"href":"https:\/\/amplitudmodulada.com.ar\/index.php\/wp-json\/wp\/v2\/pages\/10690\/revisions"}],"predecessor-version":[{"id":10695,"href":"https:\/\/amplitudmodulada.com.ar\/index.php\/wp-json\/wp\/v2\/pages\/10690\/revisions\/10695"}],"wp:attachment":[{"href":"https:\/\/amplitudmodulada.com.ar\/index.php\/wp-json\/wp\/v2\/media?parent=10690"}],"curies":[{"name":"wp","href":"https:\/\/api.w.org\/{rel}","templated":true}]}}