{"id":10734,"date":"2026-01-27T10:26:14","date_gmt":"2026-01-27T13:26:14","guid":{"rendered":"https:\/\/amplitudmodulada.com.ar\/?page_id=10734"},"modified":"2026-01-27T10:41:55","modified_gmt":"2026-01-27T13:41:55","slug":"noticia14142","status":"publish","type":"page","link":"https:\/\/amplitudmodulada.com.ar\/index.php\/noticia14142\/","title":{"rendered":"LT6 Radio Goya invita a celebrar su 73\u00ba aniversario con una misa"},"content":{"rendered":"\n<figure class=\"wp-block-image size-full\"><img loading=\"lazy\" decoding=\"async\" width=\"119\" height=\"100\" src=\"http:\/\/amplitudmodulada.com.ar\/wp-content\/uploads\/2024\/02\/lt6-e1707770247141.png\" alt=\"\" class=\"wp-image-762\"\/><\/figure>\n\n\n\n<p>El personal de LT6 Radio Goya invita a la comunidad a participar de la misa de acci\u00f3n de gracias por el 73\u00ba aniversario de la emisora a celebrarse este viernes 30 de enero a las 20.30 horas.<\/p>\n\n\n\n<p>La ceremonia religiosa ser\u00e1 presidida por el Padre Juan Carlos Mendoza, P\u00e1rroco de Nuestra Se\u00f1ora de Itat\u00ed y Vicario General de la Di\u00f3cesis de Goya.<\/p>\n\n\n\n<p>La misa tendr\u00e1 lugar en el patio de verano de Radio Goya, ubicado en la calle Mariano Indalecio Loza 231.<\/p>\n\n\n\n<p>Esta celebraci\u00f3n constituye una tradici\u00f3n para el medio de comunicaci\u00f3n, que a\u00f1o a a\u00f1o pone en mano de Dios la vida y las acciones de sus trabajadores.<\/p>\n\n\n\n<p>El acto representa un acto de recogimiento y agradecimiento por la trayectoria de m\u00e1s de siete d\u00e9cadas de la radio en la comunidad de Goya.<\/p>\n\n\n\n<p>La invitaci\u00f3n est\u00e1 a abierta a todos los oyentes, amigos y vecinos que deseen acompa\u00f1ar a la familia de LT6, en este aniversario tan especial, consolidando el v\u00ednculo entre la emisora y la audiencia.<\/p>\n\n\n\n<p>Operada actualmente por la Cooperativa de Trabajo de Medios de Comunicaci\u00f3n Social Seis Limitada, Radio Goya comenz\u00f3 a emitir el 31 de enero de 1953.<\/p>\n\n\n\n<p>Fuente: <a href=\"http:\/\/www.infogoya.com\" data-type=\"link\" data-id=\"www.infogoya.com\" target=\"_blank\" rel=\"noreferrer noopener\">www.infogoya.com<\/a> | Goya &#8211; Corrientes | 26.01.26<\/p>\n\n\n\n<p><\/p>\n","protected":false},"excerpt":{"rendered":"<p>El personal de LT6 Radio Goya invita a la comunidad a participar de la misa de acci\u00f3n de gracias por el 73\u00ba aniversario de la emisora a celebrarse este viernes 30 de enero a las 20.30 horas. La ceremonia religiosa ser\u00e1 presidida por el Padre Juan Carlos Mendoza, P\u00e1rroco de Nuestra Se\u00f1ora de Itat\u00ed y &hellip; <a href=\"https:\/\/amplitudmodulada.com.ar\/index.php\/noticia14142\/\" class=\"more-link\">Continu\u00e1 leyendo <span class=\"screen-reader-text\">LT6 Radio Goya invita a celebrar su 73\u00ba aniversario con una misa<\/span><\/a><\/p>\n","protected":false},"author":1,"featured_media":0,"parent":0,"menu_order":0,"comment_status":"closed","ping_status":"closed","template":"","meta":{"footnotes":""},"class_list":["post-10734","page","type-page","status-publish","hentry"],"_links":{"self":[{"href":"https:\/\/amplitudmodulada.com.ar\/index.php\/wp-json\/wp\/v2\/pages\/10734","targetHints":{"allow":["GET"]}}],"collection":[{"href":"https:\/\/amplitudmodulada.com.ar\/index.php\/wp-json\/wp\/v2\/pages"}],"about":[{"href":"https:\/\/amplitudmodulada.com.ar\/index.php\/wp-json\/wp\/v2\/types\/page"}],"author":[{"embeddable":true,"href":"https:\/\/amplitudmodulada.com.ar\/index.php\/wp-json\/wp\/v2\/users\/1"}],"replies":[{"embeddable":true,"href":"https:\/\/amplitudmodulada.com.ar\/index.php\/wp-json\/wp\/v2\/comments?post=10734"}],"version-history":[{"count":3,"href":"https:\/\/amplitudmodulada.com.ar\/index.php\/wp-json\/wp\/v2\/pages\/10734\/revisions"}],"predecessor-version":[{"id":10738,"href":"https:\/\/amplitudmodulada.com.ar\/index.php\/wp-json\/wp\/v2\/pages\/10734\/revisions\/10738"}],"wp:attachment":[{"href":"https:\/\/amplitudmodulada.com.ar\/index.php\/wp-json\/wp\/v2\/media?parent=10734"}],"curies":[{"name":"wp","href":"https:\/\/api.w.org\/{rel}","templated":true}]}}