{"id":11185,"date":"2026-03-11T08:12:10","date_gmt":"2026-03-11T11:12:10","guid":{"rendered":"https:\/\/amplitudmodulada.com.ar\/?page_id=11185"},"modified":"2026-03-11T08:37:35","modified_gmt":"2026-03-11T11:37:35","slug":"noticia14201","status":"publish","type":"page","link":"https:\/\/amplitudmodulada.com.ar\/index.php\/noticia14201\/","title":{"rendered":"Trabajadores de emisoras privadas se declaran en estado de alerta y asamblea permanente"},"content":{"rendered":"\n<figure class=\"wp-block-image size-full\"><img loading=\"lazy\" decoding=\"async\" width=\"172\" height=\"60\" src=\"http:\/\/amplitudmodulada.com.ar\/wp-content\/uploads\/2024\/02\/arpa-e1707852491790.png\" alt=\"\" class=\"wp-image-819\"\/><\/figure>\n\n\n\n<p>La Intersidical Radial, que nuclea a distintos gremios de trabajadores de emisoras privadas, se declar\u00f3 en estado de alerta y asamblea permanente.<\/p>\n\n\n\n<p>La decisi\u00f3n fue tomada ante la negativa de la Asociaci\u00f3n de Radiodifusoras Privadas Argentina (ARPA) a otorgar una recomposici\u00f3n salarial que contemple la p\u00e9rdida del \u00faltimo cuatrimestre del a\u00f1o pasado.<\/p>\n\n\n\n<p>Seg\u00fan denunci\u00f3 la Intersindical Radial, ARPA s\u00f3lo ofrece una suma fija de 22.000 pesos para febrero y marzo y 44.000 pesos para abril, montos que no se incorporan a los b\u00e1sicos.<\/p>\n\n\n\n<p>En ese sentido, la entidad que agrupa a los distintos sindicatos asegur\u00f3 que &#8220;esta actitud de la patronal, que implica el desconocimiento de la letra suscripta con la Intersindical Radial en el \u00faltimo acuerdo, no hace m\u00e1s que revelar las intenciones de un grupo empresario dispuesto a seguir sosteniendo salarios de miseria que no alcanzan para subsistir y profundizan la indigencia de nuestros representados&#8221;.<\/p>\n\n\n\n<p>&#8220;Entendemos que la lucha por la recomposici\u00f3n salarial debe seguir, aunque siempre sabremos que faltar\u00e1 mucho para estar satisfechos. Pero en la actual coyuntura, la recuperaci\u00f3n del poder adquisitivo de los trabajadores de las radios privadas s\u00f3lo se puede lograr en duras negociaciones con la patronal&#8221;, a\u00f1adi\u00f3.<\/p>\n\n\n\n<p>La Intersindical Radial est\u00e1 conformada por la Asociaci\u00f3n Argentina de Trabajadores de las Comunicaciones (AATRAC), el Sindicato Argentino de Locutores y Comunicadores (SALCO) y el Sindicato \u00danico de Trabajadores del Espect\u00e1culo P\u00fablico (SUTEP).<\/p>\n\n\n\n<p>25.02.26<\/p>\n","protected":false},"excerpt":{"rendered":"<p>La Intersidical Radial, que nuclea a distintos gremios de trabajadores de emisoras privadas, se declar\u00f3 en estado de alerta y asamblea permanente. La decisi\u00f3n fue tomada ante la negativa de la Asociaci\u00f3n de Radiodifusoras Privadas Argentina (ARPA) a otorgar una recomposici\u00f3n salarial que contemple la p\u00e9rdida del \u00faltimo cuatrimestre del a\u00f1o pasado. Seg\u00fan denunci\u00f3 la &hellip; <a href=\"https:\/\/amplitudmodulada.com.ar\/index.php\/noticia14201\/\" class=\"more-link\">Continu\u00e1 leyendo <span class=\"screen-reader-text\">Trabajadores de emisoras privadas se declaran en estado de alerta y asamblea permanente<\/span><\/a><\/p>\n","protected":false},"author":1,"featured_media":0,"parent":0,"menu_order":0,"comment_status":"closed","ping_status":"closed","template":"","meta":{"footnotes":""},"class_list":["post-11185","page","type-page","status-publish","hentry"],"_links":{"self":[{"href":"https:\/\/amplitudmodulada.com.ar\/index.php\/wp-json\/wp\/v2\/pages\/11185","targetHints":{"allow":["GET"]}}],"collection":[{"href":"https:\/\/amplitudmodulada.com.ar\/index.php\/wp-json\/wp\/v2\/pages"}],"about":[{"href":"https:\/\/amplitudmodulada.com.ar\/index.php\/wp-json\/wp\/v2\/types\/page"}],"author":[{"embeddable":true,"href":"https:\/\/amplitudmodulada.com.ar\/index.php\/wp-json\/wp\/v2\/users\/1"}],"replies":[{"embeddable":true,"href":"https:\/\/amplitudmodulada.com.ar\/index.php\/wp-json\/wp\/v2\/comments?post=11185"}],"version-history":[{"count":6,"href":"https:\/\/amplitudmodulada.com.ar\/index.php\/wp-json\/wp\/v2\/pages\/11185\/revisions"}],"predecessor-version":[{"id":11194,"href":"https:\/\/amplitudmodulada.com.ar\/index.php\/wp-json\/wp\/v2\/pages\/11185\/revisions\/11194"}],"wp:attachment":[{"href":"https:\/\/amplitudmodulada.com.ar\/index.php\/wp-json\/wp\/v2\/media?parent=11185"}],"curies":[{"name":"wp","href":"https:\/\/api.w.org\/{rel}","templated":true}]}}