{"id":11198,"date":"2026-03-11T14:17:01","date_gmt":"2026-03-11T17:17:01","guid":{"rendered":"https:\/\/amplitudmodulada.com.ar\/?page_id=11198"},"modified":"2026-03-11T14:21:14","modified_gmt":"2026-03-11T17:21:14","slug":"noticia14202","status":"publish","type":"page","link":"https:\/\/amplitudmodulada.com.ar\/index.php\/noticia14202\/","title":{"rendered":"Roban y provocan destrozos en la planta transmisora de LV22 Radio Huinc\u00e1 Renanc\u00f3"},"content":{"rendered":"\n<figure class=\"wp-block-image size-full\"><img loading=\"lazy\" decoding=\"async\" width=\"131\" height=\"82\" src=\"http:\/\/amplitudmodulada.com.ar\/wp-content\/uploads\/2026\/03\/LV22.png\" alt=\"\" class=\"wp-image-11201\"\/><\/figure>\n\n\n\n<p>Desconocidos sustrajeron equipamiento y provocaron destrozos este mi\u00e9rcoles 25 de febrero en la planta transmisora de LV22 Radio Huinca Renanc\u00f3.<\/p>\n\n\n\n<p>A ra\u00edz de este hecho delictivo, la emisora de Amplitud Modulada qued\u00f3 fuera del aire.<\/p>\n\n\n\n<p>La planta transmisora de Radio Huinca Renanc\u00f3 se encuentra ubicada en un predio apartado de los estudios de transmisi\u00f3n de la emisora y, pese al crecimiento urbano, el sector espec\u00edfico de la antena qued\u00f3 como un terreno bald\u00edo, lo que facilita el accionar de los delincuentes.<\/p>\n\n\n\n<p>El robo concretado ayer fue el tercero episodio que sufre la emisora en su planta transmisora.<\/p>\n\n\n\n<p>\u201cLamentablemente el vandalismo y el robo sufrido sigue teniendo consecuencias. No estamos al aire, aunque nuestros t\u00e9cnicos trabajan incansablemente en pos de la soluci\u00f3n definitiva. Nuestras disculpas a oyentes y anunciantes. Nada m\u00e1s triste para nosotros que el micr\u00f3fono no nos lleve a la gente\u201d, destac\u00f3 la emisora en un comunicado dado a conocer ayer.<\/p>\n\n\n\n<p>La causa ya se encuentra bajo investigaci\u00f3n policial para intentar dar con los responsables.<\/p>\n\n\n\n<p>Fuente: <a href=\"http:\/\/www.infotecrealico.com.ar\" data-type=\"link\" data-id=\"www.infotecrealico.com.ar\" target=\"_blank\" rel=\"noreferrer noopener\">www.infotecrealico.com.ar<\/a> | Realic\u00f3 &#8211; La Pampa | 26.02.26<\/p>\n\n\n\n<p><\/p>\n","protected":false},"excerpt":{"rendered":"<p>Desconocidos sustrajeron equipamiento y provocaron destrozos este mi\u00e9rcoles 25 de febrero en la planta transmisora de LV22 Radio Huinca Renanc\u00f3. A ra\u00edz de este hecho delictivo, la emisora de Amplitud Modulada qued\u00f3 fuera del aire. La planta transmisora de Radio Huinca Renanc\u00f3 se encuentra ubicada en un predio apartado de los estudios de transmisi\u00f3n de &hellip; <a href=\"https:\/\/amplitudmodulada.com.ar\/index.php\/noticia14202\/\" class=\"more-link\">Continu\u00e1 leyendo <span class=\"screen-reader-text\">Roban y provocan destrozos en la planta transmisora de LV22 Radio Huinc\u00e1 Renanc\u00f3<\/span><\/a><\/p>\n","protected":false},"author":1,"featured_media":0,"parent":0,"menu_order":0,"comment_status":"closed","ping_status":"closed","template":"","meta":{"footnotes":""},"class_list":["post-11198","page","type-page","status-publish","hentry"],"_links":{"self":[{"href":"https:\/\/amplitudmodulada.com.ar\/index.php\/wp-json\/wp\/v2\/pages\/11198","targetHints":{"allow":["GET"]}}],"collection":[{"href":"https:\/\/amplitudmodulada.com.ar\/index.php\/wp-json\/wp\/v2\/pages"}],"about":[{"href":"https:\/\/amplitudmodulada.com.ar\/index.php\/wp-json\/wp\/v2\/types\/page"}],"author":[{"embeddable":true,"href":"https:\/\/amplitudmodulada.com.ar\/index.php\/wp-json\/wp\/v2\/users\/1"}],"replies":[{"embeddable":true,"href":"https:\/\/amplitudmodulada.com.ar\/index.php\/wp-json\/wp\/v2\/comments?post=11198"}],"version-history":[{"count":2,"href":"https:\/\/amplitudmodulada.com.ar\/index.php\/wp-json\/wp\/v2\/pages\/11198\/revisions"}],"predecessor-version":[{"id":11202,"href":"https:\/\/amplitudmodulada.com.ar\/index.php\/wp-json\/wp\/v2\/pages\/11198\/revisions\/11202"}],"wp:attachment":[{"href":"https:\/\/amplitudmodulada.com.ar\/index.php\/wp-json\/wp\/v2\/media?parent=11198"}],"curies":[{"name":"wp","href":"https:\/\/api.w.org\/{rel}","templated":true}]}}