{"id":11214,"date":"2026-03-14T19:55:44","date_gmt":"2026-03-14T22:55:44","guid":{"rendered":"https:\/\/amplitudmodulada.com.ar\/?page_id=11214"},"modified":"2026-03-14T20:12:51","modified_gmt":"2026-03-14T23:12:51","slug":"noticia14204","status":"publish","type":"page","link":"https:\/\/amplitudmodulada.com.ar\/index.php\/noticia14204\/","title":{"rendered":"Advierten por un nuevo recorte en la programaci\u00f3n local de LRA9 Radio Nacional Esquel"},"content":{"rendered":"\n<figure class=\"wp-block-image size-full\"><img loading=\"lazy\" decoding=\"async\" width=\"110\" height=\"110\" src=\"http:\/\/amplitudmodulada.com.ar\/wp-content\/uploads\/2024\/10\/LRA-e1728000015658.jpg\" alt=\"\" class=\"wp-image-4179\"\/><\/figure>\n\n\n\n<p>Los trabajadores de LRA9 Radio Nacional Esquel expresaron su preocupaci\u00f3n ante los cambios en la programaci\u00f3n que comenzar\u00e1n a regir desde el lunes 2 de marzo y que implican una nueva reducci\u00f3n en la producci\u00f3n local de esa emisora.<\/p>\n\n\n\n<p>Seg\u00fan detallaron en un comunicado, la nueva grilla contempla apenas una hora de programaci\u00f3n local por la ma\u00f1ana, un programa de alcance provincial en la segunda ma\u00f1ana, algunos espacios aislados por la tarde y solo dos horas de contenido nocturno.<\/p>\n\n\n\n<p>Los trabajadores de la emisora estatal advirtieron que esta modificaci\u00f3n representa &#8220;un recorte significativo respecto de la hist\u00f3rica producci\u00f3n propia&#8221; que caracteriz\u00f3 a la radio.<\/p>\n\n\n\n<p>En el mismo sentido se\u00f1alaron que toda la programaci\u00f3n pasar\u00e1 a tener denominaciones gen\u00e9ricas a nivel nacional, con un marcado predominio de voces provenientes de LRA1 Radio Nacional Buenos Aires.<\/p>\n\n\n\n<p>Esta centralizaci\u00f3n, indicaron, elimina las denominaciones locales y limita las posibilidades de construir una identidad art\u00edstica y cultural propia en cada emisora.<\/p>\n\n\n\n<p>En ese marco, sostuvieron que estas decisiones afectan directamente el car\u00e1cter federal de la radio p\u00fablica, reducen la representaci\u00f3n regional y restringen los espacios destinados a reflejar la realidad cotidiana de la comunidad de Esquel y la regi\u00f3n.<\/p>\n\n\n\n<p>Asimismo, los trabajadores de Radio Nacional Esquel adviertieron que desde hace diecinueve meses no se realizan paritarias y que los salarios se encuentran congelados y se ubican actualmente por debajo de la l\u00ednea de pobreza.<\/p>\n\n\n\n<p>A esto se le suma un problema t\u00e9cnico que a\u00fan no tiene respuesta ya que desde el 1\u00ba de septiembre de 2025 la se\u00f1al de Frecuencia Modulada permanece fuera del aire por un desperfecto que no ha sido solucionado.<\/p>\n\n\n\n<p>Fuente: <a href=\"http:\/\/www.diariolaportada.com.ar\" data-type=\"link\" data-id=\"www.diariolaportada.com.ar\" target=\"_blank\" rel=\"noreferrer noopener\">www.diariolaportada.com.ar<\/a> | Esquel &#8211; Chubut | 27.02.26<\/p>\n\n\n\n<p><\/p>\n","protected":false},"excerpt":{"rendered":"<p>Los trabajadores de LRA9 Radio Nacional Esquel expresaron su preocupaci\u00f3n ante los cambios en la programaci\u00f3n que comenzar\u00e1n a regir desde el lunes 2 de marzo y que implican una nueva reducci\u00f3n en la producci\u00f3n local de esa emisora. Seg\u00fan detallaron en un comunicado, la nueva grilla contempla apenas una hora de programaci\u00f3n local por &hellip; <a href=\"https:\/\/amplitudmodulada.com.ar\/index.php\/noticia14204\/\" class=\"more-link\">Continu\u00e1 leyendo <span class=\"screen-reader-text\">Advierten por un nuevo recorte en la programaci\u00f3n local de LRA9 Radio Nacional Esquel<\/span><\/a><\/p>\n","protected":false},"author":1,"featured_media":0,"parent":0,"menu_order":0,"comment_status":"closed","ping_status":"closed","template":"","meta":{"footnotes":""},"class_list":["post-11214","page","type-page","status-publish","hentry"],"_links":{"self":[{"href":"https:\/\/amplitudmodulada.com.ar\/index.php\/wp-json\/wp\/v2\/pages\/11214","targetHints":{"allow":["GET"]}}],"collection":[{"href":"https:\/\/amplitudmodulada.com.ar\/index.php\/wp-json\/wp\/v2\/pages"}],"about":[{"href":"https:\/\/amplitudmodulada.com.ar\/index.php\/wp-json\/wp\/v2\/types\/page"}],"author":[{"embeddable":true,"href":"https:\/\/amplitudmodulada.com.ar\/index.php\/wp-json\/wp\/v2\/users\/1"}],"replies":[{"embeddable":true,"href":"https:\/\/amplitudmodulada.com.ar\/index.php\/wp-json\/wp\/v2\/comments?post=11214"}],"version-history":[{"count":3,"href":"https:\/\/amplitudmodulada.com.ar\/index.php\/wp-json\/wp\/v2\/pages\/11214\/revisions"}],"predecessor-version":[{"id":11219,"href":"https:\/\/amplitudmodulada.com.ar\/index.php\/wp-json\/wp\/v2\/pages\/11214\/revisions\/11219"}],"wp:attachment":[{"href":"https:\/\/amplitudmodulada.com.ar\/index.php\/wp-json\/wp\/v2\/media?parent=11214"}],"curies":[{"name":"wp","href":"https:\/\/api.w.org\/{rel}","templated":true}]}}