{"id":11222,"date":"2026-03-15T10:21:38","date_gmt":"2026-03-15T13:21:38","guid":{"rendered":"https:\/\/amplitudmodulada.com.ar\/?page_id=11222"},"modified":"2026-03-15T10:33:49","modified_gmt":"2026-03-15T13:33:49","slug":"noticia14205","status":"publish","type":"page","link":"https:\/\/amplitudmodulada.com.ar\/index.php\/noticia14205\/","title":{"rendered":"Arranca la nueva programaci\u00f3n de LRF341 Tiempo FM"},"content":{"rendered":"\n<figure class=\"wp-block-image size-full\"><img loading=\"lazy\" decoding=\"async\" width=\"102\" height=\"120\" src=\"http:\/\/amplitudmodulada.com.ar\/wp-content\/uploads\/2026\/03\/tiempofm-e1773580923622.png\" alt=\"\" class=\"wp-image-11224\"\/><\/figure>\n\n\n\n<p>Con m\u00e1s de catorce horas de producci\u00f3n local de lunes a viernes, arranca este lunes 2 de marzo la nueva grilla de programaci\u00f3n de LRF341 Tiempo FM de R\u00edo Gallegos, provincia de Santa Cruz.<\/p>\n\n\n\n<p>Adem\u00e1s, la emisora del Multimedio Tiempo pondr\u00e1 al aire veinticuatro horas de programaci\u00f3n en vivo de lunes a lunes gracias a su alianza con LR5 Radio La Red.<\/p>\n\n\n\n<p>&#8220;Siempre armar una programaci\u00f3n nueva genera mucha emoci\u00f3n. Hemos ratificado programas y sumado otros, armando una grilla muy completa, con grandes profesionales, que son las voces que identifican la radio&#8221;, se\u00f1al\u00f3 Roberto Torres, presidente del Multimedio Tiempo.<\/p>\n\n\n\n<p>En ese marco, el directivo puso en valor el contenido local que forma parte de la grilla de Tiempo FM.<\/p>\n\n\n\n<p>&#8220;Apostamos desde hace cuatro a\u00f1os a una programaci\u00f3n de mayor contenido local, lo que significa generar m\u00e1s contenido propio y, adem\u00e1s, dar trabajo a profesionales de la ciudad. Estoy orgulloso de lo que hemos logrado, sabiendo que la radio est\u00e1 sintonizada en los hogares, los autos y en los lugares de trabajo todo el d\u00eda. Sabemos que somos parte de la rutina cotidiana de mucha gente&#8221;, a\u00f1adi\u00f3 Roberto Torres.<\/p>\n\n\n\n<p>La programaci\u00f3n local de lunes a viernes de Tiempo FM se extender\u00e1 de 7.00 a 21.00 horas para luego conectar con Radio La Red.<\/p>\n\n\n\n<p>Tiempo FM sale al aire en 97.5 Mhz.<\/p>\n\n\n\n<p>Fuente: <a href=\"http:\/\/www.tiemposur.com.ar\" data-type=\"link\" data-id=\"www.tiemposur.com.ar\" target=\"_blank\" rel=\"noreferrer noopener\">www.tiemposur.com.ar<\/a> | R\u00edo Gallegos &#8211; Santa Cruz | 02.03.26<\/p>\n\n\n\n<p><\/p>\n","protected":false},"excerpt":{"rendered":"<p>Con m\u00e1s de catorce horas de producci\u00f3n local de lunes a viernes, arranca este lunes 2 de marzo la nueva grilla de programaci\u00f3n de LRF341 Tiempo FM de R\u00edo Gallegos, provincia de Santa Cruz. Adem\u00e1s, la emisora del Multimedio Tiempo pondr\u00e1 al aire veinticuatro horas de programaci\u00f3n en vivo de lunes a lunes gracias a &hellip; <a href=\"https:\/\/amplitudmodulada.com.ar\/index.php\/noticia14205\/\" class=\"more-link\">Continu\u00e1 leyendo <span class=\"screen-reader-text\">Arranca la nueva programaci\u00f3n de LRF341 Tiempo FM<\/span><\/a><\/p>\n","protected":false},"author":1,"featured_media":0,"parent":0,"menu_order":0,"comment_status":"closed","ping_status":"closed","template":"","meta":{"footnotes":""},"class_list":["post-11222","page","type-page","status-publish","hentry"],"_links":{"self":[{"href":"https:\/\/amplitudmodulada.com.ar\/index.php\/wp-json\/wp\/v2\/pages\/11222","targetHints":{"allow":["GET"]}}],"collection":[{"href":"https:\/\/amplitudmodulada.com.ar\/index.php\/wp-json\/wp\/v2\/pages"}],"about":[{"href":"https:\/\/amplitudmodulada.com.ar\/index.php\/wp-json\/wp\/v2\/types\/page"}],"author":[{"embeddable":true,"href":"https:\/\/amplitudmodulada.com.ar\/index.php\/wp-json\/wp\/v2\/users\/1"}],"replies":[{"embeddable":true,"href":"https:\/\/amplitudmodulada.com.ar\/index.php\/wp-json\/wp\/v2\/comments?post=11222"}],"version-history":[{"count":2,"href":"https:\/\/amplitudmodulada.com.ar\/index.php\/wp-json\/wp\/v2\/pages\/11222\/revisions"}],"predecessor-version":[{"id":11226,"href":"https:\/\/amplitudmodulada.com.ar\/index.php\/wp-json\/wp\/v2\/pages\/11222\/revisions\/11226"}],"wp:attachment":[{"href":"https:\/\/amplitudmodulada.com.ar\/index.php\/wp-json\/wp\/v2\/media?parent=11222"}],"curies":[{"name":"wp","href":"https:\/\/api.w.org\/{rel}","templated":true}]}}