{"id":11229,"date":"2026-03-15T10:45:54","date_gmt":"2026-03-15T13:45:54","guid":{"rendered":"https:\/\/amplitudmodulada.com.ar\/?page_id=11229"},"modified":"2026-03-15T10:55:39","modified_gmt":"2026-03-15T13:55:39","slug":"noticia14206","status":"publish","type":"page","link":"https:\/\/amplitudmodulada.com.ar\/index.php\/noticia14206\/","title":{"rendered":"LV10 Radio de Cuyo volvi\u00f3 a liderar el encendido en la Vuelta de Mendoza"},"content":{"rendered":"\n<figure class=\"wp-block-image size-full\"><img loading=\"lazy\" decoding=\"async\" width=\"176\" height=\"70\" src=\"http:\/\/amplitudmodulada.com.ar\/wp-content\/uploads\/2026\/03\/LV10-e1773582392934.png\" alt=\"\" class=\"wp-image-11231\"\/><\/figure>\n\n\n\n<p>LV10 Radio de Cuyo volvi\u00f3 a liderar el encendido en la Vuelta de Mendoza, la tradicional competencia ciclista cuya 50\u00ba edici\u00f3n se llev\u00f3 a cabo entre el 15 y el 23 de febrero pasado.<\/p>\n\n\n\n<p>Seg\u00fan destaca este fin de semana el portal Mendoza Today, Radio de Cuyo marc\u00f3 un pico del 87% en el encendido, una cifra que refleja la contundente preferencia del p\u00fablico a la hora de seguir cada alternativa de la competencia m\u00e1s emblem\u00e1tica del ciclismo nacional.<\/p>\n\n\n\n<p>Mendoza Today asegura en ese marco que &#8220;con una transmisi\u00f3n s\u00f3lida, un equipo experimentado y una cobertura minuto a minuto, la emisora volvi\u00f3 a marcar el pulso informativo de la jornada m\u00e1s exigente y apasionante de la carrera&#8221;.<\/p>\n\n\n\n<p>Muy por detr\u00e1s de Radio de Cuyo se ubic\u00f3 la emisora de Frecuencia Modulada La Red Deportiva, que alcanz\u00f3 un 8% de las preferencias.<\/p>\n\n\n\n<p>El resto de la audiencia se distribuy\u00f3 entre las emisoras de Frecuencia Modulada G\u00e9nesis, Radio Jornada y FM Libre.<\/p>\n\n\n\n<p>Radio de Cuyo sale al aire en 720 Khz. y 104.1 Mhz.<\/p>\n\n\n\n<p>Fuente: <a href=\"http:\/\/www.mendozatoday.com.ar\" data-type=\"link\" data-id=\"www.mendozatoday.com.ar\" target=\"_blank\" rel=\"noreferrer noopener\">www.mendozatoday.com.ar<\/a> | Mendoza &#8211; Mendoza | 02.03.26<\/p>\n\n\n\n<p><\/p>\n","protected":false},"excerpt":{"rendered":"<p>LV10 Radio de Cuyo volvi\u00f3 a liderar el encendido en la Vuelta de Mendoza, la tradicional competencia ciclista cuya 50\u00ba edici\u00f3n se llev\u00f3 a cabo entre el 15 y el 23 de febrero pasado. Seg\u00fan destaca este fin de semana el portal Mendoza Today, Radio de Cuyo marc\u00f3 un pico del 87% en el encendido, &hellip; <a href=\"https:\/\/amplitudmodulada.com.ar\/index.php\/noticia14206\/\" class=\"more-link\">Continu\u00e1 leyendo <span class=\"screen-reader-text\">LV10 Radio de Cuyo volvi\u00f3 a liderar el encendido en la Vuelta de Mendoza<\/span><\/a><\/p>\n","protected":false},"author":1,"featured_media":0,"parent":0,"menu_order":0,"comment_status":"closed","ping_status":"closed","template":"","meta":{"footnotes":""},"class_list":["post-11229","page","type-page","status-publish","hentry"],"_links":{"self":[{"href":"https:\/\/amplitudmodulada.com.ar\/index.php\/wp-json\/wp\/v2\/pages\/11229","targetHints":{"allow":["GET"]}}],"collection":[{"href":"https:\/\/amplitudmodulada.com.ar\/index.php\/wp-json\/wp\/v2\/pages"}],"about":[{"href":"https:\/\/amplitudmodulada.com.ar\/index.php\/wp-json\/wp\/v2\/types\/page"}],"author":[{"embeddable":true,"href":"https:\/\/amplitudmodulada.com.ar\/index.php\/wp-json\/wp\/v2\/users\/1"}],"replies":[{"embeddable":true,"href":"https:\/\/amplitudmodulada.com.ar\/index.php\/wp-json\/wp\/v2\/comments?post=11229"}],"version-history":[{"count":3,"href":"https:\/\/amplitudmodulada.com.ar\/index.php\/wp-json\/wp\/v2\/pages\/11229\/revisions"}],"predecessor-version":[{"id":11234,"href":"https:\/\/amplitudmodulada.com.ar\/index.php\/wp-json\/wp\/v2\/pages\/11229\/revisions\/11234"}],"wp:attachment":[{"href":"https:\/\/amplitudmodulada.com.ar\/index.php\/wp-json\/wp\/v2\/media?parent=11229"}],"curies":[{"name":"wp","href":"https:\/\/api.w.org\/{rel}","templated":true}]}}