{"id":11659,"date":"2026-04-27T20:41:29","date_gmt":"2026-04-27T23:41:29","guid":{"rendered":"https:\/\/amplitudmodulada.com.ar\/?page_id=11659"},"modified":"2026-04-27T21:17:07","modified_gmt":"2026-04-28T00:17:07","slug":"noticia14262","status":"publish","type":"page","link":"https:\/\/amplitudmodulada.com.ar\/index.php\/noticia14262\/","title":{"rendered":"Repudian los agravios del director de LRA15 Radio Nacional Tucum\u00e1n a Mercedes Sosa"},"content":{"rendered":"\n<figure class=\"wp-block-image size-full\"><img loading=\"lazy\" decoding=\"async\" width=\"110\" height=\"110\" src=\"http:\/\/amplitudmodulada.com.ar\/wp-content\/uploads\/2024\/10\/LRA-e1728000015658.jpg\" alt=\"\" class=\"wp-image-4179\"\/><\/figure>\n\n\n\n<p>En un acto realizado este s\u00e1bado frente a la sede de LRA15 Radio Nacional Tucum\u00e1n, artistas, referentes culturales y ciudadanos repudiaron los agravios vertidos por el director de esa emisora, Enzo Ferreira, a la cantante Mercedes Sosa.<\/p>\n\n\n\n<p>En la red social X, el directivo de la emisora p\u00fablica y referente de La Libertad Avanza en Tucum\u00e1n calific\u00f3 a Mercedes Sosa de &#8220;gorda comunista&#8221; y replic\u00f3 el mensaje de otro usuario que afirm\u00f3 que &#8220;esta gorda fue un c\u00e1ncer&#8221;.<\/p>\n\n\n\n<p>Con bombos, canciones y expresiones art\u00edsticas, el acto se convirti\u00f3 en una respuesta directa a los mensajes agraviantes del funcionario libertario a la artista tucumana, fallecida en 2009.<\/p>\n\n\n\n<p>El eco de los insultos escal\u00f3 r\u00e1pidamente ya que la emisora p\u00fablica de Tucum\u00e1n lleva, adem\u00e1s, el nombre de Mercedes Sosa.<\/p>\n\n\n\n<p>Durante el acto, se puso el acento en que no se trat\u00f3 solamente de un exabrupto personal en redes sociales, sino de una conducta incompatible con la responsabilidad institucional de quien ocupa hoy un cargo en un medio p\u00fablico nacional.<\/p>\n\n\n\n<p>En ese sentido, el pedido m\u00e1s fuerte fue precisamente la renuncia de Enzo Ferreira al cargo de coordinador de Radio Nacional Tucum\u00e1n.<\/p>\n\n\n\n<p>Fuente: <a href=\"http:\/\/www.contextotucuman.com\" data-type=\"link\" data-id=\"www.contextotucuman.com\" target=\"_blank\" rel=\"noreferrer noopener\">www.contextotucuman.com<\/a> | San Miguel de Tucum\u00e1n &#8211; Tucum\u00e1n | 30.03.26<\/p>\n\n\n\n<p><\/p>\n","protected":false},"excerpt":{"rendered":"<p>En un acto realizado este s\u00e1bado frente a la sede de LRA15 Radio Nacional Tucum\u00e1n, artistas, referentes culturales y ciudadanos repudiaron los agravios vertidos por el director de esa emisora, Enzo Ferreira, a la cantante Mercedes Sosa. En la red social X, el directivo de la emisora p\u00fablica y referente de La Libertad Avanza en &hellip; <a href=\"https:\/\/amplitudmodulada.com.ar\/index.php\/noticia14262\/\" class=\"more-link\">Continu\u00e1 leyendo <span class=\"screen-reader-text\">Repudian los agravios del director de LRA15 Radio Nacional Tucum\u00e1n a Mercedes Sosa<\/span><\/a><\/p>\n","protected":false},"author":1,"featured_media":0,"parent":0,"menu_order":0,"comment_status":"closed","ping_status":"closed","template":"","meta":{"footnotes":""},"class_list":["post-11659","page","type-page","status-publish","hentry"],"_links":{"self":[{"href":"https:\/\/amplitudmodulada.com.ar\/index.php\/wp-json\/wp\/v2\/pages\/11659","targetHints":{"allow":["GET"]}}],"collection":[{"href":"https:\/\/amplitudmodulada.com.ar\/index.php\/wp-json\/wp\/v2\/pages"}],"about":[{"href":"https:\/\/amplitudmodulada.com.ar\/index.php\/wp-json\/wp\/v2\/types\/page"}],"author":[{"embeddable":true,"href":"https:\/\/amplitudmodulada.com.ar\/index.php\/wp-json\/wp\/v2\/users\/1"}],"replies":[{"embeddable":true,"href":"https:\/\/amplitudmodulada.com.ar\/index.php\/wp-json\/wp\/v2\/comments?post=11659"}],"version-history":[{"count":5,"href":"https:\/\/amplitudmodulada.com.ar\/index.php\/wp-json\/wp\/v2\/pages\/11659\/revisions"}],"predecessor-version":[{"id":11666,"href":"https:\/\/amplitudmodulada.com.ar\/index.php\/wp-json\/wp\/v2\/pages\/11659\/revisions\/11666"}],"wp:attachment":[{"href":"https:\/\/amplitudmodulada.com.ar\/index.php\/wp-json\/wp\/v2\/media?parent=11659"}],"curies":[{"name":"wp","href":"https:\/\/api.w.org\/{rel}","templated":true}]}}