{"id":11784,"date":"2026-05-02T18:42:58","date_gmt":"2026-05-02T21:42:58","guid":{"rendered":"https:\/\/amplitudmodulada.com.ar\/?page_id=11784"},"modified":"2026-05-02T18:54:56","modified_gmt":"2026-05-02T21:54:56","slug":"noticia14279","status":"publish","type":"page","link":"https:\/\/amplitudmodulada.com.ar\/index.php\/noticia14279\/","title":{"rendered":"Se realizar\u00e1 un festival de tango en defensa de los medios p\u00fablicos de la Ciudad de Buenos Aires"},"content":{"rendered":"\n<figure class=\"wp-block-image size-large is-resized\"><img loading=\"lazy\" decoding=\"async\" width=\"1024\" height=\"576\" src=\"http:\/\/amplitudmodulada.com.ar\/wp-content\/uploads\/2024\/01\/1110-1024x576.jpg\" alt=\"\" class=\"wp-image-685\" style=\"width:150px;height:auto\"\/><\/figure>\n\n\n\n<p>El pr\u00f3ximo mi\u00e9rcoles 15 de abril se realizar\u00e1 en el Club Atl\u00e9tico Fern\u00e1ndez Fierro un festival de tango en defensa de los medios p\u00fablicos de la Ciudad de Buenos Aires, conformados por LS1 Radio de la Ciudad, FM La 2&#215;4 y el Canal de la Ciudad.<\/p>\n\n\n\n<p>En el festival, ser\u00e1n de la partida las cantoras Patricia Barone y Antonela Alfonso, as\u00ed como Javier Gonz\u00e1lez y Hugo Hoffmann.<\/p>\n\n\n\n<p>El cierre correr\u00e1 por cuenta de una de las agrupaciones m\u00e1s prestigiosas de la escena: la Orquesta T\u00edpica Misteriosa Buenos Aires junto a la vocalista Eliana Sosa, todo amenizado con la musicalizaci\u00f3n del DJ y programador de La 2&#215;4 Marcelo Rojas.<\/p>\n\n\n\n<p>El pasado 16 de marzo, el gobierno de la Ciudad de Buenos Aires public\u00f3 en el Bolet\u00edn Oficial el llamado a licitaci\u00f3n para concesionar los medios p\u00fablicos.<\/p>\n\n\n\n<p>La medida viola el art\u00edculo 47 de la Constituci\u00f3n de la Ciudad de Buenos Aires, implica la subordinaci\u00f3n de la programaci\u00f3n a criterios comerciales y pone en riesgo m\u00e1s de cuatrocientos puestos de trabajo.<\/p>\n\n\n\n<p>Fuente: <a href=\"http:\/\/www.infonews.com\" data-type=\"link\" data-id=\"www.infonews.com\" target=\"_blank\" rel=\"noreferrer noopener\">www.infonews.com<\/a> | Ciudad Aut\u00f3noma de Buenos Aires | 06.04.26<\/p>\n\n\n\n<p><\/p>\n","protected":false},"excerpt":{"rendered":"<p>El pr\u00f3ximo mi\u00e9rcoles 15 de abril se realizar\u00e1 en el Club Atl\u00e9tico Fern\u00e1ndez Fierro un festival de tango en defensa de los medios p\u00fablicos de la Ciudad de Buenos Aires, conformados por LS1 Radio de la Ciudad, FM La 2&#215;4 y el Canal de la Ciudad. En el festival, ser\u00e1n de la partida las cantoras &hellip; <a href=\"https:\/\/amplitudmodulada.com.ar\/index.php\/noticia14279\/\" class=\"more-link\">Continu\u00e1 leyendo <span class=\"screen-reader-text\">Se realizar\u00e1 un festival de tango en defensa de los medios p\u00fablicos de la Ciudad de Buenos Aires<\/span><\/a><\/p>\n","protected":false},"author":1,"featured_media":0,"parent":0,"menu_order":0,"comment_status":"closed","ping_status":"closed","template":"","meta":{"footnotes":""},"class_list":["post-11784","page","type-page","status-publish","hentry"],"_links":{"self":[{"href":"https:\/\/amplitudmodulada.com.ar\/index.php\/wp-json\/wp\/v2\/pages\/11784","targetHints":{"allow":["GET"]}}],"collection":[{"href":"https:\/\/amplitudmodulada.com.ar\/index.php\/wp-json\/wp\/v2\/pages"}],"about":[{"href":"https:\/\/amplitudmodulada.com.ar\/index.php\/wp-json\/wp\/v2\/types\/page"}],"author":[{"embeddable":true,"href":"https:\/\/amplitudmodulada.com.ar\/index.php\/wp-json\/wp\/v2\/users\/1"}],"replies":[{"embeddable":true,"href":"https:\/\/amplitudmodulada.com.ar\/index.php\/wp-json\/wp\/v2\/comments?post=11784"}],"version-history":[{"count":2,"href":"https:\/\/amplitudmodulada.com.ar\/index.php\/wp-json\/wp\/v2\/pages\/11784\/revisions"}],"predecessor-version":[{"id":11787,"href":"https:\/\/amplitudmodulada.com.ar\/index.php\/wp-json\/wp\/v2\/pages\/11784\/revisions\/11787"}],"wp:attachment":[{"href":"https:\/\/amplitudmodulada.com.ar\/index.php\/wp-json\/wp\/v2\/media?parent=11784"}],"curies":[{"name":"wp","href":"https:\/\/api.w.org\/{rel}","templated":true}]}}