{"id":12258,"date":"2026-08-30T09:14:57","date_gmt":"2026-08-30T12:14:57","guid":{"rendered":"https:\/\/amplitudmodulada.com.ar\/?page_id=12258"},"modified":"2026-08-30T09:26:55","modified_gmt":"2026-08-30T12:26:55","slug":"noticia14342","status":"publish","type":"page","link":"https:\/\/amplitudmodulada.com.ar\/index.php\/noticia14342\/","title":{"rendered":"Radio Mitre lanza el concurso &#8220;Escuela de Relatores&#8221;"},"content":{"rendered":"\n<figure class=\"wp-block-image size-large is-resized\"><img loading=\"lazy\" decoding=\"async\" width=\"1024\" height=\"532\" src=\"http:\/\/amplitudmodulada.com.ar\/wp-content\/uploads\/2024\/01\/790-1024x532.png\" alt=\"\" class=\"wp-image-268\" style=\"width:135px;height:auto\"\/><\/figure>\n\n\n\n<p>A menos de un mes del comienzo del Mundial 2026, LR6 Radio Mitre junto a YPF lanzan el concurso &#8220;Escuela de Relatores&#8221;.<\/p>\n\n\n\n<p>All\u00ed, Gabriel Anello dar\u00e1 una clase para veinticinco personas que tendr\u00e1n la oportunidad de gritar un tanto de la Selecci\u00f3n Nacional y participar de un sorteo por un Smart TV de cien pulgadas.<\/p>\n\n\n\n<p>Aquellos que deseen participar podr\u00e1n inscribirse mediante un formulario disponible en la p\u00e1gina web de Radio Mitre y donde deber\u00e1n ingresar sus datos personales, postularse y concurrir a los estudios de la emisora para demostrar sus condiciones.<\/p>\n\n\n\n<p>La inscripsic\u00f3n permanecer\u00e1 abierta hasta el 1\u00ba de junio.<\/p>\n\n\n\n<p>Una vez realizada la selecci\u00f3n de los participantes, estos deber\u00e1n presentarse en la sede de la emisora, ubicada en Mansilla 2668, el viernes 5 de junio.<\/p>\n\n\n\n<p>Una vez que los participantes hayan pasado por los micr\u00f3fonos de Radio Mitre, Gabriel Anello y su equipo elegir\u00e1 a dos finalistas que tendr\u00e1n que volver el lunes siguiente.<\/p>\n\n\n\n<p>Ese d\u00eda, durante la emisi\u00f3n del programa &#8220;Nuestra Ma\u00f1ana&#8221;, que conduce Marcelo Bonelli, ambos se enfrentar\u00e1n a una serie de preguntas sobre el Mundial.<\/p>\n\n\n\n<p>Quien conteste m\u00e1s r\u00e1pido y de manera correcta, se quedar\u00e1 con la televisi\u00f3n de cien pulgadas, mientras que el perdedor con una de sesenta y cinco.<\/p>\n\n\n\n<p>Fuente: <a href=\"http:\/\/www.radiomitre.com.ar\" data-type=\"link\" data-id=\"www.radiomitre.com.ar\" target=\"_blank\" rel=\"noreferrer noopener\">www.radiomitre.com.ar<\/a> | Ciudad Aut\u00f3noma de Buenos Aires | 13.05.26 <\/p>\n\n\n\n<p><\/p>\n","protected":false},"excerpt":{"rendered":"<p>A menos de un mes del comienzo del Mundial 2026, LR6 Radio Mitre junto a YPF lanzan el concurso &#8220;Escuela de Relatores&#8221;. All\u00ed, Gabriel Anello dar\u00e1 una clase para veinticinco personas que tendr\u00e1n la oportunidad de gritar un tanto de la Selecci\u00f3n Nacional y participar de un sorteo por un Smart TV de cien pulgadas. &hellip; <a href=\"https:\/\/amplitudmodulada.com.ar\/index.php\/noticia14342\/\" class=\"more-link\">Continu\u00e1 leyendo <span class=\"screen-reader-text\">Radio Mitre lanza el concurso &#8220;Escuela de Relatores&#8221;<\/span><\/a><\/p>\n","protected":false},"author":1,"featured_media":0,"parent":0,"menu_order":0,"comment_status":"closed","ping_status":"closed","template":"","meta":{"footnotes":""},"class_list":["post-12258","page","type-page","status-publish","hentry"],"_links":{"self":[{"href":"https:\/\/amplitudmodulada.com.ar\/index.php\/wp-json\/wp\/v2\/pages\/12258","targetHints":{"allow":["GET"]}}],"collection":[{"href":"https:\/\/amplitudmodulada.com.ar\/index.php\/wp-json\/wp\/v2\/pages"}],"about":[{"href":"https:\/\/amplitudmodulada.com.ar\/index.php\/wp-json\/wp\/v2\/types\/page"}],"author":[{"embeddable":true,"href":"https:\/\/amplitudmodulada.com.ar\/index.php\/wp-json\/wp\/v2\/users\/1"}],"replies":[{"embeddable":true,"href":"https:\/\/amplitudmodulada.com.ar\/index.php\/wp-json\/wp\/v2\/comments?post=12258"}],"version-history":[{"count":2,"href":"https:\/\/amplitudmodulada.com.ar\/index.php\/wp-json\/wp\/v2\/pages\/12258\/revisions"}],"predecessor-version":[{"id":12261,"href":"https:\/\/amplitudmodulada.com.ar\/index.php\/wp-json\/wp\/v2\/pages\/12258\/revisions\/12261"}],"wp:attachment":[{"href":"https:\/\/amplitudmodulada.com.ar\/index.php\/wp-json\/wp\/v2\/media?parent=12258"}],"curies":[{"name":"wp","href":"https:\/\/api.w.org\/{rel}","templated":true}]}}