{"id":12264,"date":"2026-08-30T09:38:19","date_gmt":"2026-08-30T12:38:19","guid":{"rendered":"https:\/\/amplitudmodulada.com.ar\/?page_id=12264"},"modified":"2026-08-30T09:51:09","modified_gmt":"2026-08-30T12:51:09","slug":"noticia14343","status":"publish","type":"page","link":"https:\/\/amplitudmodulada.com.ar\/index.php\/noticia14343\/","title":{"rendered":"Fracasa la licitaci\u00f3n para concesionar las emisoras p\u00fablicas porte\u00f1as"},"content":{"rendered":"\n<figure class=\"wp-block-image size-large is-resized\"><img loading=\"lazy\" decoding=\"async\" width=\"1024\" height=\"576\" src=\"http:\/\/amplitudmodulada.com.ar\/wp-content\/uploads\/2024\/01\/1110-1024x576.jpg\" alt=\"\" class=\"wp-image-685\" style=\"width:152px;height:auto\"\/><\/figure>\n\n\n\n<p>Tras la apertura de sobres, fuentes oficiales del Gobierno de la Ciudad de Buenos Aires que no se presentaron oferentes a la licitaci\u00f3n llamada oportunamente para concesionar las emisoras p\u00fablicas porte\u00f1as.<\/p>\n\n\n\n<p>El intento de traspaso de los medios p\u00fablicos de la Ciudad de Buenos Aires no ha estado exento de pole\u00b4micas, ya que el Ente Nacional de Comunicaciones hab\u00eda emitido advertencias previas respecto de la naturaleza de estos servicios de comunicaci\u00f3n, se\u00f1alando posibles irregularidades o limitaciones legales en la concesi\u00f3n de se\u00f1ales.<\/p>\n\n\n\n<p>Desde el Ejecutivo de la Ciudad de Buenos Aires, en tanto, informaron que el desinter\u00e9s inicial no frenar\u00e1 el proyecto.<\/p>\n\n\n\n<p>Se espera que se inicie una nueva instancia de licitaci\u00f3n con el objetivo de atraer inversiones que permitan, seg\u00fan la versi\u00f3n oficial, &#8220;garantizar la puesta&#8221; en valor de LS1 Radio de la Ciudad y La 2&#215;4.<\/p>\n\n\n\n<p>Fuente: <a href=\"http:\/\/www.lanacion.com.ar\" data-type=\"link\" data-id=\"www.lanacion.com.ar\" target=\"_blank\" rel=\"noreferrer noopener\">www.lanacion.com.ar<\/a> | Ciudad Aut\u00f3noma de Buenos Aires | 13.05.26<\/p>\n\n\n\n<p><\/p>\n","protected":false},"excerpt":{"rendered":"<p>Tras la apertura de sobres, fuentes oficiales del Gobierno de la Ciudad de Buenos Aires que no se presentaron oferentes a la licitaci\u00f3n llamada oportunamente para concesionar las emisoras p\u00fablicas porte\u00f1as. El intento de traspaso de los medios p\u00fablicos de la Ciudad de Buenos Aires no ha estado exento de pole\u00b4micas, ya que el Ente &hellip; <a href=\"https:\/\/amplitudmodulada.com.ar\/index.php\/noticia14343\/\" class=\"more-link\">Continu\u00e1 leyendo <span class=\"screen-reader-text\">Fracasa la licitaci\u00f3n para concesionar las emisoras p\u00fablicas porte\u00f1as<\/span><\/a><\/p>\n","protected":false},"author":1,"featured_media":0,"parent":0,"menu_order":0,"comment_status":"closed","ping_status":"closed","template":"","meta":{"footnotes":""},"class_list":["post-12264","page","type-page","status-publish","hentry"],"_links":{"self":[{"href":"https:\/\/amplitudmodulada.com.ar\/index.php\/wp-json\/wp\/v2\/pages\/12264","targetHints":{"allow":["GET"]}}],"collection":[{"href":"https:\/\/amplitudmodulada.com.ar\/index.php\/wp-json\/wp\/v2\/pages"}],"about":[{"href":"https:\/\/amplitudmodulada.com.ar\/index.php\/wp-json\/wp\/v2\/types\/page"}],"author":[{"embeddable":true,"href":"https:\/\/amplitudmodulada.com.ar\/index.php\/wp-json\/wp\/v2\/users\/1"}],"replies":[{"embeddable":true,"href":"https:\/\/amplitudmodulada.com.ar\/index.php\/wp-json\/wp\/v2\/comments?post=12264"}],"version-history":[{"count":2,"href":"https:\/\/amplitudmodulada.com.ar\/index.php\/wp-json\/wp\/v2\/pages\/12264\/revisions"}],"predecessor-version":[{"id":12267,"href":"https:\/\/amplitudmodulada.com.ar\/index.php\/wp-json\/wp\/v2\/pages\/12264\/revisions\/12267"}],"wp:attachment":[{"href":"https:\/\/amplitudmodulada.com.ar\/index.php\/wp-json\/wp\/v2\/media?parent=12264"}],"curies":[{"name":"wp","href":"https:\/\/api.w.org\/{rel}","templated":true}]}}