{"id":12304,"date":"2026-09-01T19:41:32","date_gmt":"2026-09-01T22:41:32","guid":{"rendered":"https:\/\/amplitudmodulada.com.ar\/?page_id=12304"},"modified":"2026-09-01T19:48:59","modified_gmt":"2026-09-01T22:48:59","slug":"noticia14349","status":"publish","type":"page","link":"https:\/\/amplitudmodulada.com.ar\/index.php\/noticia14349\/","title":{"rendered":"Llega a LT28 Radio Rafaela &#8220;Nuestro Campo&#8221;"},"content":{"rendered":"\n<figure class=\"wp-block-image size-full\"><img loading=\"lazy\" decoding=\"async\" width=\"147\" height=\"80\" src=\"http:\/\/amplitudmodulada.com.ar\/wp-content\/uploads\/2024\/02\/LT28-e1708188456951.png\" alt=\"\" class=\"wp-image-844\"\/><\/figure>\n\n\n\n<p>LT28 Radio Rafaela pondr\u00e1 al aire a partir del mes de junio &#8220;Nuestro Campo&#8221;, un nuevo espacio informativo dedicado a la actualidad del campo, las econom\u00edas regionales y las historia del sector agroindustrial.<\/p>\n\n\n\n<p>El nuevo ciclo contar\u00e1 con la participaci\u00f3n de Agustina Azcoaga, comunicadora social, periodista agropecuaria e integrante de la Asociaci\u00f3n Entrerriana de Periodistas Agropecuarios.<\/p>\n\n\n\n<p>El espacio saldr\u00e1 todos los martes y tendr\u00e1 como objetivo acercar a la audiencia los principales temas vinculados al campo, la producci\u00f3n y las econom\u00edas regionales.<\/p>\n\n\n\n<p>&#8220;En este espacio vamos a estar compartiendo informes especiales con los t\u00edtulos y los temas m\u00e1s importantes y de relevancia del d\u00eda vinculados a todo lo que es el agro y el sector agropecuario, tanto a nivel regional, como provincial y nacional&#8221;, explic\u00f3 la conductora de &#8220;Nuestro Campo&#8221;.<\/p>\n\n\n\n<p>Fuente: <a href=\"http:\/\/www.radiorafaela.com.ar\" data-type=\"link\" data-id=\"www.radiorafaela.com.ar\" target=\"_blank\" rel=\"noreferrer noopener\">www.radiorafaela.com.ar<\/a> | Rafaela &#8211; Santa Fe | 18.05.26<\/p>\n\n\n\n<p><\/p>\n","protected":false},"excerpt":{"rendered":"<p>LT28 Radio Rafaela pondr\u00e1 al aire a partir del mes de junio &#8220;Nuestro Campo&#8221;, un nuevo espacio informativo dedicado a la actualidad del campo, las econom\u00edas regionales y las historia del sector agroindustrial. El nuevo ciclo contar\u00e1 con la participaci\u00f3n de Agustina Azcoaga, comunicadora social, periodista agropecuaria e integrante de la Asociaci\u00f3n Entrerriana de Periodistas &hellip; <a href=\"https:\/\/amplitudmodulada.com.ar\/index.php\/noticia14349\/\" class=\"more-link\">Continu\u00e1 leyendo <span class=\"screen-reader-text\">Llega a LT28 Radio Rafaela &#8220;Nuestro Campo&#8221;<\/span><\/a><\/p>\n","protected":false},"author":1,"featured_media":0,"parent":0,"menu_order":0,"comment_status":"closed","ping_status":"closed","template":"","meta":{"footnotes":""},"class_list":["post-12304","page","type-page","status-publish","hentry"],"_links":{"self":[{"href":"https:\/\/amplitudmodulada.com.ar\/index.php\/wp-json\/wp\/v2\/pages\/12304","targetHints":{"allow":["GET"]}}],"collection":[{"href":"https:\/\/amplitudmodulada.com.ar\/index.php\/wp-json\/wp\/v2\/pages"}],"about":[{"href":"https:\/\/amplitudmodulada.com.ar\/index.php\/wp-json\/wp\/v2\/types\/page"}],"author":[{"embeddable":true,"href":"https:\/\/amplitudmodulada.com.ar\/index.php\/wp-json\/wp\/v2\/users\/1"}],"replies":[{"embeddable":true,"href":"https:\/\/amplitudmodulada.com.ar\/index.php\/wp-json\/wp\/v2\/comments?post=12304"}],"version-history":[{"count":2,"href":"https:\/\/amplitudmodulada.com.ar\/index.php\/wp-json\/wp\/v2\/pages\/12304\/revisions"}],"predecessor-version":[{"id":12307,"href":"https:\/\/amplitudmodulada.com.ar\/index.php\/wp-json\/wp\/v2\/pages\/12304\/revisions\/12307"}],"wp:attachment":[{"href":"https:\/\/amplitudmodulada.com.ar\/index.php\/wp-json\/wp\/v2\/media?parent=12304"}],"curies":[{"name":"wp","href":"https:\/\/api.w.org\/{rel}","templated":true}]}}