{"id":1749,"date":"2024-04-25T16:23:09","date_gmt":"2024-04-25T19:23:09","guid":{"rendered":"https:\/\/amplitudmodulada.com.ar\/?page_id=1749"},"modified":"2024-04-25T16:27:41","modified_gmt":"2024-04-25T19:27:41","slug":"noticia12973","status":"publish","type":"page","link":"https:\/\/amplitudmodulada.com.ar\/index.php\/noticia12973\/","title":{"rendered":"El programa &#8220;Lanata Sin Filtro&#8221; tendr\u00e1 un hora menos de duraci\u00f3n"},"content":{"rendered":"\n<figure class=\"wp-block-image size-large is-resized\"><img loading=\"lazy\" decoding=\"async\" width=\"1024\" height=\"532\" src=\"http:\/\/amplitudmodulada.com.ar\/wp-content\/uploads\/2024\/01\/790-1024x532.png\" alt=\"\" class=\"wp-image-268\" style=\"width:137px;height:auto\"\/><\/figure>\n\n\n\n<p>El programa &#8220;Lanata Sin Filtro&#8221;, que conduce el periodista Jorge Lanata en LR6 Radio Mitre, tendr\u00e1 a partir del lunes 8 de abril una hora menos de duraci\u00f3n y se emitir\u00e1 solamente de 10.00 a 13.00 horas.<\/p>\n\n\n\n<p>As\u00ed lo anunci\u00f3 este viernes el periodista \u00c1ngel de Brito a trav\u00e9s de la red social X.<\/p>\n\n\n\n<p>En tanto, en Radio Mitre estar\u00e1 de 13.00 a 16.00 horas Mar\u00eda Isabel S\u00e1nchez y luego, de 16.00 a 19.00 horas, Diego Leuco.<\/p>\n\n\n\n<p>22.03.24<\/p>\n","protected":false},"excerpt":{"rendered":"<p>El programa &#8220;Lanata Sin Filtro&#8221;, que conduce el periodista Jorge Lanata en LR6 Radio Mitre, tendr\u00e1 a partir del lunes 8 de abril una hora menos de duraci\u00f3n y se emitir\u00e1 solamente de 10.00 a 13.00 horas. As\u00ed lo anunci\u00f3 este viernes el periodista \u00c1ngel de Brito a trav\u00e9s de la red social X. En &hellip; <a href=\"https:\/\/amplitudmodulada.com.ar\/index.php\/noticia12973\/\" class=\"more-link\">Continu\u00e1 leyendo <span class=\"screen-reader-text\">El programa &#8220;Lanata Sin Filtro&#8221; tendr\u00e1 un hora menos de duraci\u00f3n<\/span><\/a><\/p>\n","protected":false},"author":1,"featured_media":0,"parent":0,"menu_order":0,"comment_status":"closed","ping_status":"closed","template":"","meta":{"footnotes":""},"class_list":["post-1749","page","type-page","status-publish","hentry"],"_links":{"self":[{"href":"https:\/\/amplitudmodulada.com.ar\/index.php\/wp-json\/wp\/v2\/pages\/1749","targetHints":{"allow":["GET"]}}],"collection":[{"href":"https:\/\/amplitudmodulada.com.ar\/index.php\/wp-json\/wp\/v2\/pages"}],"about":[{"href":"https:\/\/amplitudmodulada.com.ar\/index.php\/wp-json\/wp\/v2\/types\/page"}],"author":[{"embeddable":true,"href":"https:\/\/amplitudmodulada.com.ar\/index.php\/wp-json\/wp\/v2\/users\/1"}],"replies":[{"embeddable":true,"href":"https:\/\/amplitudmodulada.com.ar\/index.php\/wp-json\/wp\/v2\/comments?post=1749"}],"version-history":[{"count":3,"href":"https:\/\/amplitudmodulada.com.ar\/index.php\/wp-json\/wp\/v2\/pages\/1749\/revisions"}],"predecessor-version":[{"id":1754,"href":"https:\/\/amplitudmodulada.com.ar\/index.php\/wp-json\/wp\/v2\/pages\/1749\/revisions\/1754"}],"wp:attachment":[{"href":"https:\/\/amplitudmodulada.com.ar\/index.php\/wp-json\/wp\/v2\/media?parent=1749"}],"curies":[{"name":"wp","href":"https:\/\/api.w.org\/{rel}","templated":true}]}}