{"id":3034,"date":"2024-08-17T19:08:30","date_gmt":"2024-08-17T22:08:30","guid":{"rendered":"https:\/\/amplitudmodulada.com.ar\/?page_id=3034"},"modified":"2024-08-17T19:17:16","modified_gmt":"2024-08-17T22:17:16","slug":"noticia13133","status":"publish","type":"page","link":"https:\/\/amplitudmodulada.com.ar\/index.php\/noticia13133\/","title":{"rendered":"Garantizan la continuidad de Radio Nacional en la provincia de Neuqu\u00e9n"},"content":{"rendered":"\n<figure class=\"wp-block-image size-full\"><img loading=\"lazy\" decoding=\"async\" width=\"138\" height=\"100\" src=\"http:\/\/amplitudmodulada.com.ar\/wp-content\/uploads\/2024\/01\/LRA-e1704493215157.png\" alt=\"\" class=\"wp-image-8\"\/><\/figure>\n\n\n\n<p>El gobernador de Neuqu\u00e9n, Rolando Figueroa, se reuni\u00f3 este mi\u00e9rcoles con el secretario de Prensa de la Naci\u00f3n, Eduardo Serenellini, donde acordaron la continuidad de las cuatro emisoras que opera Radio Nacional en esa provincia.<\/p>\n\n\n\n<p>El acuerdo se concret\u00f3 en el contexto de reestructuraci\u00f3n de los medios de comunicaci\u00f3n que dependen del gobierno nacional.<\/p>\n\n\n\n<p>Tras el encuentro se comunic\u00f3 el compromiso asumido por el secretario de Prensa, en virtud del servicio al poblador que prestan las radios nacionales en el interior del pa\u00eds.<\/p>\n\n\n\n<p>En la provincia de Neuqu\u00e9n Radio Nacional cuenta con emisoras en la ciudad de Neuqu\u00e9n, Zapala, San Mart\u00edn de los Andes y Chos Malal.<\/p>\n\n\n\n<p>En declaraciones p\u00fablicas, Eduardo Serenellini hab\u00eda manifestado que la intenci\u00f3n del gobierno de Javier Milei apunta a la sustentabilidad econ\u00f3mica de las radios nacionales.<\/p>\n\n\n\n<p>Fuente: <a href=\"http:\/\/www.neuqueninforma.gob.ar\" data-type=\"link\" data-id=\"www.neuqueninforma.gob.ar\" target=\"_blank\" rel=\"noreferrer noopener\">www.neuqueninforma.gob.ar<\/a> | Neuqu\u00e9n &#8211; Neuqu\u00e9n | 29.05.24<\/p>\n","protected":false},"excerpt":{"rendered":"<p>El gobernador de Neuqu\u00e9n, Rolando Figueroa, se reuni\u00f3 este mi\u00e9rcoles con el secretario de Prensa de la Naci\u00f3n, Eduardo Serenellini, donde acordaron la continuidad de las cuatro emisoras que opera Radio Nacional en esa provincia. El acuerdo se concret\u00f3 en el contexto de reestructuraci\u00f3n de los medios de comunicaci\u00f3n que dependen del gobierno nacional. Tras &hellip; <a href=\"https:\/\/amplitudmodulada.com.ar\/index.php\/noticia13133\/\" class=\"more-link\">Continu\u00e1 leyendo <span class=\"screen-reader-text\">Garantizan la continuidad de Radio Nacional en la provincia de Neuqu\u00e9n<\/span><\/a><\/p>\n","protected":false},"author":1,"featured_media":0,"parent":0,"menu_order":0,"comment_status":"closed","ping_status":"closed","template":"","meta":{"footnotes":""},"class_list":["post-3034","page","type-page","status-publish","hentry"],"_links":{"self":[{"href":"https:\/\/amplitudmodulada.com.ar\/index.php\/wp-json\/wp\/v2\/pages\/3034","targetHints":{"allow":["GET"]}}],"collection":[{"href":"https:\/\/amplitudmodulada.com.ar\/index.php\/wp-json\/wp\/v2\/pages"}],"about":[{"href":"https:\/\/amplitudmodulada.com.ar\/index.php\/wp-json\/wp\/v2\/types\/page"}],"author":[{"embeddable":true,"href":"https:\/\/amplitudmodulada.com.ar\/index.php\/wp-json\/wp\/v2\/users\/1"}],"replies":[{"embeddable":true,"href":"https:\/\/amplitudmodulada.com.ar\/index.php\/wp-json\/wp\/v2\/comments?post=3034"}],"version-history":[{"count":2,"href":"https:\/\/amplitudmodulada.com.ar\/index.php\/wp-json\/wp\/v2\/pages\/3034\/revisions"}],"predecessor-version":[{"id":3037,"href":"https:\/\/amplitudmodulada.com.ar\/index.php\/wp-json\/wp\/v2\/pages\/3034\/revisions\/3037"}],"wp:attachment":[{"href":"https:\/\/amplitudmodulada.com.ar\/index.php\/wp-json\/wp\/v2\/media?parent=3034"}],"curies":[{"name":"wp","href":"https:\/\/api.w.org\/{rel}","templated":true}]}}