{"id":3040,"date":"2024-08-17T19:54:10","date_gmt":"2024-08-17T22:54:10","guid":{"rendered":"https:\/\/amplitudmodulada.com.ar\/?page_id=3040"},"modified":"2024-08-17T19:59:28","modified_gmt":"2024-08-17T22:59:28","slug":"noticia13134","status":"publish","type":"page","link":"https:\/\/amplitudmodulada.com.ar\/index.php\/noticia13134\/","title":{"rendered":"Muere Tom\u00e1s Rodr\u00edguez, hist\u00f3rico locutor de LU5 Radio Neuqu\u00e9n"},"content":{"rendered":"\n<figure class=\"wp-block-image size-full\"><img loading=\"lazy\" decoding=\"async\" width=\"176\" height=\"70\" src=\"http:\/\/amplitudmodulada.com.ar\/wp-content\/uploads\/2024\/02\/LU5-e1708514001435.png\" alt=\"\" class=\"wp-image-975\"\/><\/figure>\n\n\n\n<p>El hist\u00f3rico operador t\u00e9cnico Tom\u00e1s Rodr\u00edguez, que se desempe\u00f1\u00f3 en LU5 Radio Neuqu\u00e9n durante cuarenta y seis a\u00f1os, falleci\u00f3 este mi\u00e9rcoles a los 69 a\u00f1os.<\/p>\n\n\n\n<p>La noticia gener\u00f3 un fuerte impacto en el \u00e1mbito de la radiofon\u00eda neuquina, ya que centenares de locutores, periodistas y t\u00e9cnicos lo conocieron a lo largo de su extensa trayectoria.<\/p>\n\n\n\n<p>Especialmente, fue un duro golpe para el personal de Radio Neuqu\u00e9n, que hasta hace dos a\u00f1os lo ve\u00eda operando en esa emisora de Amplitud Modulada. <\/p>\n\n\n\n<p>Fuente: <a href=\"http:\/\/www.lmneuquen.com\" data-type=\"link\" data-id=\"www.lmneuquen.com\" target=\"_blank\" rel=\"noreferrer noopener\">www.lmneuquen.com<\/a> | Neuqu\u00e9n &#8211; Neuqu\u00e9n | 29.05.24<\/p>\n","protected":false},"excerpt":{"rendered":"<p>El hist\u00f3rico operador t\u00e9cnico Tom\u00e1s Rodr\u00edguez, que se desempe\u00f1\u00f3 en LU5 Radio Neuqu\u00e9n durante cuarenta y seis a\u00f1os, falleci\u00f3 este mi\u00e9rcoles a los 69 a\u00f1os. La noticia gener\u00f3 un fuerte impacto en el \u00e1mbito de la radiofon\u00eda neuquina, ya que centenares de locutores, periodistas y t\u00e9cnicos lo conocieron a lo largo de su extensa trayectoria. &hellip; <a href=\"https:\/\/amplitudmodulada.com.ar\/index.php\/noticia13134\/\" class=\"more-link\">Continu\u00e1 leyendo <span class=\"screen-reader-text\">Muere Tom\u00e1s Rodr\u00edguez, hist\u00f3rico locutor de LU5 Radio Neuqu\u00e9n<\/span><\/a><\/p>\n","protected":false},"author":1,"featured_media":0,"parent":0,"menu_order":0,"comment_status":"closed","ping_status":"closed","template":"","meta":{"footnotes":""},"class_list":["post-3040","page","type-page","status-publish","hentry"],"_links":{"self":[{"href":"https:\/\/amplitudmodulada.com.ar\/index.php\/wp-json\/wp\/v2\/pages\/3040","targetHints":{"allow":["GET"]}}],"collection":[{"href":"https:\/\/amplitudmodulada.com.ar\/index.php\/wp-json\/wp\/v2\/pages"}],"about":[{"href":"https:\/\/amplitudmodulada.com.ar\/index.php\/wp-json\/wp\/v2\/types\/page"}],"author":[{"embeddable":true,"href":"https:\/\/amplitudmodulada.com.ar\/index.php\/wp-json\/wp\/v2\/users\/1"}],"replies":[{"embeddable":true,"href":"https:\/\/amplitudmodulada.com.ar\/index.php\/wp-json\/wp\/v2\/comments?post=3040"}],"version-history":[{"count":2,"href":"https:\/\/amplitudmodulada.com.ar\/index.php\/wp-json\/wp\/v2\/pages\/3040\/revisions"}],"predecessor-version":[{"id":3043,"href":"https:\/\/amplitudmodulada.com.ar\/index.php\/wp-json\/wp\/v2\/pages\/3040\/revisions\/3043"}],"wp:attachment":[{"href":"https:\/\/amplitudmodulada.com.ar\/index.php\/wp-json\/wp\/v2\/media?parent=3040"}],"curies":[{"name":"wp","href":"https:\/\/api.w.org\/{rel}","templated":true}]}}