{"id":3691,"date":"2024-09-07T14:26:15","date_gmt":"2024-09-07T17:26:15","guid":{"rendered":"https:\/\/amplitudmodulada.com.ar\/?page_id=3691"},"modified":"2024-09-07T14:41:01","modified_gmt":"2024-09-07T17:41:01","slug":"noticia13184","status":"publish","type":"page","link":"https:\/\/amplitudmodulada.com.ar\/index.php\/noticia13184\/","title":{"rendered":"Gonzalo Quilodr\u00e1n defendi\u00f3 la funci\u00f3n de las delegaciones provinciales del Ente Nacional de Comunicaciones"},"content":{"rendered":"\n<figure class=\"wp-block-image size-full\"><img loading=\"lazy\" decoding=\"async\" width=\"233\" height=\"50\" src=\"http:\/\/amplitudmodulada.com.ar\/wp-content\/uploads\/2024\/01\/enacom-e1705526882784.jpg\" alt=\"\" class=\"wp-image-354\"\/><\/figure>\n\n\n\n<p>Gonzalo Quilodr\u00e1n, ex integrante del directorio del Ente Nacional de Comunicaciones, defendi\u00f3 las funciones que cumpl\u00edan las delegaciones provinciales de ese organismo, cerradas por la actual gesti\u00f3n de Javier Milei.<\/p>\n\n\n\n<p>&#8220;Es enorme el desconocimiento acerca del funcionamiento del ENACOM y lo que eran sus delegaciones, lo importante para algunos es defender una medida centralista que afecta principalmente a los usuarios y consumidores de servicios que no viven en la Ciudad de Buenos Aires&#8221;, afirm\u00f3 Gonzalo Quilodr\u00e1n.<\/p>\n\n\n\n<p>De esta manera, el ex funcionario le respondi\u00f3 a un programa de la se\u00f1al de noticias TN que hizo alusi\u00f3n a las delegaciones &#8220;fantasmas&#8221; del ENACOM.<\/p>\n\n\n\n<p>&#8220;Me parece que te pasaron mal los datos. M\u00e1s de 45.000 tr\u00e1mites gestionados y 3.580 sanciones firmadas entre 2020-2023. Una de las gestiones que m\u00e1s sanciones firm\u00f3 para garantizar los derechos de los usuarios en todo el pa\u00eds&#8221;, le contest\u00f3 Gonzalo Quilodr\u00e1n al periodista Jonatan Viale, conductor del programa televisivo.<\/p>\n\n\n\n<p>Fuente: <a href=\"http:\/\/www.elintra.com.ar\" data-type=\"link\" data-id=\"www.elintra.com.ar\" target=\"_blank\" rel=\"noreferrer noopener\">www.elintra.com.ar<\/a> | Salta &#8211; Salta | 18.06.24<\/p>\n","protected":false},"excerpt":{"rendered":"<p>Gonzalo Quilodr\u00e1n, ex integrante del directorio del Ente Nacional de Comunicaciones, defendi\u00f3 las funciones que cumpl\u00edan las delegaciones provinciales de ese organismo, cerradas por la actual gesti\u00f3n de Javier Milei. &#8220;Es enorme el desconocimiento acerca del funcionamiento del ENACOM y lo que eran sus delegaciones, lo importante para algunos es defender una medida centralista que &hellip; <a href=\"https:\/\/amplitudmodulada.com.ar\/index.php\/noticia13184\/\" class=\"more-link\">Continu\u00e1 leyendo <span class=\"screen-reader-text\">Gonzalo Quilodr\u00e1n defendi\u00f3 la funci\u00f3n de las delegaciones provinciales del Ente Nacional de Comunicaciones<\/span><\/a><\/p>\n","protected":false},"author":1,"featured_media":0,"parent":0,"menu_order":0,"comment_status":"closed","ping_status":"closed","template":"","meta":{"footnotes":""},"class_list":["post-3691","page","type-page","status-publish","hentry"],"_links":{"self":[{"href":"https:\/\/amplitudmodulada.com.ar\/index.php\/wp-json\/wp\/v2\/pages\/3691","targetHints":{"allow":["GET"]}}],"collection":[{"href":"https:\/\/amplitudmodulada.com.ar\/index.php\/wp-json\/wp\/v2\/pages"}],"about":[{"href":"https:\/\/amplitudmodulada.com.ar\/index.php\/wp-json\/wp\/v2\/types\/page"}],"author":[{"embeddable":true,"href":"https:\/\/amplitudmodulada.com.ar\/index.php\/wp-json\/wp\/v2\/users\/1"}],"replies":[{"embeddable":true,"href":"https:\/\/amplitudmodulada.com.ar\/index.php\/wp-json\/wp\/v2\/comments?post=3691"}],"version-history":[{"count":2,"href":"https:\/\/amplitudmodulada.com.ar\/index.php\/wp-json\/wp\/v2\/pages\/3691\/revisions"}],"predecessor-version":[{"id":3694,"href":"https:\/\/amplitudmodulada.com.ar\/index.php\/wp-json\/wp\/v2\/pages\/3691\/revisions\/3694"}],"wp:attachment":[{"href":"https:\/\/amplitudmodulada.com.ar\/index.php\/wp-json\/wp\/v2\/media?parent=3691"}],"curies":[{"name":"wp","href":"https:\/\/api.w.org\/{rel}","templated":true}]}}