{"id":446,"date":"2024-01-18T11:28:16","date_gmt":"2024-01-18T14:28:16","guid":{"rendered":"https:\/\/amplitudmodulada.com.ar\/?page_id=446"},"modified":"2024-01-18T11:35:40","modified_gmt":"2024-01-18T14:35:40","slug":"noticia12836","status":"publish","type":"page","link":"https:\/\/amplitudmodulada.com.ar\/index.php\/noticia12836\/","title":{"rendered":"Radio Rivadavia confirma su grilla de programaci\u00f3n de los fines de semana"},"content":{"rendered":"\n<figure class=\"wp-block-image size-full\"><img loading=\"lazy\" decoding=\"async\" width=\"174\" height=\"60\" src=\"http:\/\/amplitudmodulada.com.ar\/wp-content\/uploads\/2024\/01\/630-e1704586384620.png\" alt=\"\" class=\"wp-image-115\"\/><\/figure>\n\n\n\n<p>Luego de dar a conocer la nueva grilla de programaci\u00f3n, LS5 Radio Rivadavia anunci\u00f3 los ciclos que pondr\u00e1 al aire este a\u00f1o los fines de semana.<\/p>\n\n\n\n<p>La novedad m\u00e1s importante de los d\u00edas s\u00e1bados ser\u00e1 el retorno a la emisora de Julio Lagos.<\/p>\n\n\n\n<p>La grilla de programaci\u00f3n de los s\u00e1bados de Radio Rivadavia ser\u00e1 la siguiente:<\/p>\n\n\n\n<p>\u00b7 De 6.00 a 9.00 horas: &#8220;Rivadavia Agro&#8221;, con Carola Urdangar\u00edn.<\/p>\n\n\n\n<p>\u00b7 De 9.00 a 12.00 horas: &#8220;Modo Plager&#8221;, con D\u00e9bora Plager.<\/p>\n\n\n\n<p>\u00b7 De 12,00 a 17.00 horas: &#8220;El Sill\u00f3n de Rivadavia&#8221;, con Ricardo Guazzardi.<\/p>\n\n\n\n<p>\u00b7 De 17.00 a 22.00 horas: &#8220;La Radio Sos Vos&#8221;, con Julio Lagos.<\/p>\n\n\n\n<p>\u00b7 De 22.00 a 23.00 horas: &#8220;\u00efntimamente&#8221;, con Alejandra Rubio.<\/p>\n\n\n\n<p>&#8221; De 23.00 a 1.00 hora: &#8220;Te Escucho&#8221;, con Luisa Delfino.<\/p>\n\n\n\n<p>Fuente: <a href=\"http:\/\/www.lanacion.com.ar\" data-type=\"link\" data-id=\"www.lanacion.com.ar\" target=\"_blank\" rel=\"noreferrer noopener\">www.lanacion.com.ar<\/a> | Ciudad Aut\u00f3noma de Buenos Aires | 16.01.24<\/p>\n","protected":false},"excerpt":{"rendered":"<p>Luego de dar a conocer la nueva grilla de programaci\u00f3n, LS5 Radio Rivadavia anunci\u00f3 los ciclos que pondr\u00e1 al aire este a\u00f1o los fines de semana. La novedad m\u00e1s importante de los d\u00edas s\u00e1bados ser\u00e1 el retorno a la emisora de Julio Lagos. La grilla de programaci\u00f3n de los s\u00e1bados de Radio Rivadavia ser\u00e1 la &hellip; <a href=\"https:\/\/amplitudmodulada.com.ar\/index.php\/noticia12836\/\" class=\"more-link\">Continu\u00e1 leyendo <span class=\"screen-reader-text\">Radio Rivadavia confirma su grilla de programaci\u00f3n de los fines de semana<\/span><\/a><\/p>\n","protected":false},"author":1,"featured_media":0,"parent":0,"menu_order":0,"comment_status":"closed","ping_status":"closed","template":"","meta":{"footnotes":""},"class_list":["post-446","page","type-page","status-publish","hentry"],"_links":{"self":[{"href":"https:\/\/amplitudmodulada.com.ar\/index.php\/wp-json\/wp\/v2\/pages\/446","targetHints":{"allow":["GET"]}}],"collection":[{"href":"https:\/\/amplitudmodulada.com.ar\/index.php\/wp-json\/wp\/v2\/pages"}],"about":[{"href":"https:\/\/amplitudmodulada.com.ar\/index.php\/wp-json\/wp\/v2\/types\/page"}],"author":[{"embeddable":true,"href":"https:\/\/amplitudmodulada.com.ar\/index.php\/wp-json\/wp\/v2\/users\/1"}],"replies":[{"embeddable":true,"href":"https:\/\/amplitudmodulada.com.ar\/index.php\/wp-json\/wp\/v2\/comments?post=446"}],"version-history":[{"count":4,"href":"https:\/\/amplitudmodulada.com.ar\/index.php\/wp-json\/wp\/v2\/pages\/446\/revisions"}],"predecessor-version":[{"id":451,"href":"https:\/\/amplitudmodulada.com.ar\/index.php\/wp-json\/wp\/v2\/pages\/446\/revisions\/451"}],"wp:attachment":[{"href":"https:\/\/amplitudmodulada.com.ar\/index.php\/wp-json\/wp\/v2\/media?parent=446"}],"curies":[{"name":"wp","href":"https:\/\/api.w.org\/{rel}","templated":true}]}}