{"id":4888,"date":"2024-12-25T15:24:09","date_gmt":"2024-12-25T18:24:09","guid":{"rendered":"https:\/\/amplitudmodulada.com.ar\/?page_id=4888"},"modified":"2024-12-25T15:42:35","modified_gmt":"2024-12-25T18:42:35","slug":"noticia13340","status":"publish","type":"page","link":"https:\/\/amplitudmodulada.com.ar\/index.php\/noticia13340\/","title":{"rendered":"Radio 3 Cadena Patagonia cumple veintitr\u00e9s a\u00f1os en el aire"},"content":{"rendered":"\n<figure class=\"wp-block-image size-full\"><img loading=\"lazy\" decoding=\"async\" width=\"156\" height=\"90\" src=\"http:\/\/amplitudmodulada.com.ar\/wp-content\/uploads\/2024\/12\/LRF210-e1735152129570.png\" alt=\"\" class=\"wp-image-4891\"\/><\/figure>\n\n\n\n<p>LRF210 Radio 3 Cadena Patagonia de Trelew celebr\u00f3 este domingo 8 de septiembre veintitr\u00e9s a\u00f1os en el aire. <\/p>\n\n\n\n<p>En una entrevista realizada este domingo, Cristian Fernandes, propietario de la emisora, destac\u00f3 el alcance logrado por la se\u00f1al de la radio, no s\u00f3lo en Chubut, sino en toda la Patagonia.<\/p>\n\n\n\n<p>&#8220;Es un privilegio estar acompa\u00f1ando al interior de la provincia y a toda la Patagonia, especialmente a las personas que no tienen al alcance otros medios&#8221;, precis\u00f3.<\/p>\n\n\n\n<p>En ese sentido, indic\u00f3 que &#8220;para nosotros es muy gratificante cuando llegan los mensajes o las devoluciones de otras personas que agradecen por acompa\u00f1ar a las personas del campo que est\u00e1n trabajando o en la pesca y los yacimientos petroleros&#8221;.<\/p>\n\n\n\n<p>El propietario de Radio 3 destac\u00f3 que la emisora es la \u00fanica radio de la Patagonia con cobertura veinticuatro horas con programaci\u00f3n propia.<\/p>\n\n\n\n<p>&#8220;Buscamos la pertenencia patag\u00f3nica con gente de nuestra zona trabajando y no conectar con una cadena nacional con medios de Buenos Aires o C\u00f3rdoba&#8221;, indic\u00f3.<\/p>\n\n\n\n<p>Fuente: <a href=\"http:\/\/www.radio3cadenapatagonia.com.ar\" data-type=\"link\" data-id=\"www.radio3cadenapatagonia.com.ar\" target=\"_blank\" rel=\"noreferrer noopener\">www.radio3cadenapatagonia.com.ar<\/a> | Trelew &#8211; Chubut | 09.09.24<\/p>\n","protected":false},"excerpt":{"rendered":"<p>LRF210 Radio 3 Cadena Patagonia de Trelew celebr\u00f3 este domingo 8 de septiembre veintitr\u00e9s a\u00f1os en el aire. En una entrevista realizada este domingo, Cristian Fernandes, propietario de la emisora, destac\u00f3 el alcance logrado por la se\u00f1al de la radio, no s\u00f3lo en Chubut, sino en toda la Patagonia. &#8220;Es un privilegio estar acompa\u00f1ando al &hellip; <a href=\"https:\/\/amplitudmodulada.com.ar\/index.php\/noticia13340\/\" class=\"more-link\">Continu\u00e1 leyendo <span class=\"screen-reader-text\">Radio 3 Cadena Patagonia cumple veintitr\u00e9s a\u00f1os en el aire<\/span><\/a><\/p>\n","protected":false},"author":1,"featured_media":0,"parent":0,"menu_order":0,"comment_status":"closed","ping_status":"closed","template":"","meta":{"footnotes":""},"class_list":["post-4888","page","type-page","status-publish","hentry"],"_links":{"self":[{"href":"https:\/\/amplitudmodulada.com.ar\/index.php\/wp-json\/wp\/v2\/pages\/4888","targetHints":{"allow":["GET"]}}],"collection":[{"href":"https:\/\/amplitudmodulada.com.ar\/index.php\/wp-json\/wp\/v2\/pages"}],"about":[{"href":"https:\/\/amplitudmodulada.com.ar\/index.php\/wp-json\/wp\/v2\/types\/page"}],"author":[{"embeddable":true,"href":"https:\/\/amplitudmodulada.com.ar\/index.php\/wp-json\/wp\/v2\/users\/1"}],"replies":[{"embeddable":true,"href":"https:\/\/amplitudmodulada.com.ar\/index.php\/wp-json\/wp\/v2\/comments?post=4888"}],"version-history":[{"count":3,"href":"https:\/\/amplitudmodulada.com.ar\/index.php\/wp-json\/wp\/v2\/pages\/4888\/revisions"}],"predecessor-version":[{"id":4895,"href":"https:\/\/amplitudmodulada.com.ar\/index.php\/wp-json\/wp\/v2\/pages\/4888\/revisions\/4895"}],"wp:attachment":[{"href":"https:\/\/amplitudmodulada.com.ar\/index.php\/wp-json\/wp\/v2\/media?parent=4888"}],"curies":[{"name":"wp","href":"https:\/\/api.w.org\/{rel}","templated":true}]}}