{"id":5301,"date":"2025-01-11T14:27:27","date_gmt":"2025-01-11T17:27:27","guid":{"rendered":"https:\/\/amplitudmodulada.com.ar\/?page_id=5301"},"modified":"2025-01-11T14:36:05","modified_gmt":"2025-01-11T17:36:05","slug":"noticia13397","status":"publish","type":"page","link":"https:\/\/amplitudmodulada.com.ar\/index.php\/noticia13397\/","title":{"rendered":"La emisora municipal de Sierra Grande celebr\u00f3 su d\u00e9cimo aniversario"},"content":{"rendered":"\n<figure class=\"wp-block-image size-full\"><img loading=\"lazy\" decoding=\"async\" width=\"108\" height=\"110\" src=\"http:\/\/amplitudmodulada.com.ar\/wp-content\/uploads\/2025\/01\/sierragrande-e1736616467225.png\" alt=\"\" class=\"wp-image-5303\"\/><\/figure>\n\n\n\n<p>La emisora municipal de Sierra Grande celebr\u00f3 este fin de semana el d\u00e9cimo aniversario de su primera emisi\u00f3n. La radio sale al aire en 88.9 Mhz.<\/p>\n\n\n\n<p>La emisora dirigida por An\u00edbal Borja ha acompa\u00f1ado a la comunidad de Sierra Grande desde su fundaci\u00f3n y se ha convertido en un pilar en la vida cotidiana de los habitantes de la localidad.<\/p>\n\n\n\n<p>El festejo tuvo lugar en el marco de los actos oficiales por el aniversario de Sierra Grande.<\/p>\n\n\n\n<p>En di\u00e1logo con LU17 Radio Golfo Nuevo, An\u00ecbal Borja destac\u00f3 la importancia de la radio en el crecimiento de la cultura y social de la regi\u00f3n y enfatiz\u00f3 que la programaci\u00f3n abarca diversos g\u00e9neros y voces.<\/p>\n\n\n\n<p>&#8220;La radio se ha convertido en el coraz\u00f3n de Sierra Grande&#8221;, expres\u00f3 el directivo, que se desempe\u00f1a en ese cargo desde su fundaci\u00f3n.<\/p>\n\n\n\n<p>Fuente: <a href=\"http:\/\/www.lu17.com\" data-type=\"link\" data-id=\"www.lu17.com\" target=\"_blank\" rel=\"noreferrer noopener\">www.lu17.com<\/a> | Puerto Madryn &#8211; Chubut | 22.10.24<\/p>\n","protected":false},"excerpt":{"rendered":"<p>La emisora municipal de Sierra Grande celebr\u00f3 este fin de semana el d\u00e9cimo aniversario de su primera emisi\u00f3n. La radio sale al aire en 88.9 Mhz. La emisora dirigida por An\u00edbal Borja ha acompa\u00f1ado a la comunidad de Sierra Grande desde su fundaci\u00f3n y se ha convertido en un pilar en la vida cotidiana de &hellip; <a href=\"https:\/\/amplitudmodulada.com.ar\/index.php\/noticia13397\/\" class=\"more-link\">Continu\u00e1 leyendo <span class=\"screen-reader-text\">La emisora municipal de Sierra Grande celebr\u00f3 su d\u00e9cimo aniversario<\/span><\/a><\/p>\n","protected":false},"author":1,"featured_media":0,"parent":0,"menu_order":0,"comment_status":"closed","ping_status":"closed","template":"","meta":{"footnotes":""},"class_list":["post-5301","page","type-page","status-publish","hentry"],"_links":{"self":[{"href":"https:\/\/amplitudmodulada.com.ar\/index.php\/wp-json\/wp\/v2\/pages\/5301","targetHints":{"allow":["GET"]}}],"collection":[{"href":"https:\/\/amplitudmodulada.com.ar\/index.php\/wp-json\/wp\/v2\/pages"}],"about":[{"href":"https:\/\/amplitudmodulada.com.ar\/index.php\/wp-json\/wp\/v2\/types\/page"}],"author":[{"embeddable":true,"href":"https:\/\/amplitudmodulada.com.ar\/index.php\/wp-json\/wp\/v2\/users\/1"}],"replies":[{"embeddable":true,"href":"https:\/\/amplitudmodulada.com.ar\/index.php\/wp-json\/wp\/v2\/comments?post=5301"}],"version-history":[{"count":2,"href":"https:\/\/amplitudmodulada.com.ar\/index.php\/wp-json\/wp\/v2\/pages\/5301\/revisions"}],"predecessor-version":[{"id":5305,"href":"https:\/\/amplitudmodulada.com.ar\/index.php\/wp-json\/wp\/v2\/pages\/5301\/revisions\/5305"}],"wp:attachment":[{"href":"https:\/\/amplitudmodulada.com.ar\/index.php\/wp-json\/wp\/v2\/media?parent=5301"}],"curies":[{"name":"wp","href":"https:\/\/api.w.org\/{rel}","templated":true}]}}