{"id":6323,"date":"2025-03-02T17:45:56","date_gmt":"2025-03-02T20:45:56","guid":{"rendered":"https:\/\/amplitudmodulada.com.ar\/?page_id=6323"},"modified":"2025-03-02T17:55:01","modified_gmt":"2025-03-02T20:55:01","slug":"noticia13542","status":"publish","type":"page","link":"https:\/\/amplitudmodulada.com.ar\/index.php\/noticia13542\/","title":{"rendered":"Fallece el periodista de LRA7 Radio Nacional C\u00f3rdoba Nicol\u00e1s Fassi"},"content":{"rendered":"\n<figure class=\"wp-block-image size-full\"><img decoding=\"async\" src=\"http:\/\/amplitudmodulada.com.ar\/wp-content\/uploads\/2024\/08\/LRA7-e1723504973620.png\" alt=\"\" class=\"wp-image-2959\"\/><\/figure>\n\n\n\n<p>A los 43 a\u00f1os y luego de luchar durante meses contra una enfermedad, falleci\u00f3 este jueves 23 de enero Nicol\u00e1s Fassi, periodista de LRA7 Radio Nacional C\u00f3rdoba.<\/p>\n\n\n\n<p>Nicol\u00e1s Fassi se desempe\u00f1\u00f3 al frente del cl\u00e1sico informativo de la primera ma\u00f1ana &#8220;Nacional Informa&#8221;, fue secretario de Prensa y Difusi\u00f3n del C\u00edrculo Sindical de la Prensa y la Comunicaci\u00f3n (CISPREN) y colabor\u00f3 con numerosos medios de comunicaci\u00f3n.<\/p>\n\n\n\n<p>Aldana Varas, periodista de Radio Nacional C\u00f3rdoba, record\u00f3 a Nicol\u00e1s Fassi como &#8220;una gran persona&#8221; y asegur\u00f3 que &#8220;nos deja un vac\u00edo enorme y una tristeza enorme&#8221;.<\/p>\n\n\n\n<p>El periodista fallecido comenz\u00f3 su labor profesional en el diario Hoy D\u00eda C\u00f3rdoba y condujo el programa &#8220;Nadie Sale Vivo de Aqu\u00ed&#8221;, en Radio Nacional C\u00f3rdoba y en la emisora de Frecuencia Modulada de los Servicios de Radio y Televisi\u00f3n de la Universidad Nacional de C\u00f3rdoba.<\/p>\n\n\n\n<p>Fuente: <a href=\"http:\/\/www.radionacional.com.ar\" data-type=\"link\" data-id=\"www.radionacional.com.ar\" target=\"_blank\" rel=\"noreferrer noopener\">www.radionacional.com.ar<\/a> | Ciudad Aut\u00f3noma de Buenos Aires | 24.01.25<\/p>\n","protected":false},"excerpt":{"rendered":"<p>A los 43 a\u00f1os y luego de luchar durante meses contra una enfermedad, falleci\u00f3 este jueves 23 de enero Nicol\u00e1s Fassi, periodista de LRA7 Radio Nacional C\u00f3rdoba. Nicol\u00e1s Fassi se desempe\u00f1\u00f3 al frente del cl\u00e1sico informativo de la primera ma\u00f1ana &#8220;Nacional Informa&#8221;, fue secretario de Prensa y Difusi\u00f3n del C\u00edrculo Sindical de la Prensa y &hellip; <a href=\"https:\/\/amplitudmodulada.com.ar\/index.php\/noticia13542\/\" class=\"more-link\">Continu\u00e1 leyendo <span class=\"screen-reader-text\">Fallece el periodista de LRA7 Radio Nacional C\u00f3rdoba Nicol\u00e1s Fassi<\/span><\/a><\/p>\n","protected":false},"author":1,"featured_media":0,"parent":0,"menu_order":0,"comment_status":"closed","ping_status":"closed","template":"","meta":{"footnotes":""},"class_list":["post-6323","page","type-page","status-publish","hentry"],"_links":{"self":[{"href":"https:\/\/amplitudmodulada.com.ar\/index.php\/wp-json\/wp\/v2\/pages\/6323","targetHints":{"allow":["GET"]}}],"collection":[{"href":"https:\/\/amplitudmodulada.com.ar\/index.php\/wp-json\/wp\/v2\/pages"}],"about":[{"href":"https:\/\/amplitudmodulada.com.ar\/index.php\/wp-json\/wp\/v2\/types\/page"}],"author":[{"embeddable":true,"href":"https:\/\/amplitudmodulada.com.ar\/index.php\/wp-json\/wp\/v2\/users\/1"}],"replies":[{"embeddable":true,"href":"https:\/\/amplitudmodulada.com.ar\/index.php\/wp-json\/wp\/v2\/comments?post=6323"}],"version-history":[{"count":3,"href":"https:\/\/amplitudmodulada.com.ar\/index.php\/wp-json\/wp\/v2\/pages\/6323\/revisions"}],"predecessor-version":[{"id":6327,"href":"https:\/\/amplitudmodulada.com.ar\/index.php\/wp-json\/wp\/v2\/pages\/6323\/revisions\/6327"}],"wp:attachment":[{"href":"https:\/\/amplitudmodulada.com.ar\/index.php\/wp-json\/wp\/v2\/media?parent=6323"}],"curies":[{"name":"wp","href":"https:\/\/api.w.org\/{rel}","templated":true}]}}