{"id":6417,"date":"2025-03-16T12:33:28","date_gmt":"2025-03-16T15:33:28","guid":{"rendered":"https:\/\/amplitudmodulada.com.ar\/?page_id=6417"},"modified":"2025-03-16T12:46:43","modified_gmt":"2025-03-16T15:46:43","slug":"noticia13554","status":"publish","type":"page","link":"https:\/\/amplitudmodulada.com.ar\/index.php\/noticia13554\/","title":{"rendered":"Arranc\u00f3 la disputa para escribir la biograf\u00eda del periodista Jorge Lanata"},"content":{"rendered":"\n<figure class=\"wp-block-image size-large is-resized\"><img loading=\"lazy\" decoding=\"async\" width=\"1024\" height=\"532\" src=\"http:\/\/amplitudmodulada.com.ar\/wp-content\/uploads\/2024\/01\/790-1024x532.png\" alt=\"\" class=\"wp-image-268\" style=\"width:133px;height:auto\"\/><\/figure>\n\n\n\n<p>A un mes de la muerte de Jorge Lanata, ocurrida el pasado 30 de diciembre, ya comenzaron las disputas sobre qui\u00e9n ser\u00e1 el periodista que escriba su biograf\u00eda.<\/p>\n\n\n\n<p>Seg\u00fan destaca el portal del bisemanario Perfil, dos voces posibles se alzaron para darle vida al relato biogr\u00e1fico, Luis Majul y Oscar Gonz\u00e1lez Oro.<\/p>\n\n\n\n<p>Luis Majul escribi\u00f3 en el a\u00f1o 2012 una biograf\u00eda no autorizada sobre Jorge Lanata que el mismo periodista se neg\u00f3 a leer.<\/p>\n\n\n\n<p>Con la muerte de Jorge Lanata, Luis Majul se entusiasm\u00f3 con ser quien escriba la biograf\u00eda oficial del ex conductor de LR6 Radio Mitre.<\/p>\n\n\n\n<p>Sin embargo, Oscar Gonz\u00e1lez Oro se interpuso en sus planes al postularse para escribir la citada biograf\u00eda y protagonizar un nuevo esc\u00e1ndalo con fuertes calificativos hacia Luis Majul.<\/p>\n\n\n\n<p>&#8220;A esta edad yo digo lo que pienso, Majul es un sorete&#8221;, afirm\u00f3 Gonz\u00e1lez Oro a un medio de Uruguay al referirse al tema.<\/p>\n\n\n\n<p>Fuente: <a href=\"http:\/\/www.perfil.com\" target=\"_blank\" rel=\"noreferrer noopener\">www.perfil.com<\/a> | Ciudad Aut\u00f3noma de Buenos Aires | 03.02.25<\/p>\n","protected":false},"excerpt":{"rendered":"<p>A un mes de la muerte de Jorge Lanata, ocurrida el pasado 30 de diciembre, ya comenzaron las disputas sobre qui\u00e9n ser\u00e1 el periodista que escriba su biograf\u00eda. Seg\u00fan destaca el portal del bisemanario Perfil, dos voces posibles se alzaron para darle vida al relato biogr\u00e1fico, Luis Majul y Oscar Gonz\u00e1lez Oro. Luis Majul escribi\u00f3 &hellip; <a href=\"https:\/\/amplitudmodulada.com.ar\/index.php\/noticia13554\/\" class=\"more-link\">Continu\u00e1 leyendo <span class=\"screen-reader-text\">Arranc\u00f3 la disputa para escribir la biograf\u00eda del periodista Jorge Lanata<\/span><\/a><\/p>\n","protected":false},"author":1,"featured_media":0,"parent":0,"menu_order":0,"comment_status":"closed","ping_status":"closed","template":"","meta":{"footnotes":""},"class_list":["post-6417","page","type-page","status-publish","hentry"],"_links":{"self":[{"href":"https:\/\/amplitudmodulada.com.ar\/index.php\/wp-json\/wp\/v2\/pages\/6417","targetHints":{"allow":["GET"]}}],"collection":[{"href":"https:\/\/amplitudmodulada.com.ar\/index.php\/wp-json\/wp\/v2\/pages"}],"about":[{"href":"https:\/\/amplitudmodulada.com.ar\/index.php\/wp-json\/wp\/v2\/types\/page"}],"author":[{"embeddable":true,"href":"https:\/\/amplitudmodulada.com.ar\/index.php\/wp-json\/wp\/v2\/users\/1"}],"replies":[{"embeddable":true,"href":"https:\/\/amplitudmodulada.com.ar\/index.php\/wp-json\/wp\/v2\/comments?post=6417"}],"version-history":[{"count":3,"href":"https:\/\/amplitudmodulada.com.ar\/index.php\/wp-json\/wp\/v2\/pages\/6417\/revisions"}],"predecessor-version":[{"id":6421,"href":"https:\/\/amplitudmodulada.com.ar\/index.php\/wp-json\/wp\/v2\/pages\/6417\/revisions\/6421"}],"wp:attachment":[{"href":"https:\/\/amplitudmodulada.com.ar\/index.php\/wp-json\/wp\/v2\/media?parent=6417"}],"curies":[{"name":"wp","href":"https:\/\/api.w.org\/{rel}","templated":true}]}}