{"id":6590,"date":"2025-03-22T16:48:40","date_gmt":"2025-03-22T19:48:40","guid":{"rendered":"https:\/\/amplitudmodulada.com.ar\/?page_id=6590"},"modified":"2025-03-22T16:48:40","modified_gmt":"2025-03-22T19:48:40","slug":"noticia13579","status":"publish","type":"page","link":"https:\/\/amplitudmodulada.com.ar\/index.php\/noticia13579\/","title":{"rendered":"Qued\u00f3 confirmado el equipo completo que acompa\u00f1ar\u00e1 a Marcelo Bonelli en Radio Mitre"},"content":{"rendered":"\n<figure class=\"wp-block-image size-large is-resized\"><img loading=\"lazy\" decoding=\"async\" width=\"1024\" height=\"532\" src=\"http:\/\/amplitudmodulada.com.ar\/wp-content\/uploads\/2024\/01\/790-1024x532.png\" alt=\"\" class=\"wp-image-268\" style=\"width:151px;height:auto\"\/><\/figure>\n\n\n\n<p>Qued\u00f3 confirmado el equipo que acompa\u00f1ar\u00e1 al periodista Marcelo Bonelli, que a partir del lunes 17 de febrero estar\u00e1 a cargo de la segunda ma\u00f1ana de LR6 Radio Mitre.<\/p>\n\n\n\n<p>Marcelo Bonelli estar\u00e1 acompa\u00f1ado por Mariel Di Lenarda, en la actualidad pol\u00edtica, Rodrigo Alegre, en los temas judiciales, Bruno Yacono, en pol\u00edtica, Nicol\u00e1s Singer, en deportes, Ignacio Boullan, en los segmentos de humor, Agustina Devicenzi, en econom\u00eda, en tanto la locuci\u00f3n estar\u00e1 a cargo de Adriana Ver\u00f3n.<\/p>\n\n\n\n<p>Adem\u00e1s, en el programa habr\u00e1 colaboraciones semanales de Gabriel Levinas, Sandra Garc\u00eda, Pablo Novak y Horacio Pagani.<\/p>\n\n\n\n<p>Marcelo Bonelli conducir\u00e1 &#8220;Nuestra Ma\u00f1ana&#8221; de lunes a viernes de 10.00 a 13.00 horas.<\/p>\n\n\n\n<p>13.02.25<\/p>\n","protected":false},"excerpt":{"rendered":"<p>Qued\u00f3 confirmado el equipo que acompa\u00f1ar\u00e1 al periodista Marcelo Bonelli, que a partir del lunes 17 de febrero estar\u00e1 a cargo de la segunda ma\u00f1ana de LR6 Radio Mitre. Marcelo Bonelli estar\u00e1 acompa\u00f1ado por Mariel Di Lenarda, en la actualidad pol\u00edtica, Rodrigo Alegre, en los temas judiciales, Bruno Yacono, en pol\u00edtica, Nicol\u00e1s Singer, en deportes, &hellip; <a href=\"https:\/\/amplitudmodulada.com.ar\/index.php\/noticia13579\/\" class=\"more-link\">Continu\u00e1 leyendo <span class=\"screen-reader-text\">Qued\u00f3 confirmado el equipo completo que acompa\u00f1ar\u00e1 a Marcelo Bonelli en Radio Mitre<\/span><\/a><\/p>\n","protected":false},"author":1,"featured_media":0,"parent":0,"menu_order":0,"comment_status":"closed","ping_status":"closed","template":"","meta":{"footnotes":""},"class_list":["post-6590","page","type-page","status-publish","hentry"],"_links":{"self":[{"href":"https:\/\/amplitudmodulada.com.ar\/index.php\/wp-json\/wp\/v2\/pages\/6590","targetHints":{"allow":["GET"]}}],"collection":[{"href":"https:\/\/amplitudmodulada.com.ar\/index.php\/wp-json\/wp\/v2\/pages"}],"about":[{"href":"https:\/\/amplitudmodulada.com.ar\/index.php\/wp-json\/wp\/v2\/types\/page"}],"author":[{"embeddable":true,"href":"https:\/\/amplitudmodulada.com.ar\/index.php\/wp-json\/wp\/v2\/users\/1"}],"replies":[{"embeddable":true,"href":"https:\/\/amplitudmodulada.com.ar\/index.php\/wp-json\/wp\/v2\/comments?post=6590"}],"version-history":[{"count":1,"href":"https:\/\/amplitudmodulada.com.ar\/index.php\/wp-json\/wp\/v2\/pages\/6590\/revisions"}],"predecessor-version":[{"id":6591,"href":"https:\/\/amplitudmodulada.com.ar\/index.php\/wp-json\/wp\/v2\/pages\/6590\/revisions\/6591"}],"wp:attachment":[{"href":"https:\/\/amplitudmodulada.com.ar\/index.php\/wp-json\/wp\/v2\/media?parent=6590"}],"curies":[{"name":"wp","href":"https:\/\/api.w.org\/{rel}","templated":true}]}}