{"id":6633,"date":"2025-04-02T14:36:51","date_gmt":"2025-04-02T17:36:51","guid":{"rendered":"https:\/\/amplitudmodulada.com.ar\/?page_id=6633"},"modified":"2025-04-02T14:47:02","modified_gmt":"2025-04-02T17:47:02","slug":"noticia13585","status":"publish","type":"page","link":"https:\/\/amplitudmodulada.com.ar\/index.php\/noticia13585\/","title":{"rendered":"LV12 Radio Independencia lanza este lunes su nueva grilla de programaci\u00f3n"},"content":{"rendered":"\n<figure class=\"wp-block-image size-full\"><img loading=\"lazy\" decoding=\"async\" width=\"141\" height=\"80\" src=\"http:\/\/amplitudmodulada.com.ar\/wp-content\/uploads\/2024\/03\/LV12-e1711152370442.png\" alt=\"\" class=\"wp-image-1367\"\/><\/figure>\n\n\n\n<p>Con la promesa de continuar con la habitual cobertura de la actualidad local, nacional e internacional, LV12 Radio Independencia de San Miguel de Tucum\u00e1n lanza este lunes 17 de febrero su nueva grilla de programaci\u00f3n.<\/p>\n\n\n\n<p>La programaci\u00f3n que emitir\u00e1 Radio Independencia de lunes a viernes ser\u00e1 la siguiente:<\/p>\n\n\n\n<p>\u00b7 De 6.00 a 9.00 horas: &#8220;Buen D\u00eda con Independencia&#8221;, con Miriam Brizuela.<\/p>\n\n\n\n<p>\u00b7 De 9.00 a 12.00 horas: &#8220;La Ma\u00f1ana de la 12&#8221;, con Fabiana Orqueda.<\/p>\n\n\n\n<p>\u00b7 De 12.00 a 13.00 horas: &#8220;Despu\u00e9s de 12&#8221;.<\/p>\n\n\n\n<p>\u00b7 De 13.00 a 14.00 horas: &#8220;Panorama Informativo&#8221;.<\/p>\n\n\n\n<p>\u00b7 De 14.00 a 14.30 horas: &#8220;Suena a Campo&#8221;.<\/p>\n\n\n\n<p>\u00b7 De 14.30 a 16.00 horas: &#8220;Conectados&#8221;, con Mel Caneda.<\/p>\n\n\n\n<p>\u00b7 De 16.00 a 19.00 horas: &#8220;Viva la Tarde&#8221;, con M\u00f3nica Orellana.<\/p>\n\n\n\n<p>\u00b7 De 19.00 a 20.30 horas: &#8220;El Deportivo&#8221;, con Julio Rubino.<\/p>\n\n\n\n<p>\u00b7 De 20.30 a 21.00 horas: &#8220;Himnos de mi Coraz\u00f3n&#8221;, con Santiago P\u00e9rez Cerimele.<\/p>\n\n\n\n<p>Fuente: <a href=\"http:\/\/www.lv12.com.ar\" data-type=\"link\" data-id=\"www.lv12.com.ar\" target=\"_blank\" rel=\"noreferrer noopener\">www.lv12.com.ar<\/a> | San Miguel de Tucum\u00e1n &#8211; Tucum\u00e1n | 17.02.25<\/p>\n","protected":false},"excerpt":{"rendered":"<p>Con la promesa de continuar con la habitual cobertura de la actualidad local, nacional e internacional, LV12 Radio Independencia de San Miguel de Tucum\u00e1n lanza este lunes 17 de febrero su nueva grilla de programaci\u00f3n. La programaci\u00f3n que emitir\u00e1 Radio Independencia de lunes a viernes ser\u00e1 la siguiente: \u00b7 De 6.00 a 9.00 horas: &#8220;Buen &hellip; <a href=\"https:\/\/amplitudmodulada.com.ar\/index.php\/noticia13585\/\" class=\"more-link\">Continu\u00e1 leyendo <span class=\"screen-reader-text\">LV12 Radio Independencia lanza este lunes su nueva grilla de programaci\u00f3n<\/span><\/a><\/p>\n","protected":false},"author":1,"featured_media":0,"parent":0,"menu_order":0,"comment_status":"closed","ping_status":"closed","template":"","meta":{"footnotes":""},"class_list":["post-6633","page","type-page","status-publish","hentry"],"_links":{"self":[{"href":"https:\/\/amplitudmodulada.com.ar\/index.php\/wp-json\/wp\/v2\/pages\/6633","targetHints":{"allow":["GET"]}}],"collection":[{"href":"https:\/\/amplitudmodulada.com.ar\/index.php\/wp-json\/wp\/v2\/pages"}],"about":[{"href":"https:\/\/amplitudmodulada.com.ar\/index.php\/wp-json\/wp\/v2\/types\/page"}],"author":[{"embeddable":true,"href":"https:\/\/amplitudmodulada.com.ar\/index.php\/wp-json\/wp\/v2\/users\/1"}],"replies":[{"embeddable":true,"href":"https:\/\/amplitudmodulada.com.ar\/index.php\/wp-json\/wp\/v2\/comments?post=6633"}],"version-history":[{"count":2,"href":"https:\/\/amplitudmodulada.com.ar\/index.php\/wp-json\/wp\/v2\/pages\/6633\/revisions"}],"predecessor-version":[{"id":6636,"href":"https:\/\/amplitudmodulada.com.ar\/index.php\/wp-json\/wp\/v2\/pages\/6633\/revisions\/6636"}],"wp:attachment":[{"href":"https:\/\/amplitudmodulada.com.ar\/index.php\/wp-json\/wp\/v2\/media?parent=6633"}],"curies":[{"name":"wp","href":"https:\/\/api.w.org\/{rel}","templated":true}]}}