{"id":6708,"date":"2025-04-13T14:51:51","date_gmt":"2025-04-13T17:51:51","guid":{"rendered":"https:\/\/amplitudmodulada.com.ar\/?page_id=6708"},"modified":"2025-04-13T15:08:09","modified_gmt":"2025-04-13T18:08:09","slug":"noticia13595","status":"publish","type":"page","link":"https:\/\/amplitudmodulada.com.ar\/index.php\/noticia13595\/","title":{"rendered":"Se realizar\u00e1 un festival solidario para reconstruir una emisora de San Clemente del Tuy\u00fa"},"content":{"rendered":"\n<figure class=\"wp-block-image size-full\"><img loading=\"lazy\" decoding=\"async\" width=\"151\" height=\"100\" src=\"http:\/\/amplitudmodulada.com.ar\/wp-content\/uploads\/2025\/04\/azotea-032-1-e1744566736612.jpg\" alt=\"\" class=\"wp-image-6710\"\/><\/figure>\n\n\n\n<p>Tras el incendio que afect\u00f3 a la emisora de Frecuencia Modulada Azotea del Tuy\u00fa, se realizar\u00e1 pr\u00f3ximamente un festival solidario para ayudar a su reconstrucci\u00f3n.<\/p>\n\n\n\n<p>El evento se llevar\u00e1 a cabo el domingo 16 de marzo en la Plaza de las Banderas de San Clemente de Tuy\u00fa y habr\u00e1 m\u00fasica en vivo, patio de comidas y paseo de artesanos.<\/p>\n\n\n\n<p>Este s\u00e1bado al mediod\u00eda, un incendio de importante magnitud, cuyas causas a\u00fan no fueron establecidas, provoc\u00f3 serios da\u00f1os en las instalaciones de Azotea del Tuy\u00fa, ubicadas en avenida Costanera, entre calles 18 y 19.<\/p>\n\n\n\n<p>Con m\u00e1s de siete a\u00f1os en el aire, la emisora se ven\u00eda consolidando como un medio de comunicaci\u00f3n clave en la comunidad, con una variada programaci\u00f3n local.<\/p>\n\n\n\n<p>La noticia del incendio gener\u00f3 conmoci\u00f3n entre periodistas, locutores, operadores y oyentes, quienes reconocen la labor y el compromiso de la emisora.<\/p>\n\n\n\n<p>Azotea del Tuy\u00fa sale habitualmente al aire en 102.3 Mhz.<\/p>\n\n\n\n<p>Fuente: <a href=\"http:\/\/www.faronoticias.com.ar\" data-type=\"link\" data-id=\"www.faronoticias.com.ar\" target=\"_blank\" rel=\"noreferrer noopener\">www.faronoticias.com.ar<\/a> | San Clemente del Tuy\u00fa &#8211; Buenos Aires | 24.02.25<\/p>\n\n\n\n<p> <\/p>\n","protected":false},"excerpt":{"rendered":"<p>Tras el incendio que afect\u00f3 a la emisora de Frecuencia Modulada Azotea del Tuy\u00fa, se realizar\u00e1 pr\u00f3ximamente un festival solidario para ayudar a su reconstrucci\u00f3n. El evento se llevar\u00e1 a cabo el domingo 16 de marzo en la Plaza de las Banderas de San Clemente de Tuy\u00fa y habr\u00e1 m\u00fasica en vivo, patio de comidas &hellip; <a href=\"https:\/\/amplitudmodulada.com.ar\/index.php\/noticia13595\/\" class=\"more-link\">Continu\u00e1 leyendo <span class=\"screen-reader-text\">Se realizar\u00e1 un festival solidario para reconstruir una emisora de San Clemente del Tuy\u00fa<\/span><\/a><\/p>\n","protected":false},"author":1,"featured_media":0,"parent":0,"menu_order":0,"comment_status":"closed","ping_status":"closed","template":"","meta":{"footnotes":""},"class_list":["post-6708","page","type-page","status-publish","hentry"],"_links":{"self":[{"href":"https:\/\/amplitudmodulada.com.ar\/index.php\/wp-json\/wp\/v2\/pages\/6708","targetHints":{"allow":["GET"]}}],"collection":[{"href":"https:\/\/amplitudmodulada.com.ar\/index.php\/wp-json\/wp\/v2\/pages"}],"about":[{"href":"https:\/\/amplitudmodulada.com.ar\/index.php\/wp-json\/wp\/v2\/types\/page"}],"author":[{"embeddable":true,"href":"https:\/\/amplitudmodulada.com.ar\/index.php\/wp-json\/wp\/v2\/users\/1"}],"replies":[{"embeddable":true,"href":"https:\/\/amplitudmodulada.com.ar\/index.php\/wp-json\/wp\/v2\/comments?post=6708"}],"version-history":[{"count":5,"href":"https:\/\/amplitudmodulada.com.ar\/index.php\/wp-json\/wp\/v2\/pages\/6708\/revisions"}],"predecessor-version":[{"id":6718,"href":"https:\/\/amplitudmodulada.com.ar\/index.php\/wp-json\/wp\/v2\/pages\/6708\/revisions\/6718"}],"wp:attachment":[{"href":"https:\/\/amplitudmodulada.com.ar\/index.php\/wp-json\/wp\/v2\/media?parent=6708"}],"curies":[{"name":"wp","href":"https:\/\/api.w.org\/{rel}","templated":true}]}}