{"id":6721,"date":"2025-04-13T18:15:31","date_gmt":"2025-04-13T21:15:31","guid":{"rendered":"https:\/\/amplitudmodulada.com.ar\/?page_id=6721"},"modified":"2025-04-13T18:22:53","modified_gmt":"2025-04-13T21:22:53","slug":"noticia13596","status":"publish","type":"page","link":"https:\/\/amplitudmodulada.com.ar\/index.php\/noticia13596\/","title":{"rendered":"Destacan la repercusi\u00f3n del canal de YouTube de LT7 Radio Provincia de Corrientes"},"content":{"rendered":"\n<figure class=\"wp-block-image size-full\"><img loading=\"lazy\" decoding=\"async\" width=\"160\" height=\"80\" src=\"http:\/\/amplitudmodulada.com.ar\/wp-content\/uploads\/2024\/04\/LT7-e1713914355626.png\" alt=\"\" class=\"wp-image-1723\"\/><\/figure>\n\n\n\n<p>LT7 Radio Provincia de Corrientes destac\u00f3 este fin de semana la repercusi\u00f3n de su canal de YouTube, que se transform\u00f3 en el streaming m\u00e1s visto del Carnaval de Corrientes.<\/p>\n\n\n\n<p>La emisora correntina precis\u00f3 que en pocas horas se superaron las veinte mil visualizaciones y en el en vivo los espectadores simult\u00e1neos superaron los mil.<\/p>\n\n\n\n<p>El canal de YouTube se transform\u00f3 en el m\u00e1s visto de la provincia y con la cobertura del carnaval increment\u00f3 las visualizaciones.<\/p>\n\n\n\n<p>La transmisi\u00f3n de Radio Provincia de Corrientes se emite en simult\u00e1neo por Canal 13 de esa provincia.<\/p>\n\n\n\n<p>Fuente: <a href=\"http:\/\/www.lt7noticias.com\" data-type=\"link\" data-id=\"www.lt7noticias.com\" target=\"_blank\" rel=\"noreferrer noopener\">www.l7noticias.com<\/a> | Corrientes &#8211; Corrientes | 24.02.25  <\/p>\n","protected":false},"excerpt":{"rendered":"<p>LT7 Radio Provincia de Corrientes destac\u00f3 este fin de semana la repercusi\u00f3n de su canal de YouTube, que se transform\u00f3 en el streaming m\u00e1s visto del Carnaval de Corrientes. La emisora correntina precis\u00f3 que en pocas horas se superaron las veinte mil visualizaciones y en el en vivo los espectadores simult\u00e1neos superaron los mil. El &hellip; <a href=\"https:\/\/amplitudmodulada.com.ar\/index.php\/noticia13596\/\" class=\"more-link\">Continu\u00e1 leyendo <span class=\"screen-reader-text\">Destacan la repercusi\u00f3n del canal de YouTube de LT7 Radio Provincia de Corrientes<\/span><\/a><\/p>\n","protected":false},"author":1,"featured_media":0,"parent":0,"menu_order":0,"comment_status":"closed","ping_status":"closed","template":"","meta":{"footnotes":""},"class_list":["post-6721","page","type-page","status-publish","hentry"],"_links":{"self":[{"href":"https:\/\/amplitudmodulada.com.ar\/index.php\/wp-json\/wp\/v2\/pages\/6721","targetHints":{"allow":["GET"]}}],"collection":[{"href":"https:\/\/amplitudmodulada.com.ar\/index.php\/wp-json\/wp\/v2\/pages"}],"about":[{"href":"https:\/\/amplitudmodulada.com.ar\/index.php\/wp-json\/wp\/v2\/types\/page"}],"author":[{"embeddable":true,"href":"https:\/\/amplitudmodulada.com.ar\/index.php\/wp-json\/wp\/v2\/users\/1"}],"replies":[{"embeddable":true,"href":"https:\/\/amplitudmodulada.com.ar\/index.php\/wp-json\/wp\/v2\/comments?post=6721"}],"version-history":[{"count":2,"href":"https:\/\/amplitudmodulada.com.ar\/index.php\/wp-json\/wp\/v2\/pages\/6721\/revisions"}],"predecessor-version":[{"id":6724,"href":"https:\/\/amplitudmodulada.com.ar\/index.php\/wp-json\/wp\/v2\/pages\/6721\/revisions\/6724"}],"wp:attachment":[{"href":"https:\/\/amplitudmodulada.com.ar\/index.php\/wp-json\/wp\/v2\/media?parent=6721"}],"curies":[{"name":"wp","href":"https:\/\/api.w.org\/{rel}","templated":true}]}}