{"id":6887,"date":"2025-04-23T11:39:54","date_gmt":"2025-04-23T14:39:54","guid":{"rendered":"https:\/\/amplitudmodulada.com.ar\/?page_id=6887"},"modified":"2025-04-23T11:51:41","modified_gmt":"2025-04-23T14:51:41","slug":"noticia13618","status":"publish","type":"page","link":"https:\/\/amplitudmodulada.com.ar\/index.php\/noticia13618\/","title":{"rendered":"La Agencia Jud\u00eda de Noticias distingui\u00f3 a Radio Mitre"},"content":{"rendered":"\n<figure class=\"wp-block-image size-large is-resized\"><img loading=\"lazy\" decoding=\"async\" width=\"1024\" height=\"532\" src=\"http:\/\/amplitudmodulada.com.ar\/wp-content\/uploads\/2024\/01\/790-1024x532.png\" alt=\"\" class=\"wp-image-268\" style=\"width:139px;height:auto\"\/><\/figure>\n\n\n\n<p>La Agencia Jud\u00eda de Noticias entreg\u00f3 a LR6 Radio Mitre una placa que destaca el compromiso de la emisora con los valores democr\u00e1ticos, su firme posici\u00f3n en la lucha contra el terrorismo y el firme acompa\u00f1amiento al Estado de Israel luego del ataque del grupo islamista Hamas el 7 de octubre de 2023.<\/p>\n\n\n\n<p>La entrega de la distinci\u00f3n se concret\u00f3 en el marco de la visita a Israel del gerente de noticias de Radio Mitre, Jorge Porta, y del periodista de esa emisora Eduardo Feinmann.<\/p>\n\n\n\n<p>En ese sentido, Jorge Porta expres\u00f3 que el viaje a Israel le sirvi\u00f3 como &#8220;una red de contenci\u00f3n para entender la realidad del pa\u00eds&#8221; y asegur\u00f3 que &#8220;el drama vivido es motivador para levantarse y vivir&#8221;.<\/p>\n\n\n\n<p>Por su parte, Eduardo Feinmann manifest\u00f3 su emoci\u00f3n por el viaje y afirm\u00f3 que pudo vivir una de las experiencias m\u00e1s importantes de su vida.<\/p>\n\n\n\n<p>Fuente: <a href=\"http:\/\/www.itongadol.com\" data-type=\"link\" data-id=\"www.itongadol.com\" target=\"_blank\" rel=\"noreferrer noopener\">www.itongadol.com<\/a> | Ciudad Aut\u00f3noma de Buenos Aires | 05.03.25<\/p>\n","protected":false},"excerpt":{"rendered":"<p>La Agencia Jud\u00eda de Noticias entreg\u00f3 a LR6 Radio Mitre una placa que destaca el compromiso de la emisora con los valores democr\u00e1ticos, su firme posici\u00f3n en la lucha contra el terrorismo y el firme acompa\u00f1amiento al Estado de Israel luego del ataque del grupo islamista Hamas el 7 de octubre de 2023. La entrega &hellip; <a href=\"https:\/\/amplitudmodulada.com.ar\/index.php\/noticia13618\/\" class=\"more-link\">Continu\u00e1 leyendo <span class=\"screen-reader-text\">La Agencia Jud\u00eda de Noticias distingui\u00f3 a Radio Mitre<\/span><\/a><\/p>\n","protected":false},"author":1,"featured_media":0,"parent":0,"menu_order":0,"comment_status":"closed","ping_status":"closed","template":"","meta":{"footnotes":""},"class_list":["post-6887","page","type-page","status-publish","hentry"],"_links":{"self":[{"href":"https:\/\/amplitudmodulada.com.ar\/index.php\/wp-json\/wp\/v2\/pages\/6887","targetHints":{"allow":["GET"]}}],"collection":[{"href":"https:\/\/amplitudmodulada.com.ar\/index.php\/wp-json\/wp\/v2\/pages"}],"about":[{"href":"https:\/\/amplitudmodulada.com.ar\/index.php\/wp-json\/wp\/v2\/types\/page"}],"author":[{"embeddable":true,"href":"https:\/\/amplitudmodulada.com.ar\/index.php\/wp-json\/wp\/v2\/users\/1"}],"replies":[{"embeddable":true,"href":"https:\/\/amplitudmodulada.com.ar\/index.php\/wp-json\/wp\/v2\/comments?post=6887"}],"version-history":[{"count":2,"href":"https:\/\/amplitudmodulada.com.ar\/index.php\/wp-json\/wp\/v2\/pages\/6887\/revisions"}],"predecessor-version":[{"id":6890,"href":"https:\/\/amplitudmodulada.com.ar\/index.php\/wp-json\/wp\/v2\/pages\/6887\/revisions\/6890"}],"wp:attachment":[{"href":"https:\/\/amplitudmodulada.com.ar\/index.php\/wp-json\/wp\/v2\/media?parent=6887"}],"curies":[{"name":"wp","href":"https:\/\/api.w.org\/{rel}","templated":true}]}}