{"id":7035,"date":"2025-04-28T20:18:06","date_gmt":"2025-04-28T23:18:06","guid":{"rendered":"https:\/\/amplitudmodulada.com.ar\/?page_id=7035"},"modified":"2025-04-28T20:27:37","modified_gmt":"2025-04-28T23:27:37","slug":"noticia13639","status":"publish","type":"page","link":"https:\/\/amplitudmodulada.com.ar\/index.php\/noticia13639\/","title":{"rendered":"Destacan la campa\u00f1a solidaria de Radio Rivadavia para ayudar a las v\u00edctimas de Bah\u00eda Blanca"},"content":{"rendered":"\n<figure class=\"wp-block-image size-full\"><img loading=\"lazy\" decoding=\"async\" width=\"174\" height=\"60\" src=\"http:\/\/amplitudmodulada.com.ar\/wp-content\/uploads\/2024\/01\/630-e1704586384620.png\" alt=\"\" class=\"wp-image-115\"\/><\/figure>\n\n\n\n<p>El diario italiano Il Globo destac\u00f3 este mi\u00e9rcoles la campa\u00f1a solidaria llevada adelante por LS5 Radio Rivadavia en apoyo las v\u00edctimas de las recientes inundaciones que afectaron a Bah\u00eda Blanca.<\/p>\n\n\n\n<p>La cr\u00f3nica escrita por Francesca Capelli resalta como la emisora reaccion\u00f3 inmediatamente tras el desastre, poniendo sus instalaciones, ubicadas en Freire 932, a disposici\u00f3n para recibir donaciones durante las veinticuatro horas del d\u00edas.<\/p>\n\n\n\n<p>Jonatan Andreani, responsable art\u00edstico y de programaci\u00f3n de la radio, expres\u00f3 con emoci\u00f3n al medio italiano c\u00f3mo la iniciativa surgi\u00f3 de manera espont\u00e1nea y cont\u00f3 con el inmediato respaldo de Marcelo F\u00edgoli, presidente de Alpha Media, y Silvia Marino, CEO del grupo de medios.<\/p>\n\n\n\n<p>A trav\u00e9s de sus redes sociales, Radio Rivadavia convoc\u00f3 a la comunidad a donar bienes esenciales, como alimentos no perecederos, agua, ropa, calzado. colchones y productos de higiene personal.<\/p>\n\n\n\n<p>La respuesta fue contundente, incluyendo familias enteras y ni\u00f1os llevando juguetes como gesto solidario.<\/p>\n\n\n\n<p>Adem\u00e1s, la emisora facilit\u00f3 un servicio de recolecci\u00f3n a domicilio para quienes no pod\u00edan acercarse personalmente y cont\u00f3 con el apoyo de camioneros voluntarios que se encargaron del transporte hasta Bah\u00eda Blanca.<\/p>\n\n\n\n<p>Fuente: <a href=\"http:\/\/www.noticiasargentinas.com\" data-type=\"link\" data-id=\"www.noticiasargentinas.com\" target=\"_blank\" rel=\"noreferrer noopener\">www.noticiasargentinas.com<\/a> | Ciudad Aut\u00f3noma de Buenos Aires | 12.03.25<\/p>\n","protected":false},"excerpt":{"rendered":"<p>El diario italiano Il Globo destac\u00f3 este mi\u00e9rcoles la campa\u00f1a solidaria llevada adelante por LS5 Radio Rivadavia en apoyo las v\u00edctimas de las recientes inundaciones que afectaron a Bah\u00eda Blanca. La cr\u00f3nica escrita por Francesca Capelli resalta como la emisora reaccion\u00f3 inmediatamente tras el desastre, poniendo sus instalaciones, ubicadas en Freire 932, a disposici\u00f3n para &hellip; <a href=\"https:\/\/amplitudmodulada.com.ar\/index.php\/noticia13639\/\" class=\"more-link\">Continu\u00e1 leyendo <span class=\"screen-reader-text\">Destacan la campa\u00f1a solidaria de Radio Rivadavia para ayudar a las v\u00edctimas de Bah\u00eda Blanca<\/span><\/a><\/p>\n","protected":false},"author":1,"featured_media":0,"parent":0,"menu_order":0,"comment_status":"closed","ping_status":"closed","template":"","meta":{"footnotes":""},"class_list":["post-7035","page","type-page","status-publish","hentry"],"_links":{"self":[{"href":"https:\/\/amplitudmodulada.com.ar\/index.php\/wp-json\/wp\/v2\/pages\/7035","targetHints":{"allow":["GET"]}}],"collection":[{"href":"https:\/\/amplitudmodulada.com.ar\/index.php\/wp-json\/wp\/v2\/pages"}],"about":[{"href":"https:\/\/amplitudmodulada.com.ar\/index.php\/wp-json\/wp\/v2\/types\/page"}],"author":[{"embeddable":true,"href":"https:\/\/amplitudmodulada.com.ar\/index.php\/wp-json\/wp\/v2\/users\/1"}],"replies":[{"embeddable":true,"href":"https:\/\/amplitudmodulada.com.ar\/index.php\/wp-json\/wp\/v2\/comments?post=7035"}],"version-history":[{"count":2,"href":"https:\/\/amplitudmodulada.com.ar\/index.php\/wp-json\/wp\/v2\/pages\/7035\/revisions"}],"predecessor-version":[{"id":7038,"href":"https:\/\/amplitudmodulada.com.ar\/index.php\/wp-json\/wp\/v2\/pages\/7035\/revisions\/7038"}],"wp:attachment":[{"href":"https:\/\/amplitudmodulada.com.ar\/index.php\/wp-json\/wp\/v2\/media?parent=7035"}],"curies":[{"name":"wp","href":"https:\/\/api.w.org\/{rel}","templated":true}]}}