{"id":7086,"date":"2025-05-01T19:58:57","date_gmt":"2025-05-01T22:58:57","guid":{"rendered":"https:\/\/amplitudmodulada.com.ar\/?page_id=7086"},"modified":"2025-05-01T20:38:21","modified_gmt":"2025-05-01T23:38:21","slug":"noticia13646","status":"publish","type":"page","link":"https:\/\/amplitudmodulada.com.ar\/index.php\/noticia13646\/","title":{"rendered":"An\u00edbal D\u00edaz se suma a Radio y Televisi\u00f3n Argentina"},"content":{"rendered":"\n<figure class=\"wp-block-image size-full\"><img loading=\"lazy\" decoding=\"async\" width=\"180\" height=\"72\" src=\"http:\/\/amplitudmodulada.com.ar\/wp-content\/uploads\/2024\/08\/rta-e1724708132626.png\" alt=\"\" class=\"wp-image-3275\"\/><\/figure>\n\n\n\n<p>Radio y Televisi\u00f3n Argentina Sociedad del Estado anunci\u00f3 la incorporaci\u00f3n de An\u00edbal D\u00edaz para encabezar sus Gerencias de Ventas y Marketing.<\/p>\n\n\n\n<p>Con destacada experiencia en la industria radial y multiplataforma, An\u00edbal D\u00edaz ser\u00e1 el encargado de fortalecer la propuesta comercial de los medios que conforman el sistema p\u00fablico en sus versiones anal\u00f3gicas y digitales.<\/p>\n\n\n\n<p>An\u00edbal D\u00edaz comenz\u00f3 su carrera en el \u00e1rea comercial del Grupo PRISA, con LS4 Radio Continental y FM Los 40, continu\u00f3 en LR3 Radio Belgrano para luego y por m\u00e1s de diez a\u00f1os gestionar en el formato multiplataforma el total de las emisoras del Grupo Am\u00e9rica.<\/p>\n\n\n\n<p>Fuente: <a href=\"http:\/\/www.totalmedios.com\" data-type=\"link\" data-id=\"www.totalmedios.com\" target=\"_blank\" rel=\"noreferrer noopener\">www.totalmedios.com<\/a> | Ciudad Aut\u00f3noma de Buenos Aires | 17.03.25<\/p>\n","protected":false},"excerpt":{"rendered":"<p>Radio y Televisi\u00f3n Argentina Sociedad del Estado anunci\u00f3 la incorporaci\u00f3n de An\u00edbal D\u00edaz para encabezar sus Gerencias de Ventas y Marketing. Con destacada experiencia en la industria radial y multiplataforma, An\u00edbal D\u00edaz ser\u00e1 el encargado de fortalecer la propuesta comercial de los medios que conforman el sistema p\u00fablico en sus versiones anal\u00f3gicas y digitales. An\u00edbal &hellip; <a href=\"https:\/\/amplitudmodulada.com.ar\/index.php\/noticia13646\/\" class=\"more-link\">Continu\u00e1 leyendo <span class=\"screen-reader-text\">An\u00edbal D\u00edaz se suma a Radio y Televisi\u00f3n Argentina<\/span><\/a><\/p>\n","protected":false},"author":1,"featured_media":0,"parent":0,"menu_order":0,"comment_status":"closed","ping_status":"closed","template":"","meta":{"footnotes":""},"class_list":["post-7086","page","type-page","status-publish","hentry"],"_links":{"self":[{"href":"https:\/\/amplitudmodulada.com.ar\/index.php\/wp-json\/wp\/v2\/pages\/7086","targetHints":{"allow":["GET"]}}],"collection":[{"href":"https:\/\/amplitudmodulada.com.ar\/index.php\/wp-json\/wp\/v2\/pages"}],"about":[{"href":"https:\/\/amplitudmodulada.com.ar\/index.php\/wp-json\/wp\/v2\/types\/page"}],"author":[{"embeddable":true,"href":"https:\/\/amplitudmodulada.com.ar\/index.php\/wp-json\/wp\/v2\/users\/1"}],"replies":[{"embeddable":true,"href":"https:\/\/amplitudmodulada.com.ar\/index.php\/wp-json\/wp\/v2\/comments?post=7086"}],"version-history":[{"count":2,"href":"https:\/\/amplitudmodulada.com.ar\/index.php\/wp-json\/wp\/v2\/pages\/7086\/revisions"}],"predecessor-version":[{"id":7089,"href":"https:\/\/amplitudmodulada.com.ar\/index.php\/wp-json\/wp\/v2\/pages\/7086\/revisions\/7089"}],"wp:attachment":[{"href":"https:\/\/amplitudmodulada.com.ar\/index.php\/wp-json\/wp\/v2\/media?parent=7086"}],"curies":[{"name":"wp","href":"https:\/\/api.w.org\/{rel}","templated":true}]}}