{"id":7566,"date":"2025-06-16T16:11:25","date_gmt":"2025-06-16T19:11:25","guid":{"rendered":"https:\/\/amplitudmodulada.com.ar\/?page_id=7566"},"modified":"2025-06-16T16:22:10","modified_gmt":"2025-06-16T19:22:10","slug":"noticia13715","status":"publish","type":"page","link":"https:\/\/amplitudmodulada.com.ar\/index.php\/noticia13715\/","title":{"rendered":"La Legislatura de la Ciudad de Buenos Aires distinguir\u00e1 a AM 750"},"content":{"rendered":"\n<figure class=\"wp-block-image size-full is-style-rounded\"><img loading=\"lazy\" decoding=\"async\" width=\"144\" height=\"75\" src=\"http:\/\/amplitudmodulada.com.ar\/wp-content\/uploads\/2024\/01\/750-e1705525955651.jpg\" alt=\"\" class=\"wp-image-348\"\/><\/figure>\n\n\n\n<p>En el marco del 15\u00ba aniversario de su primera emisi\u00f3n, que se cumplir\u00e1 el pr\u00f3ximo 28 de junio, la Legislatura de la Ciudad Aut\u00f3noma de Buenos Aires distinguir\u00e1 a LRL202 AM 750.<\/p>\n\n\n\n<p>La iniciativa fue impulsada por el legislador del Frente de Todos Mat\u00edas Barroetave\u00f1a, quien explic\u00f3 que &#8220;en las comisiones de Comunicaci\u00f3n y de Cultura tenemos la posibilidad de proponer a aquellos valores, decisiones u organizaciones que expresan cierta forma de ver la Ciudad de Buenos Aires&#8221;.<\/p>\n\n\n\n<p>&#8220;Esta es una radio muy particular, es parte del Grupo Octubre, que tiene al Sindicato de Trabajadores de Edificios detr\u00e1s, una organizaci\u00f3n sindical que decide dar un paso m\u00e1s no s\u00f3lo en las tareas sindicales y de formaci\u00f3n profesional, sino que se mete en el debate cultural y pol\u00edtico a trav\u00e9s de estas herramientas&#8221;, a\u00f1adi\u00f3 el legislador.<\/p>\n\n\n\n<p>La primera transmisi\u00f3n de AM 750 fue el 28 de junio de 2010 desde Venezuela 370, domicilio del Centro Cultural Caras y Caretas, en el barrio porte\u00f1o de San Telmo.<\/p>\n\n\n\n<p>En 2022, la radio traslad\u00f3 sus estudios centrales a Emilio Ravignani 1732, en Palermo.<\/p>\n\n\n\n<p>Fuente: <a href=\"http:\/\/www.pagina12.com.ar\" data-type=\"link\" data-id=\"www.pagina12.com.ar\" target=\"_blank\" rel=\"noreferrer noopener\">www.pagina12.com.ar<\/a> | Ciudad Aut\u00f3noma de Buenos Aires | 18.04.25 <\/p>\n","protected":false},"excerpt":{"rendered":"<p>En el marco del 15\u00ba aniversario de su primera emisi\u00f3n, que se cumplir\u00e1 el pr\u00f3ximo 28 de junio, la Legislatura de la Ciudad Aut\u00f3noma de Buenos Aires distinguir\u00e1 a LRL202 AM 750. La iniciativa fue impulsada por el legislador del Frente de Todos Mat\u00edas Barroetave\u00f1a, quien explic\u00f3 que &#8220;en las comisiones de Comunicaci\u00f3n y de &hellip; <a href=\"https:\/\/amplitudmodulada.com.ar\/index.php\/noticia13715\/\" class=\"more-link\">Continu\u00e1 leyendo <span class=\"screen-reader-text\">La Legislatura de la Ciudad de Buenos Aires distinguir\u00e1 a AM 750<\/span><\/a><\/p>\n","protected":false},"author":1,"featured_media":0,"parent":0,"menu_order":0,"comment_status":"closed","ping_status":"closed","template":"","meta":{"footnotes":""},"class_list":["post-7566","page","type-page","status-publish","hentry"],"_links":{"self":[{"href":"https:\/\/amplitudmodulada.com.ar\/index.php\/wp-json\/wp\/v2\/pages\/7566","targetHints":{"allow":["GET"]}}],"collection":[{"href":"https:\/\/amplitudmodulada.com.ar\/index.php\/wp-json\/wp\/v2\/pages"}],"about":[{"href":"https:\/\/amplitudmodulada.com.ar\/index.php\/wp-json\/wp\/v2\/types\/page"}],"author":[{"embeddable":true,"href":"https:\/\/amplitudmodulada.com.ar\/index.php\/wp-json\/wp\/v2\/users\/1"}],"replies":[{"embeddable":true,"href":"https:\/\/amplitudmodulada.com.ar\/index.php\/wp-json\/wp\/v2\/comments?post=7566"}],"version-history":[{"count":2,"href":"https:\/\/amplitudmodulada.com.ar\/index.php\/wp-json\/wp\/v2\/pages\/7566\/revisions"}],"predecessor-version":[{"id":7569,"href":"https:\/\/amplitudmodulada.com.ar\/index.php\/wp-json\/wp\/v2\/pages\/7566\/revisions\/7569"}],"wp:attachment":[{"href":"https:\/\/amplitudmodulada.com.ar\/index.php\/wp-json\/wp\/v2\/media?parent=7566"}],"curies":[{"name":"wp","href":"https:\/\/api.w.org\/{rel}","templated":true}]}}