{"id":7713,"date":"2025-06-29T20:09:24","date_gmt":"2025-06-29T23:09:24","guid":{"rendered":"https:\/\/amplitudmodulada.com.ar\/?page_id=7713"},"modified":"2025-06-29T20:18:29","modified_gmt":"2025-06-29T23:18:29","slug":"noticia13738","status":"publish","type":"page","link":"https:\/\/amplitudmodulada.com.ar\/index.php\/noticia13738\/","title":{"rendered":"LU12 Radio R\u00edo Gallegos celebra el D\u00eda del Trabajador con regalos a sus oyentes"},"content":{"rendered":"\n<figure class=\"wp-block-image size-full\"><img loading=\"lazy\" decoding=\"async\" width=\"180\" height=\"72\" src=\"http:\/\/amplitudmodulada.com.ar\/wp-content\/uploads\/2025\/01\/LU12-e1736508080496.png\" alt=\"\" class=\"wp-image-5262\"\/><\/figure>\n\n\n\n<p>En el marco del D\u00eda del Trabajador, que se celebrar\u00e1 ma\u00f1ana, LU12 Radio R\u00edo Gallegos regalar\u00e1 a sus oyentes seis porciones de ravioles caseros completos.<\/p>\n\n\n\n<p>El regalo es una cortes\u00eda del tradicional local gastron\u00f3mico V\u00eda Veneto, ubicado en la calle Salta 56, de R\u00edo Gallegos.<\/p>\n\n\n\n<p>El sorteo se realizar\u00e1 este mi\u00e9rcoles 30 de abril, despu\u00e9s de las 16.00 horas en vivo en Radio R\u00edo Gallegos.<\/p>\n\n\n\n<p>Los ganadores ser\u00e1n anunciados al aire y podr\u00e1n verse a trav\u00e9s de las redes sociales de la emisora,<\/p>\n\n\n\n<p>Fuente: <a href=\"http:\/\/www.laopinionaustral.com.ar\" data-type=\"link\" data-id=\"www.laopinionaustral.com.ar\" target=\"_blank\" rel=\"noreferrer noopener\">www.laopinionaustral.com.ar<\/a> | R\u00edo Gallegos &#8211; Santa Cruz | 30.04.25<\/p>\n","protected":false},"excerpt":{"rendered":"<p>En el marco del D\u00eda del Trabajador, que se celebrar\u00e1 ma\u00f1ana, LU12 Radio R\u00edo Gallegos regalar\u00e1 a sus oyentes seis porciones de ravioles caseros completos. El regalo es una cortes\u00eda del tradicional local gastron\u00f3mico V\u00eda Veneto, ubicado en la calle Salta 56, de R\u00edo Gallegos. El sorteo se realizar\u00e1 este mi\u00e9rcoles 30 de abril, despu\u00e9s &hellip; <a href=\"https:\/\/amplitudmodulada.com.ar\/index.php\/noticia13738\/\" class=\"more-link\">Continu\u00e1 leyendo <span class=\"screen-reader-text\">LU12 Radio R\u00edo Gallegos celebra el D\u00eda del Trabajador con regalos a sus oyentes<\/span><\/a><\/p>\n","protected":false},"author":1,"featured_media":0,"parent":0,"menu_order":0,"comment_status":"closed","ping_status":"closed","template":"","meta":{"footnotes":""},"class_list":["post-7713","page","type-page","status-publish","hentry"],"_links":{"self":[{"href":"https:\/\/amplitudmodulada.com.ar\/index.php\/wp-json\/wp\/v2\/pages\/7713","targetHints":{"allow":["GET"]}}],"collection":[{"href":"https:\/\/amplitudmodulada.com.ar\/index.php\/wp-json\/wp\/v2\/pages"}],"about":[{"href":"https:\/\/amplitudmodulada.com.ar\/index.php\/wp-json\/wp\/v2\/types\/page"}],"author":[{"embeddable":true,"href":"https:\/\/amplitudmodulada.com.ar\/index.php\/wp-json\/wp\/v2\/users\/1"}],"replies":[{"embeddable":true,"href":"https:\/\/amplitudmodulada.com.ar\/index.php\/wp-json\/wp\/v2\/comments?post=7713"}],"version-history":[{"count":2,"href":"https:\/\/amplitudmodulada.com.ar\/index.php\/wp-json\/wp\/v2\/pages\/7713\/revisions"}],"predecessor-version":[{"id":7716,"href":"https:\/\/amplitudmodulada.com.ar\/index.php\/wp-json\/wp\/v2\/pages\/7713\/revisions\/7716"}],"wp:attachment":[{"href":"https:\/\/amplitudmodulada.com.ar\/index.php\/wp-json\/wp\/v2\/media?parent=7713"}],"curies":[{"name":"wp","href":"https:\/\/api.w.org\/{rel}","templated":true}]}}