{"id":7782,"date":"2025-07-02T21:05:24","date_gmt":"2025-07-03T00:05:24","guid":{"rendered":"https:\/\/amplitudmodulada.com.ar\/?page_id=7782"},"modified":"2025-07-02T21:13:28","modified_gmt":"2025-07-03T00:13:28","slug":"noticia13748","status":"publish","type":"page","link":"https:\/\/amplitudmodulada.com.ar\/index.php\/noticia13748\/","title":{"rendered":"AM 750 celebra la Semana de Mayo con regalos para sus oyentes"},"content":{"rendered":"\n<figure class=\"wp-block-image size-full is-style-rounded\"><img loading=\"lazy\" decoding=\"async\" width=\"144\" height=\"75\" src=\"http:\/\/amplitudmodulada.com.ar\/wp-content\/uploads\/2024\/01\/750-e1705525955651.jpg\" alt=\"\" class=\"wp-image-348\"\/><\/figure>\n\n\n\n<p>LRL203 AM 750 celebrar\u00e1 la Semana de Mayo con regalos a los oyentes que se acerquen a los estudios de la emisora, ubicados en la calle Emilio Ravignani 1732.<\/p>\n\n\n\n<p>Del 19 al 23 de mayo, los oyentes de AM 750 est\u00e1n invitados a la sede de la emisora para escuchar la radio en vivo y llevarse un regalo especial: una escarapela, un ejemplar de P\u00e1gina\/12 y un chocolate patrio.<\/p>\n\n\n\n<p>As\u00ed se podr\u00e1 repasar los hitos de la historia de nuestro pa\u00eds, siguiendo de cerca los programas de Cynthia Garc\u00eda, V\u00edctor Hugo Morales, Tom\u00e1s M\u00e9ndez, Nora Veiras y Diego Brancatelli.<\/p>\n\n\n\n<p>La iniciativa apunta a generar un encuentro entre la audiencia y la radio, promoviendo la participaci\u00f3n de quienes siguen d\u00eda a d\u00eda la programaci\u00f3n disfrutando de las comodidades de un bar con diferentes propuestas gastron\u00f3micas a precios populares.<\/p>\n\n\n\n<p>Fuente: <a href=\"http:\/\/www.pagina12.com.ar\" data-type=\"link\" data-id=\"www.pagina12.com.ar\" target=\"_blank\" rel=\"noreferrer noopener\">www.pagina12.com.ar<\/a> | Ciudad Aut\u00f3noma de Buenos Aires | 07.05.25<\/p>\n","protected":false},"excerpt":{"rendered":"<p>LRL203 AM 750 celebrar\u00e1 la Semana de Mayo con regalos a los oyentes que se acerquen a los estudios de la emisora, ubicados en la calle Emilio Ravignani 1732. Del 19 al 23 de mayo, los oyentes de AM 750 est\u00e1n invitados a la sede de la emisora para escuchar la radio en vivo y &hellip; <a href=\"https:\/\/amplitudmodulada.com.ar\/index.php\/noticia13748\/\" class=\"more-link\">Continu\u00e1 leyendo <span class=\"screen-reader-text\">AM 750 celebra la Semana de Mayo con regalos para sus oyentes<\/span><\/a><\/p>\n","protected":false},"author":1,"featured_media":0,"parent":0,"menu_order":0,"comment_status":"closed","ping_status":"closed","template":"","meta":{"footnotes":""},"class_list":["post-7782","page","type-page","status-publish","hentry"],"_links":{"self":[{"href":"https:\/\/amplitudmodulada.com.ar\/index.php\/wp-json\/wp\/v2\/pages\/7782","targetHints":{"allow":["GET"]}}],"collection":[{"href":"https:\/\/amplitudmodulada.com.ar\/index.php\/wp-json\/wp\/v2\/pages"}],"about":[{"href":"https:\/\/amplitudmodulada.com.ar\/index.php\/wp-json\/wp\/v2\/types\/page"}],"author":[{"embeddable":true,"href":"https:\/\/amplitudmodulada.com.ar\/index.php\/wp-json\/wp\/v2\/users\/1"}],"replies":[{"embeddable":true,"href":"https:\/\/amplitudmodulada.com.ar\/index.php\/wp-json\/wp\/v2\/comments?post=7782"}],"version-history":[{"count":2,"href":"https:\/\/amplitudmodulada.com.ar\/index.php\/wp-json\/wp\/v2\/pages\/7782\/revisions"}],"predecessor-version":[{"id":7785,"href":"https:\/\/amplitudmodulada.com.ar\/index.php\/wp-json\/wp\/v2\/pages\/7782\/revisions\/7785"}],"wp:attachment":[{"href":"https:\/\/amplitudmodulada.com.ar\/index.php\/wp-json\/wp\/v2\/media?parent=7782"}],"curies":[{"name":"wp","href":"https:\/\/api.w.org\/{rel}","templated":true}]}}