{"id":7788,"date":"2025-07-02T21:52:19","date_gmt":"2025-07-03T00:52:19","guid":{"rendered":"https:\/\/amplitudmodulada.com.ar\/?page_id=7788"},"modified":"2025-07-02T22:02:01","modified_gmt":"2025-07-03T01:02:01","slug":"noticia13749","status":"publish","type":"page","link":"https:\/\/amplitudmodulada.com.ar\/index.php\/noticia13749\/","title":{"rendered":"Un periodista de Radio Mitre utiliz\u00f3 t\u00e9rminos racistas para criticar a Juan Rom\u00e1n Riquelme"},"content":{"rendered":"\n<figure class=\"wp-block-image size-large is-resized\"><img loading=\"lazy\" decoding=\"async\" width=\"1024\" height=\"532\" src=\"http:\/\/amplitudmodulada.com.ar\/wp-content\/uploads\/2024\/01\/790-1024x532.png\" alt=\"\" class=\"wp-image-268\" style=\"width:143px;height:auto\"\/><\/figure>\n\n\n\n<p>Durante la emisi\u00f3n del programa que conduce en LR6 Radio Mitre, el periodista Gabriel Anello desat\u00f3 una fuerte pol\u00e9mica por utilizar expresiones racistas y violentas contra el presidente de Boca Juniors, Juan Rom\u00e1n Riquelme.<\/p>\n\n\n\n<p>Las declaraciones del periodista generaron rechazo en redes sociales y reavivaron el debate sobre los l\u00edmites de la libertad de expresi\u00f3n y la responsabilidad de los medios.<\/p>\n\n\n\n<p>&#8220;A los negros se los llama negros, a los marrones se los llama marrones y a los ignorantes se los llama ignorantes&#8221;, dijo Gabriel Anello y adem\u00e1s calific\u00f3 al directivo y ex jugador de Boca de &#8220;burro&#8221;, &#8220;ignorante&#8221; y &#8220;verdulero&#8221;.<\/p>\n\n\n\n<p>Adem\u00e1s, culmin\u00f3 si intervenci\u00f3n con una amenaza: &#8220;Riquelme, Mansilla 2668, a las trompadas en la puerta&#8221;.<\/p>\n\n\n\n<p>El periodista no recibi\u00f3 ninguna objeci\u00f3n alguna por parte de sus compa\u00f1eros del programa, entre ellos Federico Bulos, quien compart\u00eda micr\u00f3fono en ese momento.<\/p>\n\n\n\n<p>En su alocuci\u00f3n, Gabriel Anello tambi\u00e9n desestim\u00f3 la existencia del INADI y cuestion\u00f3 a colegas que, seg\u00fan su visi\u00f3n, se dejaron &#8220;apretar&#8221; por organismos de derechos humanos, como Mart\u00edn Ar\u00e9valo y Marcelo Nasarala.<\/p>\n\n\n\n<p>Hasta el momento, Radio Mitre no emiti\u00f3 ning\u00fan comunicado oficial y el periodista tampoco pidi\u00f3 disculpas p\u00fablicas.<\/p>\n\n\n\n<p>Fuente: <a href=\"http:\/\/www.noticiasargentinas.com\" data-type=\"link\" data-id=\"www.noticiasargentinas.com\" target=\"_blank\" rel=\"noreferrer noopener\">www.noticiasargentinas.com<\/a> | Ciudad Aut\u00f3noma de Buenos Aires | 07.05.25<\/p>\n","protected":false},"excerpt":{"rendered":"<p>Durante la emisi\u00f3n del programa que conduce en LR6 Radio Mitre, el periodista Gabriel Anello desat\u00f3 una fuerte pol\u00e9mica por utilizar expresiones racistas y violentas contra el presidente de Boca Juniors, Juan Rom\u00e1n Riquelme. Las declaraciones del periodista generaron rechazo en redes sociales y reavivaron el debate sobre los l\u00edmites de la libertad de expresi\u00f3n &hellip; <a href=\"https:\/\/amplitudmodulada.com.ar\/index.php\/noticia13749\/\" class=\"more-link\">Continu\u00e1 leyendo <span class=\"screen-reader-text\">Un periodista de Radio Mitre utiliz\u00f3 t\u00e9rminos racistas para criticar a Juan Rom\u00e1n Riquelme<\/span><\/a><\/p>\n","protected":false},"author":1,"featured_media":0,"parent":0,"menu_order":0,"comment_status":"closed","ping_status":"closed","template":"","meta":{"footnotes":""},"class_list":["post-7788","page","type-page","status-publish","hentry"],"_links":{"self":[{"href":"https:\/\/amplitudmodulada.com.ar\/index.php\/wp-json\/wp\/v2\/pages\/7788","targetHints":{"allow":["GET"]}}],"collection":[{"href":"https:\/\/amplitudmodulada.com.ar\/index.php\/wp-json\/wp\/v2\/pages"}],"about":[{"href":"https:\/\/amplitudmodulada.com.ar\/index.php\/wp-json\/wp\/v2\/types\/page"}],"author":[{"embeddable":true,"href":"https:\/\/amplitudmodulada.com.ar\/index.php\/wp-json\/wp\/v2\/users\/1"}],"replies":[{"embeddable":true,"href":"https:\/\/amplitudmodulada.com.ar\/index.php\/wp-json\/wp\/v2\/comments?post=7788"}],"version-history":[{"count":2,"href":"https:\/\/amplitudmodulada.com.ar\/index.php\/wp-json\/wp\/v2\/pages\/7788\/revisions"}],"predecessor-version":[{"id":7791,"href":"https:\/\/amplitudmodulada.com.ar\/index.php\/wp-json\/wp\/v2\/pages\/7788\/revisions\/7791"}],"wp:attachment":[{"href":"https:\/\/amplitudmodulada.com.ar\/index.php\/wp-json\/wp\/v2\/media?parent=7788"}],"curies":[{"name":"wp","href":"https:\/\/api.w.org\/{rel}","templated":true}]}}