{"id":7794,"date":"2025-07-03T08:22:21","date_gmt":"2025-07-03T11:22:21","guid":{"rendered":"https:\/\/amplitudmodulada.com.ar\/?page_id=7794"},"modified":"2025-07-03T08:33:18","modified_gmt":"2025-07-03T11:33:18","slug":"noticia13750","status":"publish","type":"page","link":"https:\/\/amplitudmodulada.com.ar\/index.php\/noticia13750\/","title":{"rendered":"Gabriel Anello pidi\u00f3 disculpas por sus dichos racistas contra Riquelme"},"content":{"rendered":"\n<figure class=\"wp-block-image size-large is-resized\"><img loading=\"lazy\" decoding=\"async\" width=\"1024\" height=\"532\" src=\"http:\/\/amplitudmodulada.com.ar\/wp-content\/uploads\/2024\/01\/790-1024x532.png\" alt=\"\" class=\"wp-image-268\" style=\"width:151px;height:auto\"\/><\/figure>\n\n\n\n<p>Con una ins\u00f3lita justificaci\u00f3n, el periodista de LR6 Radio Mitre Gabriel Anello pidi\u00f3 disculpas por sus dichos racistas contra el presidente de Boca Juniors, Juan Rom\u00e1n Riquelme.  <\/p>\n\n\n\n<p>El conductor de Radio Mitre reconoci\u00f3 que se extralimit\u00f3 al referirse al ex jugador y actual directivo con t\u00e9rminos como &#8220;negro&#8221;, &#8220;ignorante&#8221; y &#8220;burro&#8221;.<\/p>\n\n\n\n<p>Sin embargo, atribuy\u00f3 su cuestionable comportamiento a un malestar f\u00edsico.<\/p>\n\n\n\n<p>&#8220;Me sent\u00eda como el traste, me dol\u00edan los ri\u00f1ones&#8221;, afirm\u00f3.<\/p>\n\n\n\n<p>A pesar de las disculpas, asegur\u00f3 que continuar\u00e1 con sus cr\u00edticas hacia la gesti\u00f3n de Juan Rom\u00e1n Riquelme en Boca Juniors y prometi\u00f3 que no volver\u00e1 a caer en exceso.<\/p>\n\n\n\n<p>Gabriel Anello conduce en Radio Mitre el programa &#8220;Lo que Queda del D\u00eda&#8221;, que se emite de lunes a viernes de 21.00 a 24.00 horas.<\/p>\n\n\n\n<p>Fuente: <a href=\"http:\/\/www.clarin.com\" data-type=\"link\" data-id=\"www.clarin.com\" target=\"_blank\" rel=\"noreferrer noopener\">www.clarin.com<\/a> | Ciudad Aut\u00f3noma de Buenos Aires | 08.05.25<\/p>\n","protected":false},"excerpt":{"rendered":"<p>Con una ins\u00f3lita justificaci\u00f3n, el periodista de LR6 Radio Mitre Gabriel Anello pidi\u00f3 disculpas por sus dichos racistas contra el presidente de Boca Juniors, Juan Rom\u00e1n Riquelme. El conductor de Radio Mitre reconoci\u00f3 que se extralimit\u00f3 al referirse al ex jugador y actual directivo con t\u00e9rminos como &#8220;negro&#8221;, &#8220;ignorante&#8221; y &#8220;burro&#8221;. Sin embargo, atribuy\u00f3 su &hellip; <a href=\"https:\/\/amplitudmodulada.com.ar\/index.php\/noticia13750\/\" class=\"more-link\">Continu\u00e1 leyendo <span class=\"screen-reader-text\">Gabriel Anello pidi\u00f3 disculpas por sus dichos racistas contra Riquelme<\/span><\/a><\/p>\n","protected":false},"author":1,"featured_media":0,"parent":0,"menu_order":0,"comment_status":"closed","ping_status":"closed","template":"","meta":{"footnotes":""},"class_list":["post-7794","page","type-page","status-publish","hentry"],"_links":{"self":[{"href":"https:\/\/amplitudmodulada.com.ar\/index.php\/wp-json\/wp\/v2\/pages\/7794","targetHints":{"allow":["GET"]}}],"collection":[{"href":"https:\/\/amplitudmodulada.com.ar\/index.php\/wp-json\/wp\/v2\/pages"}],"about":[{"href":"https:\/\/amplitudmodulada.com.ar\/index.php\/wp-json\/wp\/v2\/types\/page"}],"author":[{"embeddable":true,"href":"https:\/\/amplitudmodulada.com.ar\/index.php\/wp-json\/wp\/v2\/users\/1"}],"replies":[{"embeddable":true,"href":"https:\/\/amplitudmodulada.com.ar\/index.php\/wp-json\/wp\/v2\/comments?post=7794"}],"version-history":[{"count":2,"href":"https:\/\/amplitudmodulada.com.ar\/index.php\/wp-json\/wp\/v2\/pages\/7794\/revisions"}],"predecessor-version":[{"id":7797,"href":"https:\/\/amplitudmodulada.com.ar\/index.php\/wp-json\/wp\/v2\/pages\/7794\/revisions\/7797"}],"wp:attachment":[{"href":"https:\/\/amplitudmodulada.com.ar\/index.php\/wp-json\/wp\/v2\/media?parent=7794"}],"curies":[{"name":"wp","href":"https:\/\/api.w.org\/{rel}","templated":true}]}}