{"id":7859,"date":"2025-07-09T20:37:22","date_gmt":"2025-07-09T23:37:22","guid":{"rendered":"https:\/\/amplitudmodulada.com.ar\/?page_id=7859"},"modified":"2025-07-09T20:46:16","modified_gmt":"2025-07-09T23:46:16","slug":"noticia13759","status":"publish","type":"page","link":"https:\/\/amplitudmodulada.com.ar\/index.php\/noticia13759\/","title":{"rendered":"Ari Paluch anunci\u00f3 su regreso a los medios"},"content":{"rendered":"\n<figure class=\"wp-block-image size-full\"><img loading=\"lazy\" decoding=\"async\" width=\"179\" height=\"63\" src=\"http:\/\/amplitudmodulada.com.ar\/wp-content\/uploads\/2025\/07\/exprimidor-e1752104323295.png\" alt=\"\" class=\"wp-image-7863\"\/><\/figure>\n\n\n\n<p>Tras ser desvinculado de FM Rock &amp; Pop por plantear al aire la idea de drogar a una mujer sin su consentimiento para tener un acercamiento, el periodista Ari Paluch anunci\u00f3 su regreso a los medios.<\/p>\n\n\n\n<p>Mediante su cuenta de Instagram, el conductor radial cont\u00f3 que regresar\u00e1 &#8220;El Exprimidor&#8221;, su hist\u00f3rico programa, pero a trav\u00e9s de Vodcast, un canal de streaming.<\/p>\n\n\n\n<p>&#8220;Vuelve El Exprimidor. Los espero el pr\u00f3ximo lunes 19 de mayo a las 8.00 de la ma\u00f1ana en el Canal de YouTube de @somosvodcast para acompa\u00f1arlos e informarlos como hace tantos a\u00f1os&#8221;, escribi\u00f3 Ari Paluch.<\/p>\n\n\n\n<p>En ese sentido, a trav\u00e9s de un video asegur\u00f3 que &#8220;te vas a sentir acompa\u00f1ado, informado y entretenido como hace tantos a\u00f1os&#8221; y a\u00f1adi\u00f3 que contar\u00e1 &#8220;con un equipazo y una muy buena propuesta tecnol\u00f3gica&#8221;.<\/p>\n\n\n\n<p>Fuente: <a href=\"http:\/\/www.perfil.com\" data-type=\"link\" data-id=\"www.perfil.com\" target=\"_blank\" rel=\"noreferrer noopener\">www.perfil.com<\/a> | Ciudad Aut\u00f3noma de Buenos Aires | 15.05.25<\/p>\n","protected":false},"excerpt":{"rendered":"<p>Tras ser desvinculado de FM Rock &amp; Pop por plantear al aire la idea de drogar a una mujer sin su consentimiento para tener un acercamiento, el periodista Ari Paluch anunci\u00f3 su regreso a los medios. Mediante su cuenta de Instagram, el conductor radial cont\u00f3 que regresar\u00e1 &#8220;El Exprimidor&#8221;, su hist\u00f3rico programa, pero a trav\u00e9s &hellip; <a href=\"https:\/\/amplitudmodulada.com.ar\/index.php\/noticia13759\/\" class=\"more-link\">Continu\u00e1 leyendo <span class=\"screen-reader-text\">Ari Paluch anunci\u00f3 su regreso a los medios<\/span><\/a><\/p>\n","protected":false},"author":1,"featured_media":0,"parent":0,"menu_order":0,"comment_status":"closed","ping_status":"closed","template":"","meta":{"footnotes":""},"class_list":["post-7859","page","type-page","status-publish","hentry"],"_links":{"self":[{"href":"https:\/\/amplitudmodulada.com.ar\/index.php\/wp-json\/wp\/v2\/pages\/7859","targetHints":{"allow":["GET"]}}],"collection":[{"href":"https:\/\/amplitudmodulada.com.ar\/index.php\/wp-json\/wp\/v2\/pages"}],"about":[{"href":"https:\/\/amplitudmodulada.com.ar\/index.php\/wp-json\/wp\/v2\/types\/page"}],"author":[{"embeddable":true,"href":"https:\/\/amplitudmodulada.com.ar\/index.php\/wp-json\/wp\/v2\/users\/1"}],"replies":[{"embeddable":true,"href":"https:\/\/amplitudmodulada.com.ar\/index.php\/wp-json\/wp\/v2\/comments?post=7859"}],"version-history":[{"count":4,"href":"https:\/\/amplitudmodulada.com.ar\/index.php\/wp-json\/wp\/v2\/pages\/7859\/revisions"}],"predecessor-version":[{"id":7868,"href":"https:\/\/amplitudmodulada.com.ar\/index.php\/wp-json\/wp\/v2\/pages\/7859\/revisions\/7868"}],"wp:attachment":[{"href":"https:\/\/amplitudmodulada.com.ar\/index.php\/wp-json\/wp\/v2\/media?parent=7859"}],"curies":[{"name":"wp","href":"https:\/\/api.w.org\/{rel}","templated":true}]}}