{"id":7893,"date":"2025-07-12T14:08:41","date_gmt":"2025-07-12T17:08:41","guid":{"rendered":"https:\/\/amplitudmodulada.com.ar\/?page_id=7893"},"modified":"2025-07-12T14:09:15","modified_gmt":"2025-07-12T17:09:15","slug":"noticia13763","status":"publish","type":"page","link":"https:\/\/amplitudmodulada.com.ar\/index.php\/noticia13763\/","title":{"rendered":"Muere el periodista Roberto Quirno"},"content":{"rendered":"\n<figure class=\"wp-block-image size-full\"><img loading=\"lazy\" decoding=\"async\" width=\"140\" height=\"93\" src=\"http:\/\/amplitudmodulada.com.ar\/wp-content\/uploads\/2025\/07\/la2x4-e1752339765849.png\" alt=\"\" class=\"wp-image-7894\"\/><\/figure>\n\n\n\n<p>A los 84 a\u00f1os de edad, falleci\u00f3 el periodista de espect\u00e1culos Roberto Quirno, ic\u00f3nico conductor del programa &#8220;El Tango en el Cine&#8221;, que se emit\u00eda por la emisora de Frecuencia Modulada La 2&#215;4.<\/p>\n\n\n\n<p>Nacido el 23 de noviembre de 1940, Roberto Quirno desarroll\u00f3 su carrera durante muchos a\u00f1os en M\u00e9xico, donde tuvo participaci\u00f3n en radio y televisi\u00f3n.<\/p>\n\n\n\n<p>En los a\u00f1os 80 fue jefe de Prensa de Music Hall y form\u00f3 parte, adem\u00e1s, de LRL202 Radio 10 y LR6 Radio Mitre.<\/p>\n\n\n\n<p>En la actualidad conduc\u00eda el programa &#8220;El Tango en el Cine&#8221; en la emisora p\u00fablica de la Ciudad de Buenos Aires.<\/p>\n\n\n\n<p>Fuente: <a href=\"http:\/\/www.noticiasargentinas.com\" data-type=\"link\" data-id=\"www.noticiasargentinas.com\" target=\"_blank\" rel=\"noreferrer noopener\">www.noticiasargentinas.com<\/a> | Ciudad Aut\u00f3noma de Buenos Aires | 16.05.25<\/p>\n","protected":false},"excerpt":{"rendered":"<p>A los 84 a\u00f1os de edad, falleci\u00f3 el periodista de espect\u00e1culos Roberto Quirno, ic\u00f3nico conductor del programa &#8220;El Tango en el Cine&#8221;, que se emit\u00eda por la emisora de Frecuencia Modulada La 2&#215;4. Nacido el 23 de noviembre de 1940, Roberto Quirno desarroll\u00f3 su carrera durante muchos a\u00f1os en M\u00e9xico, donde tuvo participaci\u00f3n en radio &hellip; <a href=\"https:\/\/amplitudmodulada.com.ar\/index.php\/noticia13763\/\" class=\"more-link\">Continu\u00e1 leyendo <span class=\"screen-reader-text\">Muere el periodista Roberto Quirno<\/span><\/a><\/p>\n","protected":false},"author":1,"featured_media":0,"parent":0,"menu_order":0,"comment_status":"closed","ping_status":"closed","template":"","meta":{"footnotes":""},"class_list":["post-7893","page","type-page","status-publish","hentry"],"_links":{"self":[{"href":"https:\/\/amplitudmodulada.com.ar\/index.php\/wp-json\/wp\/v2\/pages\/7893","targetHints":{"allow":["GET"]}}],"collection":[{"href":"https:\/\/amplitudmodulada.com.ar\/index.php\/wp-json\/wp\/v2\/pages"}],"about":[{"href":"https:\/\/amplitudmodulada.com.ar\/index.php\/wp-json\/wp\/v2\/types\/page"}],"author":[{"embeddable":true,"href":"https:\/\/amplitudmodulada.com.ar\/index.php\/wp-json\/wp\/v2\/users\/1"}],"replies":[{"embeddable":true,"href":"https:\/\/amplitudmodulada.com.ar\/index.php\/wp-json\/wp\/v2\/comments?post=7893"}],"version-history":[{"count":1,"href":"https:\/\/amplitudmodulada.com.ar\/index.php\/wp-json\/wp\/v2\/pages\/7893\/revisions"}],"predecessor-version":[{"id":7895,"href":"https:\/\/amplitudmodulada.com.ar\/index.php\/wp-json\/wp\/v2\/pages\/7893\/revisions\/7895"}],"wp:attachment":[{"href":"https:\/\/amplitudmodulada.com.ar\/index.php\/wp-json\/wp\/v2\/media?parent=7893"}],"curies":[{"name":"wp","href":"https:\/\/api.w.org\/{rel}","templated":true}]}}