{"id":8125,"date":"2025-08-02T17:41:11","date_gmt":"2025-08-02T20:41:11","guid":{"rendered":"https:\/\/amplitudmodulada.com.ar\/?page_id=8125"},"modified":"2025-08-02T17:46:05","modified_gmt":"2025-08-02T20:46:05","slug":"noticia13798","status":"publish","type":"page","link":"https:\/\/amplitudmodulada.com.ar\/index.php\/noticia13798\/","title":{"rendered":"AM 750 sortea una entrada para ver a la Selecci\u00f3n Argentina contra Colombia"},"content":{"rendered":"\n<figure class=\"wp-block-image size-full is-style-rounded\"><img loading=\"lazy\" decoding=\"async\" width=\"144\" height=\"75\" src=\"http:\/\/amplitudmodulada.com.ar\/wp-content\/uploads\/2024\/01\/750-e1705525955651.jpg\" alt=\"\" class=\"wp-image-348\"\/><\/figure>\n\n\n\n<p>LRL203 AM 750 sortear\u00e1 entre sus oyentes una entrada para ver el partido que el pr\u00f3ximo martes 10 de junio sostendr\u00e1n la Selecci\u00f3n Argentina y Colombia en el Estadio Monumental por las eliminatorias para el Mundial 2026.<\/p>\n\n\n\n<p>Para participar del sorteo, los oyentes deber\u00e1n seguir las pistas que se brindar\u00e1n en AM 750 en &#8220;La Ma\u00f1ana&#8221; con V\u00edctor Hugo Morales y en &#8220;Branca de Vuelta&#8221; con Diego Brancatelli.<\/p>\n\n\n\n<p>El sorteo se realizar\u00e1 el lunes 9 de junio en &#8220;Branca de Vuelta&#8221; y el ganador del concurso obtendr\u00e1 la entrada para ingresar al Estadio Monumental.<\/p>\n\n\n\n<p>Fuente: <a href=\"http:\/\/www.pagina12.com.ar\" data-type=\"link\" data-id=\"www.pagina12.com.ar\" target=\"_blank\" rel=\"noreferrer noopener\">www.pagina12.com.ar<\/a> | Ciudad Aut\u00f3noma de Buenos Aires | 06.06.25<\/p>\n","protected":false},"excerpt":{"rendered":"<p>LRL203 AM 750 sortear\u00e1 entre sus oyentes una entrada para ver el partido que el pr\u00f3ximo martes 10 de junio sostendr\u00e1n la Selecci\u00f3n Argentina y Colombia en el Estadio Monumental por las eliminatorias para el Mundial 2026. Para participar del sorteo, los oyentes deber\u00e1n seguir las pistas que se brindar\u00e1n en AM 750 en &#8220;La &hellip; <a href=\"https:\/\/amplitudmodulada.com.ar\/index.php\/noticia13798\/\" class=\"more-link\">Continu\u00e1 leyendo <span class=\"screen-reader-text\">AM 750 sortea una entrada para ver a la Selecci\u00f3n Argentina contra Colombia<\/span><\/a><\/p>\n","protected":false},"author":1,"featured_media":0,"parent":0,"menu_order":0,"comment_status":"closed","ping_status":"closed","template":"","meta":{"footnotes":""},"class_list":["post-8125","page","type-page","status-publish","hentry"],"_links":{"self":[{"href":"https:\/\/amplitudmodulada.com.ar\/index.php\/wp-json\/wp\/v2\/pages\/8125","targetHints":{"allow":["GET"]}}],"collection":[{"href":"https:\/\/amplitudmodulada.com.ar\/index.php\/wp-json\/wp\/v2\/pages"}],"about":[{"href":"https:\/\/amplitudmodulada.com.ar\/index.php\/wp-json\/wp\/v2\/types\/page"}],"author":[{"embeddable":true,"href":"https:\/\/amplitudmodulada.com.ar\/index.php\/wp-json\/wp\/v2\/users\/1"}],"replies":[{"embeddable":true,"href":"https:\/\/amplitudmodulada.com.ar\/index.php\/wp-json\/wp\/v2\/comments?post=8125"}],"version-history":[{"count":2,"href":"https:\/\/amplitudmodulada.com.ar\/index.php\/wp-json\/wp\/v2\/pages\/8125\/revisions"}],"predecessor-version":[{"id":8128,"href":"https:\/\/amplitudmodulada.com.ar\/index.php\/wp-json\/wp\/v2\/pages\/8125\/revisions\/8128"}],"wp:attachment":[{"href":"https:\/\/amplitudmodulada.com.ar\/index.php\/wp-json\/wp\/v2\/media?parent=8125"}],"curies":[{"name":"wp","href":"https:\/\/api.w.org\/{rel}","templated":true}]}}