{"id":8132,"date":"2025-08-02T18:35:10","date_gmt":"2025-08-02T21:35:10","guid":{"rendered":"https:\/\/amplitudmodulada.com.ar\/?page_id=8132"},"modified":"2025-08-02T18:43:17","modified_gmt":"2025-08-02T21:43:17","slug":"noticia13799","status":"publish","type":"page","link":"https:\/\/amplitudmodulada.com.ar\/index.php\/noticia13799\/","title":{"rendered":"El periodista Leo Uranga se suma a la grilla de programaci\u00f3n de Radio Splendid"},"content":{"rendered":"\n<figure class=\"wp-block-image size-full\"><img loading=\"lazy\" decoding=\"async\" width=\"93\" height=\"90\" src=\"http:\/\/amplitudmodulada.com.ar\/wp-content\/uploads\/2025\/04\/991-e1745514775112.png\" alt=\"\" class=\"wp-image-6910\"\/><\/figure>\n\n\n\n<p>El periodista Leo Uranga se suma a la grilla de programaci\u00f3n de LR4 Radio Splendid. Conducir\u00e1 a partir de ma\u00f1ana el programa &#8220;Nadie Sabe Nada&#8221;, que se emitir\u00e1 todos los s\u00e1bados de 12.00 a 15.00 horas.<\/p>\n\n\n\n<p>De esta manera, la programaci\u00f3n que Radio Splendid pondr\u00e1 al aire los d\u00edas s\u00e1bados ser\u00e1 la siguiente:<\/p>\n\n\n\n<p>\u00b7 De 7.00 a 8.00 horas: &#8220;Despertando con Splendid&#8221;, con Alejandro Gomel.<\/p>\n\n\n\n<p>\u00b7 De 8.00 a 10.00 horas: &#8220;Ciudadanos Viajeros&#8221;, con Manuel Sierra.<\/p>\n\n\n\n<p>\u00b7 De 10.00 a 12.00 horas: &#8220;Contando los D\u00edas&#8221;, con Luisa Valmaggia.<\/p>\n\n\n\n<p>\u00b7 De 12.00 a 15.00 horas: &#8220;Nadie Sabe Nada&#8221;, con Leo Uranga.<\/p>\n\n\n\n<p>\u00b7 De 15.00 a 24.00 horas: &#8220;F\u00fatbol de los Grandes&#8221;.<\/p>\n\n\n\n<p>06.06.25<\/p>\n\n\n\n<p><\/p>\n","protected":false},"excerpt":{"rendered":"<p>El periodista Leo Uranga se suma a la grilla de programaci\u00f3n de LR4 Radio Splendid. Conducir\u00e1 a partir de ma\u00f1ana el programa &#8220;Nadie Sabe Nada&#8221;, que se emitir\u00e1 todos los s\u00e1bados de 12.00 a 15.00 horas. De esta manera, la programaci\u00f3n que Radio Splendid pondr\u00e1 al aire los d\u00edas s\u00e1bados ser\u00e1 la siguiente: \u00b7 De &hellip; <a href=\"https:\/\/amplitudmodulada.com.ar\/index.php\/noticia13799\/\" class=\"more-link\">Continu\u00e1 leyendo <span class=\"screen-reader-text\">El periodista Leo Uranga se suma a la grilla de programaci\u00f3n de Radio Splendid<\/span><\/a><\/p>\n","protected":false},"author":1,"featured_media":0,"parent":0,"menu_order":0,"comment_status":"closed","ping_status":"closed","template":"","meta":{"footnotes":""},"class_list":["post-8132","page","type-page","status-publish","hentry"],"_links":{"self":[{"href":"https:\/\/amplitudmodulada.com.ar\/index.php\/wp-json\/wp\/v2\/pages\/8132","targetHints":{"allow":["GET"]}}],"collection":[{"href":"https:\/\/amplitudmodulada.com.ar\/index.php\/wp-json\/wp\/v2\/pages"}],"about":[{"href":"https:\/\/amplitudmodulada.com.ar\/index.php\/wp-json\/wp\/v2\/types\/page"}],"author":[{"embeddable":true,"href":"https:\/\/amplitudmodulada.com.ar\/index.php\/wp-json\/wp\/v2\/users\/1"}],"replies":[{"embeddable":true,"href":"https:\/\/amplitudmodulada.com.ar\/index.php\/wp-json\/wp\/v2\/comments?post=8132"}],"version-history":[{"count":2,"href":"https:\/\/amplitudmodulada.com.ar\/index.php\/wp-json\/wp\/v2\/pages\/8132\/revisions"}],"predecessor-version":[{"id":8135,"href":"https:\/\/amplitudmodulada.com.ar\/index.php\/wp-json\/wp\/v2\/pages\/8132\/revisions\/8135"}],"wp:attachment":[{"href":"https:\/\/amplitudmodulada.com.ar\/index.php\/wp-json\/wp\/v2\/media?parent=8132"}],"curies":[{"name":"wp","href":"https:\/\/api.w.org\/{rel}","templated":true}]}}