{"id":8232,"date":"2025-08-14T08:08:18","date_gmt":"2025-08-14T11:08:18","guid":{"rendered":"https:\/\/amplitudmodulada.com.ar\/?page_id=8232"},"modified":"2025-08-14T08:21:43","modified_gmt":"2025-08-14T11:21:43","slug":"noticia13813","status":"publish","type":"page","link":"https:\/\/amplitudmodulada.com.ar\/index.php\/noticia13813\/","title":{"rendered":"LV12 Radio Independencia recibi\u00f3 la recertificaci\u00f3n de Marca Tucum\u00e1n"},"content":{"rendered":"\n<figure class=\"wp-block-image size-full\"><img loading=\"lazy\" decoding=\"async\" width=\"143\" height=\"115\" src=\"http:\/\/amplitudmodulada.com.ar\/wp-content\/uploads\/2025\/08\/marcatucuman-e1755170451175.png\" alt=\"\" class=\"wp-image-8235\"\/><\/figure>\n\n\n\n<p>En un acto realizado este martes en la Casa de Gobierno de Tucum\u00e1n, LV12 Radio Independencia recibi\u00f3 la recertificaci\u00f3n de Marca Tucum\u00e1n.<\/p>\n\n\n\n<p>Marca Tucum\u00e1n es la \u00fanica marca territorio en Argentina que cuenta con un proceso de an\u00e1lisis, otorgamiento y seguimiento de la Licencia de Uso de Marca Tucum\u00e1n certificado por el est\u00e1ndar internacional ISO 9001.<\/p>\n\n\n\n<p>En 2022, Radio Independencia hab\u00eda recibido el certificado Marca Tucum\u00e1n y ayer se le entreg\u00f3 la recertificaci\u00f3n, ya que la licencia tiene una vigencia de tres a\u00f1os.<\/p>\n\n\n\n<p>&#8220;Marca Tucum\u00e1n es m\u00e1s que un dise\u00f1o gr\u00e1fico, es algo que identifica a Tucum\u00e1n porque atraviesa a todos los sectores como cultura, producci\u00f3n, industria, comercio y emprendedores. Nos une y nos representa como tucumanos&#8221;, destac\u00f3 Florencia Andriani, representante del sector privado en el directorio del Instituto de Desarrollo Productivo (IDEP).<\/p>\n\n\n\n<p>Con estudios en San Miguel de Tucum\u00e1n, Radio Independencia sale al aire en 590 Khz. y 105.1 Mhz.<\/p>\n\n\n\n<p>Fuente: <a href=\"http:\/\/www.lv12.com.ar\" data-type=\"link\" data-id=\"www.lv12.com.ar\" target=\"_blank\" rel=\"noreferrer noopener\">www.lv12.com.ar<\/a> | San Miguel de Tucum\u00e1n &#8211; Tucum\u00e1n | 18.06.25  <\/p>\n","protected":false},"excerpt":{"rendered":"<p>En un acto realizado este martes en la Casa de Gobierno de Tucum\u00e1n, LV12 Radio Independencia recibi\u00f3 la recertificaci\u00f3n de Marca Tucum\u00e1n. Marca Tucum\u00e1n es la \u00fanica marca territorio en Argentina que cuenta con un proceso de an\u00e1lisis, otorgamiento y seguimiento de la Licencia de Uso de Marca Tucum\u00e1n certificado por el est\u00e1ndar internacional ISO &hellip; <a href=\"https:\/\/amplitudmodulada.com.ar\/index.php\/noticia13813\/\" class=\"more-link\">Continu\u00e1 leyendo <span class=\"screen-reader-text\">LV12 Radio Independencia recibi\u00f3 la recertificaci\u00f3n de Marca Tucum\u00e1n<\/span><\/a><\/p>\n","protected":false},"author":1,"featured_media":0,"parent":0,"menu_order":0,"comment_status":"closed","ping_status":"closed","template":"","meta":{"footnotes":""},"class_list":["post-8232","page","type-page","status-publish","hentry"],"_links":{"self":[{"href":"https:\/\/amplitudmodulada.com.ar\/index.php\/wp-json\/wp\/v2\/pages\/8232","targetHints":{"allow":["GET"]}}],"collection":[{"href":"https:\/\/amplitudmodulada.com.ar\/index.php\/wp-json\/wp\/v2\/pages"}],"about":[{"href":"https:\/\/amplitudmodulada.com.ar\/index.php\/wp-json\/wp\/v2\/types\/page"}],"author":[{"embeddable":true,"href":"https:\/\/amplitudmodulada.com.ar\/index.php\/wp-json\/wp\/v2\/users\/1"}],"replies":[{"embeddable":true,"href":"https:\/\/amplitudmodulada.com.ar\/index.php\/wp-json\/wp\/v2\/comments?post=8232"}],"version-history":[{"count":3,"href":"https:\/\/amplitudmodulada.com.ar\/index.php\/wp-json\/wp\/v2\/pages\/8232\/revisions"}],"predecessor-version":[{"id":8237,"href":"https:\/\/amplitudmodulada.com.ar\/index.php\/wp-json\/wp\/v2\/pages\/8232\/revisions\/8237"}],"wp:attachment":[{"href":"https:\/\/amplitudmodulada.com.ar\/index.php\/wp-json\/wp\/v2\/media?parent=8232"}],"curies":[{"name":"wp","href":"https:\/\/api.w.org\/{rel}","templated":true}]}}