{"id":8266,"date":"2025-08-16T14:21:23","date_gmt":"2025-08-16T17:21:23","guid":{"rendered":"https:\/\/amplitudmodulada.com.ar\/?page_id=8266"},"modified":"2025-08-16T14:21:23","modified_gmt":"2025-08-16T17:21:23","slug":"noticia13818","status":"publish","type":"page","link":"https:\/\/amplitudmodulada.com.ar\/index.php\/noticia13818\/","title":{"rendered":"Mercedes Ninci denunci\u00f3 que fue agredida en un restaurante durante la marcha por Cristina Fern\u00e1ndez"},"content":{"rendered":"\n<figure class=\"wp-block-image size-large is-resized\"><img loading=\"lazy\" decoding=\"async\" width=\"1024\" height=\"532\" src=\"http:\/\/amplitudmodulada.com.ar\/wp-content\/uploads\/2024\/01\/790-1024x532.png\" alt=\"\" class=\"wp-image-268\" style=\"width:146px;height:auto\"\/><\/figure>\n\n\n\n<p>La periodista de Mercedes Ninci denunci\u00f3 que fue agredida en un restaurante durante la masiva manifestaci\u00f3n que se llev\u00f3 a cabo este mi\u00e9rcoles en respaldo a la ex presidenta Cristina Fern\u00e1ndez de Kirchner.<\/p>\n\n\n\n<p>Seg\u00fan relat\u00f3 la periodista de LR6 Radio Mitre, un grupo de militantes que se encontraba comiendo en un restaurante ubicado en Plaza de Mayo intent\u00f3 quitarle el tel\u00e9fono celular y la empuj\u00f3 para echarla del lugar.<\/p>\n\n\n\n<p>La periodista, que se desempe\u00f1a habitualmente en la unidad m\u00f3vil de Radio Mitre, relat\u00f3 que algunos militantes la insultaron al grito de &#8220;ensobrada&#8221; y &#8220;gorila&#8221;.<\/p>\n\n\n\n<p>&#8220;El mundo al rev\u00e9s. Nunca recib\u00ed un centavo del Estado, ni de ning\u00fan pol\u00edtico&#8221;, asegur\u00f3.<\/p>\n\n\n\n<p>En ese contexto, Mercedes Ninci agradeci\u00f3 al personal del restaurante que la ayud\u00f3 a salir del local sin que agrave la situaci\u00f3n.<\/p>\n\n\n\n<p>19.06.25<\/p>\n","protected":false},"excerpt":{"rendered":"<p>La periodista de Mercedes Ninci denunci\u00f3 que fue agredida en un restaurante durante la masiva manifestaci\u00f3n que se llev\u00f3 a cabo este mi\u00e9rcoles en respaldo a la ex presidenta Cristina Fern\u00e1ndez de Kirchner. Seg\u00fan relat\u00f3 la periodista de LR6 Radio Mitre, un grupo de militantes que se encontraba comiendo en un restaurante ubicado en Plaza &hellip; <a href=\"https:\/\/amplitudmodulada.com.ar\/index.php\/noticia13818\/\" class=\"more-link\">Continu\u00e1 leyendo <span class=\"screen-reader-text\">Mercedes Ninci denunci\u00f3 que fue agredida en un restaurante durante la marcha por Cristina Fern\u00e1ndez<\/span><\/a><\/p>\n","protected":false},"author":1,"featured_media":0,"parent":0,"menu_order":0,"comment_status":"closed","ping_status":"closed","template":"","meta":{"footnotes":""},"class_list":["post-8266","page","type-page","status-publish","hentry"],"_links":{"self":[{"href":"https:\/\/amplitudmodulada.com.ar\/index.php\/wp-json\/wp\/v2\/pages\/8266","targetHints":{"allow":["GET"]}}],"collection":[{"href":"https:\/\/amplitudmodulada.com.ar\/index.php\/wp-json\/wp\/v2\/pages"}],"about":[{"href":"https:\/\/amplitudmodulada.com.ar\/index.php\/wp-json\/wp\/v2\/types\/page"}],"author":[{"embeddable":true,"href":"https:\/\/amplitudmodulada.com.ar\/index.php\/wp-json\/wp\/v2\/users\/1"}],"replies":[{"embeddable":true,"href":"https:\/\/amplitudmodulada.com.ar\/index.php\/wp-json\/wp\/v2\/comments?post=8266"}],"version-history":[{"count":1,"href":"https:\/\/amplitudmodulada.com.ar\/index.php\/wp-json\/wp\/v2\/pages\/8266\/revisions"}],"predecessor-version":[{"id":8267,"href":"https:\/\/amplitudmodulada.com.ar\/index.php\/wp-json\/wp\/v2\/pages\/8266\/revisions\/8267"}],"wp:attachment":[{"href":"https:\/\/amplitudmodulada.com.ar\/index.php\/wp-json\/wp\/v2\/media?parent=8266"}],"curies":[{"name":"wp","href":"https:\/\/api.w.org\/{rel}","templated":true}]}}