{"id":8770,"date":"2025-09-21T20:41:25","date_gmt":"2025-09-21T23:41:25","guid":{"rendered":"https:\/\/amplitudmodulada.com.ar\/?page_id=8770"},"modified":"2025-09-22T21:30:08","modified_gmt":"2025-09-23T00:30:08","slug":"noticia13885","status":"publish","type":"page","link":"https:\/\/amplitudmodulada.com.ar\/index.php\/noticia13885\/","title":{"rendered":"Disponen el cierre de la emisora municipal de Concordia"},"content":{"rendered":"\n<figure class=\"wp-block-image size-full\"><img loading=\"lazy\" decoding=\"async\" width=\"179\" height=\"70\" src=\"http:\/\/amplitudmodulada.com.ar\/wp-content\/uploads\/2025\/09\/ciudadana-e1758498189938.png\" alt=\"\" class=\"wp-image-8772\"\/><\/figure>\n\n\n\n<p>El Concejo Deliberante de Concordia dispuso este jueves 24 de julio el cierre de la emisora municipal de esa ciudad, Radio Ciudadana. <\/p>\n\n\n\n<p>Asimismo dispuso la reubicaci\u00f3n en distintas \u00e1reas de la comuna del personal que se desempe\u00f1a en ese medio de comunicaci\u00f3n.<\/p>\n\n\n\n<p>Los ediles aprobaron por mayor\u00eda la derogaci\u00f3n de la ordenanza que hab\u00eda creado la Comisi\u00f3n Administradora de la Radio P\u00fablica de Concordia (CARP).<\/p>\n\n\n\n<p>Con esta derogaci\u00f3n, impulsada por el ejecutivo municipal y concretada a trav\u00e9s de un proyecto del legislador Felipe Sastre, todos los bienes y el personal pasan a depender directamente del municipio.<\/p>\n\n\n\n<p>&#8220;Se dispuso el cierre de la radio&#8221;, afirm\u00f3 el concejal Felipe Sastre y a\u00f1adi\u00f3 que &#8220;se est\u00e1n evaluando alternativas para darle una nueva funcionalidad a la radio, ya fuera de la \u00f3rbita municipal, ya sea vendi\u00e9ndola, concesion\u00e1ndola o vendiendo sus bienes&#8221;.<\/p>\n\n\n\n<p>Fuente: <a href=\"http:\/\/www.entreriosahora.com\" data-type=\"link\" data-id=\"www.entreriosahora.com\" target=\"_blank\" rel=\"noreferrer noopener\">www.entreriosahora.com<\/a> | Paran\u00e1 &#8211; Entre R\u00edos | 24.07.25<\/p>\n","protected":false},"excerpt":{"rendered":"<p>El Concejo Deliberante de Concordia dispuso este jueves 24 de julio el cierre de la emisora municipal de esa ciudad, Radio Ciudadana. Asimismo dispuso la reubicaci\u00f3n en distintas \u00e1reas de la comuna del personal que se desempe\u00f1a en ese medio de comunicaci\u00f3n. Los ediles aprobaron por mayor\u00eda la derogaci\u00f3n de la ordenanza que hab\u00eda creado &hellip; <a href=\"https:\/\/amplitudmodulada.com.ar\/index.php\/noticia13885\/\" class=\"more-link\">Continu\u00e1 leyendo <span class=\"screen-reader-text\">Disponen el cierre de la emisora municipal de Concordia<\/span><\/a><\/p>\n","protected":false},"author":1,"featured_media":0,"parent":0,"menu_order":0,"comment_status":"closed","ping_status":"closed","template":"","meta":{"footnotes":""},"class_list":["post-8770","page","type-page","status-publish","hentry"],"_links":{"self":[{"href":"https:\/\/amplitudmodulada.com.ar\/index.php\/wp-json\/wp\/v2\/pages\/8770","targetHints":{"allow":["GET"]}}],"collection":[{"href":"https:\/\/amplitudmodulada.com.ar\/index.php\/wp-json\/wp\/v2\/pages"}],"about":[{"href":"https:\/\/amplitudmodulada.com.ar\/index.php\/wp-json\/wp\/v2\/types\/page"}],"author":[{"embeddable":true,"href":"https:\/\/amplitudmodulada.com.ar\/index.php\/wp-json\/wp\/v2\/users\/1"}],"replies":[{"embeddable":true,"href":"https:\/\/amplitudmodulada.com.ar\/index.php\/wp-json\/wp\/v2\/comments?post=8770"}],"version-history":[{"count":2,"href":"https:\/\/amplitudmodulada.com.ar\/index.php\/wp-json\/wp\/v2\/pages\/8770\/revisions"}],"predecessor-version":[{"id":8774,"href":"https:\/\/amplitudmodulada.com.ar\/index.php\/wp-json\/wp\/v2\/pages\/8770\/revisions\/8774"}],"wp:attachment":[{"href":"https:\/\/amplitudmodulada.com.ar\/index.php\/wp-json\/wp\/v2\/media?parent=8770"}],"curies":[{"name":"wp","href":"https:\/\/api.w.org\/{rel}","templated":true}]}}