{"id":8795,"date":"2025-09-23T20:25:33","date_gmt":"2025-09-23T23:25:33","guid":{"rendered":"https:\/\/amplitudmodulada.com.ar\/?page_id=8795"},"modified":"2025-09-24T13:29:26","modified_gmt":"2025-09-24T16:29:26","slug":"noticia13887","status":"publish","type":"page","link":"https:\/\/amplitudmodulada.com.ar\/index.php\/noticia13887\/","title":{"rendered":"Cadena 3 afirm\u00f3 que es la mayor generadora de contenidos radiales y audiovisuales del pa\u00eds"},"content":{"rendered":"\n<figure class=\"wp-block-image size-full\"><img loading=\"lazy\" decoding=\"async\" width=\"169\" height=\"55\" src=\"http:\/\/amplitudmodulada.com.ar\/wp-content\/uploads\/2024\/02\/cadena3-e1709142729643.png\" alt=\"\" class=\"wp-image-1072\"\/><\/figure>\n\n\n\n<p>En su portal, Cadena 3 asegur\u00f3 este viernes 25 de julio que es la mayor generadora de contenidos radiales y audiovisuales del pa\u00eds.<\/p>\n\n\n\n<p>La afirmaci\u00f3n de Cadena 3 se produce pocos d\u00edas de conocerse los resultados de la \u00faltima medici\u00f3n de audiencia realizada por Kantar Ibope Media en la ciudad de C\u00f3rdoba y que mostr\u00f3 a esa emisora en el primer lugar.<\/p>\n\n\n\n<p>&#8220;Esta victoria local es apenas una muestra de algo mucho m\u00e1s grande. Somos una red, una voz y una comunidad que recorre toda la Argentina&#8221;, afirm\u00f3 Cadena 3.<\/p>\n\n\n\n<p>En ese sentido, record\u00f3 que &#8220;con 688 emisoras adherentes, presencia en m\u00e1s de ochocientas localidades y tres mil horas mensuales de programaci\u00f3n original, Cadena 3 es hoy la mayor generadora de contenidos radiales y audiovisuales del pa\u00eds&#8221;.<\/p>\n\n\n\n<p>&#8220;Nuestra propuesta es federal, diversa y presente en todos los formatos: AM, FM, Streaming, YouTube, redes sociales, podcast y televisi\u00f3n digital. La interacci\u00f3n con nuestra audiencia es el eje central de nuestras plataformas. Mensualmente alcanzamos los 380 millones de interacciones digitales y llegamos a cinco millones de oyentes en todo el pa\u00eds con un tiempo medio de escucha de m\u00e1s de cuatro horas&#8221;, a\u00f1adi\u00f3 la emisora.<\/p>\n\n\n\n<p>Fuente: <a href=\"http:\/\/www.cadena3.com\" data-type=\"link\" data-id=\"www.cadena3.com\" target=\"_blank\" rel=\"noreferrer noopener\">www.cadena3.com<\/a> | C\u00f3rdoba &#8211; C\u00f3rdoba | 25.07.25<\/p>\n","protected":false},"excerpt":{"rendered":"<p>En su portal, Cadena 3 asegur\u00f3 este viernes 25 de julio que es la mayor generadora de contenidos radiales y audiovisuales del pa\u00eds. La afirmaci\u00f3n de Cadena 3 se produce pocos d\u00edas de conocerse los resultados de la \u00faltima medici\u00f3n de audiencia realizada por Kantar Ibope Media en la ciudad de C\u00f3rdoba y que mostr\u00f3 &hellip; <a href=\"https:\/\/amplitudmodulada.com.ar\/index.php\/noticia13887\/\" class=\"more-link\">Continu\u00e1 leyendo <span class=\"screen-reader-text\">Cadena 3 afirm\u00f3 que es la mayor generadora de contenidos radiales y audiovisuales del pa\u00eds<\/span><\/a><\/p>\n","protected":false},"author":1,"featured_media":0,"parent":0,"menu_order":0,"comment_status":"closed","ping_status":"closed","template":"","meta":{"footnotes":""},"class_list":["post-8795","page","type-page","status-publish","hentry"],"_links":{"self":[{"href":"https:\/\/amplitudmodulada.com.ar\/index.php\/wp-json\/wp\/v2\/pages\/8795","targetHints":{"allow":["GET"]}}],"collection":[{"href":"https:\/\/amplitudmodulada.com.ar\/index.php\/wp-json\/wp\/v2\/pages"}],"about":[{"href":"https:\/\/amplitudmodulada.com.ar\/index.php\/wp-json\/wp\/v2\/types\/page"}],"author":[{"embeddable":true,"href":"https:\/\/amplitudmodulada.com.ar\/index.php\/wp-json\/wp\/v2\/users\/1"}],"replies":[{"embeddable":true,"href":"https:\/\/amplitudmodulada.com.ar\/index.php\/wp-json\/wp\/v2\/comments?post=8795"}],"version-history":[{"count":13,"href":"https:\/\/amplitudmodulada.com.ar\/index.php\/wp-json\/wp\/v2\/pages\/8795\/revisions"}],"predecessor-version":[{"id":8822,"href":"https:\/\/amplitudmodulada.com.ar\/index.php\/wp-json\/wp\/v2\/pages\/8795\/revisions\/8822"}],"wp:attachment":[{"href":"https:\/\/amplitudmodulada.com.ar\/index.php\/wp-json\/wp\/v2\/media?parent=8795"}],"curies":[{"name":"wp","href":"https:\/\/api.w.org\/{rel}","templated":true}]}}