{"id":9114,"date":"2025-10-11T18:31:17","date_gmt":"2025-10-11T21:31:17","guid":{"rendered":"https:\/\/amplitudmodulada.com.ar\/?page_id=9114"},"modified":"2025-10-11T18:40:28","modified_gmt":"2025-10-11T21:40:28","slug":"noticia13929","status":"publish","type":"page","link":"https:\/\/amplitudmodulada.com.ar\/index.php\/noticia13929\/","title":{"rendered":"Dos hist\u00b4oricos conductores de Radio Continental quedaron afuera de su grilla de programaci\u00f3n"},"content":{"rendered":"\n<figure class=\"wp-block-image size-full\"><img loading=\"lazy\" decoding=\"async\" width=\"178\" height=\"51\" src=\"http:\/\/amplitudmodulada.com.ar\/wp-content\/uploads\/2024\/01\/590-e1704494003192.png\" alt=\"\" class=\"wp-image-14\"\/><\/figure>\n\n\n\n<p>Seg\u00fan destaca este martes el dario La Naci\u00f3n, Daniel L\u00f3pez y Jorge El\u00edas, hist\u00f3ricos conductores de LS4 Radio Continental, quedaron afuera de sus grilla de programaci\u00f3n, aunque a\u00fan forman parte de la emisora.<\/p>\n\n\n\n<p>El matutino se\u00f1ala que, d\u00edas atr\u00e1s, ambos conductores leyeron al aire un comunicado acerca de un paro de operadores t\u00e9cnicos de la radio y esa actitud no habr\u00eda gustado a las autoridades de la emisora.<\/p>\n\n\n\n<p>Con treinta y cinco a\u00f1os de trayectoria en la emisora, Daniel L\u00f3pez conduc\u00eda en Radio Continental de lunes a viernes de 7.00 a 10.00 horas &#8220;Primera Hora&#8221;, ciclo que por el momento qued\u00f3 a cargo de Pablo Difonti.<\/p>\n\n\n\n<p>En tanto, Jorge El\u00edas, que lleva dieciocho a\u00f1os en Radio Continental, estaba al frente de &#8220;El Inter\u00edn&#8221;, que se emit\u00eda de lunes a viernes 13.00 a 15.00 horas.<\/p>\n\n\n\n<p>En esa franja horaria, Radio Continental puso al aire desde la semana pasada &#8220;F\u00fatbol Continental. Primera Edici\u00f3n&#8221;, con Santiago Russo.<\/p>\n\n\n\n<p>En febrero de este a\u00f1o la emisora fue adquirida por la productora Tronito, socia del Grupo Octubre.<\/p>\n\n\n\n<p>Fuente: <a href=\"http:\/\/www.lanacion.com.ar\" data-type=\"link\" data-id=\"www.lanacion.com.ar\" target=\"_blank\" rel=\"noreferrer noopener\">www.lanacion.com.ar<\/a> | Ciudad Aut\u00f3noma de Buenos Aires | 19.08.25<\/p>\n\n\n\n<p><\/p>\n\n\n\n<p><\/p>\n","protected":false},"excerpt":{"rendered":"<p>Seg\u00fan destaca este martes el dario La Naci\u00f3n, Daniel L\u00f3pez y Jorge El\u00edas, hist\u00f3ricos conductores de LS4 Radio Continental, quedaron afuera de sus grilla de programaci\u00f3n, aunque a\u00fan forman parte de la emisora. El matutino se\u00f1ala que, d\u00edas atr\u00e1s, ambos conductores leyeron al aire un comunicado acerca de un paro de operadores t\u00e9cnicos de la &hellip; <a href=\"https:\/\/amplitudmodulada.com.ar\/index.php\/noticia13929\/\" class=\"more-link\">Continu\u00e1 leyendo <span class=\"screen-reader-text\">Dos hist\u00b4oricos conductores de Radio Continental quedaron afuera de su grilla de programaci\u00f3n<\/span><\/a><\/p>\n","protected":false},"author":1,"featured_media":0,"parent":0,"menu_order":0,"comment_status":"closed","ping_status":"closed","template":"","meta":{"footnotes":""},"class_list":["post-9114","page","type-page","status-publish","hentry"],"_links":{"self":[{"href":"https:\/\/amplitudmodulada.com.ar\/index.php\/wp-json\/wp\/v2\/pages\/9114","targetHints":{"allow":["GET"]}}],"collection":[{"href":"https:\/\/amplitudmodulada.com.ar\/index.php\/wp-json\/wp\/v2\/pages"}],"about":[{"href":"https:\/\/amplitudmodulada.com.ar\/index.php\/wp-json\/wp\/v2\/types\/page"}],"author":[{"embeddable":true,"href":"https:\/\/amplitudmodulada.com.ar\/index.php\/wp-json\/wp\/v2\/users\/1"}],"replies":[{"embeddable":true,"href":"https:\/\/amplitudmodulada.com.ar\/index.php\/wp-json\/wp\/v2\/comments?post=9114"}],"version-history":[{"count":3,"href":"https:\/\/amplitudmodulada.com.ar\/index.php\/wp-json\/wp\/v2\/pages\/9114\/revisions"}],"predecessor-version":[{"id":9118,"href":"https:\/\/amplitudmodulada.com.ar\/index.php\/wp-json\/wp\/v2\/pages\/9114\/revisions\/9118"}],"wp:attachment":[{"href":"https:\/\/amplitudmodulada.com.ar\/index.php\/wp-json\/wp\/v2\/media?parent=9114"}],"curies":[{"name":"wp","href":"https:\/\/api.w.org\/{rel}","templated":true}]}}