{"id":9357,"date":"2025-10-28T21:45:31","date_gmt":"2025-10-29T00:45:31","guid":{"rendered":"https:\/\/amplitudmodulada.com.ar\/?page_id=9357"},"modified":"2025-10-28T22:01:03","modified_gmt":"2025-10-29T01:01:03","slug":"noticia13962","status":"publish","type":"page","link":"https:\/\/amplitudmodulada.com.ar\/index.php\/noticia13962\/","title":{"rendered":"AM Cumbre recibi\u00f3 la visita del reconocido artista Mart\u00edn Villalba"},"content":{"rendered":"\n<figure class=\"wp-block-image size-full\"><img loading=\"lazy\" decoding=\"async\" width=\"180\" height=\"65\" src=\"http:\/\/amplitudmodulada.com.ar\/wp-content\/uploads\/2024\/05\/LRG202-e1715040887769.png\" alt=\"\" class=\"wp-image-1903\"\/><\/figure>\n\n\n\n<p>En v\u00edspera de su vig\u00e9simo quinto aniversario, LRG202 Radio Cumbre de Neuqu\u00e9n recibi\u00f3 la visita del reconocido artista Mart\u00edn Villalba, quien transform\u00f3 la vereda de la emisora en un espacio lleno de colores y creatividad, dando inicio a un proyecto art\u00edstico que busca destacar la historia y la identidad de la ciudad.<\/p>\n\n\n\n<p>En di\u00e1logo con el programa &#8220;La Sana Costumbre&#8221;, que conducen los periodistas Alejo Villagra y Alejandra Brusain en AM Cumbre, el artista explic\u00f3 que comenzaba su intervenci\u00f3n sin un plan determinado.<\/p>\n\n\n\n<p>&#8220;Hoy empezamos por la vereda, voy a contar un poco la historia de la radio. Reci\u00e9n me preguntaban qu\u00e9 iba a hacer y yo le respond\u00ed que estaba todo en el pincel, yo no tengo idea, pero ir\u00e9 contando algo que tenga que ver con la hermosa historia de la radio, que es tan rica y que a m\u00ed me ha acompa\u00f1ado toda la vida&#8221;, se\u00f1al\u00f3 Mart\u00edn Villalba.<\/p>\n\n\n\n<p>Desde la emisora invitaron a los vecinos a acercarse y a disfrutar de la composici\u00f3n art\u00edstica.<\/p>\n\n\n\n<p>&#8220;Invitamos a todos los oyentes que nos escriben cada d\u00eda, que est\u00e1n presentes, que nos saludan, que nos dejan lindos mensajes, porque nos encantar\u00eda darles un abrazo&#8221;, expresaron.<\/p>\n\n\n\n<p>Fuente: <a href=\"http:\/\/www.alertadigital.ar\" data-type=\"link\" data-id=\"www.alertadigital.ar\" target=\"_blank\" rel=\"noreferrer noopener\">www.alertadigital.ar<\/a> | Neuqu\u00e9n &#8211; Neuqu\u00e9n | 08.09.25 <\/p>\n","protected":false},"excerpt":{"rendered":"<p>En v\u00edspera de su vig\u00e9simo quinto aniversario, LRG202 Radio Cumbre de Neuqu\u00e9n recibi\u00f3 la visita del reconocido artista Mart\u00edn Villalba, quien transform\u00f3 la vereda de la emisora en un espacio lleno de colores y creatividad, dando inicio a un proyecto art\u00edstico que busca destacar la historia y la identidad de la ciudad. En di\u00e1logo con &hellip; <a href=\"https:\/\/amplitudmodulada.com.ar\/index.php\/noticia13962\/\" class=\"more-link\">Continu\u00e1 leyendo <span class=\"screen-reader-text\">AM Cumbre recibi\u00f3 la visita del reconocido artista Mart\u00edn Villalba<\/span><\/a><\/p>\n","protected":false},"author":1,"featured_media":0,"parent":0,"menu_order":0,"comment_status":"closed","ping_status":"closed","template":"","meta":{"footnotes":""},"class_list":["post-9357","page","type-page","status-publish","hentry"],"_links":{"self":[{"href":"https:\/\/amplitudmodulada.com.ar\/index.php\/wp-json\/wp\/v2\/pages\/9357","targetHints":{"allow":["GET"]}}],"collection":[{"href":"https:\/\/amplitudmodulada.com.ar\/index.php\/wp-json\/wp\/v2\/pages"}],"about":[{"href":"https:\/\/amplitudmodulada.com.ar\/index.php\/wp-json\/wp\/v2\/types\/page"}],"author":[{"embeddable":true,"href":"https:\/\/amplitudmodulada.com.ar\/index.php\/wp-json\/wp\/v2\/users\/1"}],"replies":[{"embeddable":true,"href":"https:\/\/amplitudmodulada.com.ar\/index.php\/wp-json\/wp\/v2\/comments?post=9357"}],"version-history":[{"count":3,"href":"https:\/\/amplitudmodulada.com.ar\/index.php\/wp-json\/wp\/v2\/pages\/9357\/revisions"}],"predecessor-version":[{"id":9362,"href":"https:\/\/amplitudmodulada.com.ar\/index.php\/wp-json\/wp\/v2\/pages\/9357\/revisions\/9362"}],"wp:attachment":[{"href":"https:\/\/amplitudmodulada.com.ar\/index.php\/wp-json\/wp\/v2\/media?parent=9357"}],"curies":[{"name":"wp","href":"https:\/\/api.w.org\/{rel}","templated":true}]}}