{"id":9430,"date":"2025-11-01T19:23:18","date_gmt":"2025-11-01T22:23:18","guid":{"rendered":"https:\/\/amplitudmodulada.com.ar\/?page_id=9430"},"modified":"2025-11-01T19:36:41","modified_gmt":"2025-11-01T22:36:41","slug":"noticia13972","status":"publish","type":"page","link":"https:\/\/amplitudmodulada.com.ar\/index.php\/noticia13972\/","title":{"rendered":"Aprueban el presupuesto 2025 de Radio y Televisi\u00f3n Argentina"},"content":{"rendered":"\n<figure class=\"wp-block-image size-full\"><img loading=\"lazy\" decoding=\"async\" width=\"180\" height=\"72\" src=\"http:\/\/amplitudmodulada.com.ar\/wp-content\/uploads\/2024\/08\/rta-e1724708132626.png\" alt=\"\" class=\"wp-image-3275\"\/><\/figure>\n\n\n\n<p>El Ministerio de Econom\u00eda public\u00f3 en el Bolet\u00edn Oficial la aprobaci\u00f3n del presupuesto 2025 de Radio y Televisi\u00f3n Argentina, con un d\u00e9ficit superior a sesenta y cinco mil millones de pesos.<\/p>\n\n\n\n<p>El plan oficial promete relanzar auditorios y unificar contenidos en televisi\u00f3n, radio y plataformas digitales, aunque mientras tanto la Televisi\u00f3n P\u00fablica y Radio Nacional enfrentan denuncias de vaciamiento, censura y p\u00e9rdida de producci\u00f3n federal.<\/p>\n\n\n\n<p>Entre las iniciativas m\u00e1s visibles del plan se destaca de los auditorios de Radio Nacional en Rosario, C\u00f3rdoba y Bariloche, con la idea de transformarlos en polos de producci\u00f3n cultural y art\u00edstica.<\/p>\n\n\n\n<p>Estos espacios tendr\u00e1n como misi\u00f3n integrar la programaci\u00f3n radial con propuestas musicales, teatrales y de espect\u00e1culos en vivo, articulando expresiones locales con la producci\u00f3n federal de Radio y Televisi\u00f3n Argentina.<\/p>\n\n\n\n<p>El plan aprobado por el Ministerio de Econom\u00eda tambi\u00e9n detalla una estrategia comercial orientada a diversificar ingresos.<\/p>\n\n\n\n<p>En ese sentido, planea recomponer la tarifa publicitaria y avanzar en la captaci\u00f3n de nuevos anunciantes.<\/p>\n\n\n\n<p>Asimismo, para el a\u00f1o 2025 Radio y Televisi\u00f3n Argentina proyecta una dotaci\u00f3n total de 2.451 empleados, compuesta por 2.211 trabajadores de planta permanente y 240 temporarios.<\/p>\n\n\n\n<p>10.09.25<\/p>\n","protected":false},"excerpt":{"rendered":"<p>El Ministerio de Econom\u00eda public\u00f3 en el Bolet\u00edn Oficial la aprobaci\u00f3n del presupuesto 2025 de Radio y Televisi\u00f3n Argentina, con un d\u00e9ficit superior a sesenta y cinco mil millones de pesos. El plan oficial promete relanzar auditorios y unificar contenidos en televisi\u00f3n, radio y plataformas digitales, aunque mientras tanto la Televisi\u00f3n P\u00fablica y Radio Nacional &hellip; <a href=\"https:\/\/amplitudmodulada.com.ar\/index.php\/noticia13972\/\" class=\"more-link\">Continu\u00e1 leyendo <span class=\"screen-reader-text\">Aprueban el presupuesto 2025 de Radio y Televisi\u00f3n Argentina<\/span><\/a><\/p>\n","protected":false},"author":1,"featured_media":0,"parent":0,"menu_order":0,"comment_status":"closed","ping_status":"closed","template":"","meta":{"footnotes":""},"class_list":["post-9430","page","type-page","status-publish","hentry"],"_links":{"self":[{"href":"https:\/\/amplitudmodulada.com.ar\/index.php\/wp-json\/wp\/v2\/pages\/9430","targetHints":{"allow":["GET"]}}],"collection":[{"href":"https:\/\/amplitudmodulada.com.ar\/index.php\/wp-json\/wp\/v2\/pages"}],"about":[{"href":"https:\/\/amplitudmodulada.com.ar\/index.php\/wp-json\/wp\/v2\/types\/page"}],"author":[{"embeddable":true,"href":"https:\/\/amplitudmodulada.com.ar\/index.php\/wp-json\/wp\/v2\/users\/1"}],"replies":[{"embeddable":true,"href":"https:\/\/amplitudmodulada.com.ar\/index.php\/wp-json\/wp\/v2\/comments?post=9430"}],"version-history":[{"count":4,"href":"https:\/\/amplitudmodulada.com.ar\/index.php\/wp-json\/wp\/v2\/pages\/9430\/revisions"}],"predecessor-version":[{"id":9437,"href":"https:\/\/amplitudmodulada.com.ar\/index.php\/wp-json\/wp\/v2\/pages\/9430\/revisions\/9437"}],"wp:attachment":[{"href":"https:\/\/amplitudmodulada.com.ar\/index.php\/wp-json\/wp\/v2\/media?parent=9430"}],"curies":[{"name":"wp","href":"https:\/\/api.w.org\/{rel}","templated":true}]}}